{"id":1037,"date":"2023-10-19T15:54:29","date_gmt":"2023-10-19T13:54:29","guid":{"rendered":"https:\/\/sanfeliz.es\/?page_id=1037"},"modified":"2026-03-10T11:05:38","modified_gmt":"2026-03-10T10:05:38","slug":"apartamentos-rurales-san-feliz","status":"publish","type":"page","link":"https:\/\/sanfeliz.es\/en\/apartamentos-rurales-san-feliz\/","title":{"rendered":"Apartamentos rurales San Feliz"},"content":{"rendered":"<div data-elementor-type=\"wp-page\" data-elementor-id=\"1037\" class=\"elementor elementor-1037\" data-elementor-post-type=\"page\">\n\t\t\t\t<div class=\"elementor-element elementor-element-d5cfde3 e-con-full e-flex e-con e-parent\" data-id=\"d5cfde3\" data-element_type=\"container\" data-e-type=\"container\" data-settings=\"{&quot;background_background&quot;:&quot;classic&quot;}\">\n\t\t\t\t<div class=\"elementor-element elementor-element-fd21eee elementor-widget elementor-widget-heading\" data-id=\"fd21eee\" data-element_type=\"widget\" data-e-type=\"widget\" data-widget_type=\"heading.default\">\n\t\t\t\t<div class=\"elementor-widget-container\">\n\t\t\t\t\t<h1 class=\"elementor-heading-title elementor-size-default\">Accommodations<\/h1>\t\t\t\t<\/div>\n\t\t\t\t<\/div>\n\t\t\t\t<\/div>\n\t\t<div class=\"elementor-element elementor-element-76b52626 e-flex e-con-boxed e-con e-parent\" data-id=\"76b52626\" data-element_type=\"container\" data-e-type=\"container\" id=\"apartamentos\" data-settings=\"{&quot;background_background&quot;:&quot;classic&quot;}\">\n\t\t\t\t\t<div class=\"e-con-inner\">\n\t\t<div class=\"elementor-element elementor-element-10e99e1 e-flex e-con-boxed e-con e-child\" data-id=\"10e99e1\" data-element_type=\"container\" data-e-type=\"container\">\n\t\t\t\t\t<div class=\"e-con-inner\">\n\t\t<div class=\"elementor-element elementor-element-7b9d021 e-flex e-con-boxed e-con e-child\" data-id=\"7b9d021\" data-element_type=\"container\" data-e-type=\"container\">\n\t\t\t\t\t<div class=\"e-con-inner\">\n\t\t\t\t<div class=\"elementor-element elementor-element-30e5297 elementor-widget elementor-widget-heading\" data-id=\"30e5297\" data-element_type=\"widget\" data-e-type=\"widget\" data-widget_type=\"heading.default\">\n\t\t\t\t<div class=\"elementor-widget-container\">\n\t\t\t\t\t<h2 class=\"elementor-heading-title elementor-size-xxl\">Rebochal Deluxe Apartment<\/h2>\t\t\t\t<\/div>\n\t\t\t\t<\/div>\n\t\t\t\t<div class=\"elementor-element elementor-element-dee1b38 elementor-widget-divider--view-line elementor-widget elementor-widget-divider\" data-id=\"dee1b38\" data-element_type=\"widget\" data-e-type=\"widget\" data-widget_type=\"divider.default\">\n\t\t\t\t<div class=\"elementor-widget-container\">\n\t\t\t\t\t\t\t<div class=\"elementor-divider\">\n\t\t\t<span class=\"elementor-divider-separator\">\n\t\t\t\t\t\t<\/span>\n\t\t<\/div>\n\t\t\t\t\t\t<\/div>\n\t\t\t\t<\/div>\n\t\t\t\t<div class=\"elementor-element elementor-element-e821880 elementor-widget elementor-widget-text-editor\" data-id=\"e821880\" data-element_type=\"widget\" data-e-type=\"widget\" data-widget_type=\"text-editor.default\">\n\t\t\t\t<div class=\"elementor-widget-container\">\n\t\t\t\t\t\t\t\t\t<p>This two-story rural apartment is an ideal option for those looking for a getaway in a natural environment. It\u2019s typical Asturian architecture, with stone walls and wooden finishes, give it a special charm. With capacity for 4 people, it offers a rustic and cozy atmosphere, perfect for enjoying the tranquility of the mountains.<\/p><p>La amplia terraza cubierta es un lugar perfecto para relajarse mientras se admira la vista de la Sierra del Aramo. Adem\u00e1s, cuenta con mobiliario exterior, un huerto y plantas interiores que a\u00f1aden un toque de frescura al espacio. Para el entretenimiento, hay una librer\u00eda, juegos de mesa, smart TV con Amazon Prime Video y un dispositivo Alexa en el sal\u00f3n, ideal para escuchar m\u00fasica, poner la radio o resolver dudas durante la estancia.<\/p><p>La chimenea de le\u00f1a crea un ambiente c\u00e1lido y acogedor, ideal para las noches. La cocina est\u00e1 completamente equipada, incluyendo varias opciones de cafetera, hervidor de agua, horno, tostadora, microondas&#8230; lo que facilita la preparaci\u00f3n de comidas y bebidas. Tambi\u00e9n se ofrecen amenities como secador de pelo, cubos de reciclaje, champ\u00fa y gel ecol\u00f3gicos para una estancia m\u00e1s c\u00f3moda y sostenible.<\/p><p>El ba\u00f1o cuenta con una ba\u00f1era, perfecta para relajarse despu\u00e9s de un d\u00eda de exploraci\u00f3n.<\/p><p>Es importante mencionar que el apartamento es dogfriendly, lo que lo convierte en una opci\u00f3n excelente para quienes desean viajar con sus amigos peludos. Adem\u00e1s, la disposici\u00f3n de caja fuerte y los enchufes cerca de la cama son una conveniencia adicional.<\/p>\t\t\t\t\t\t\t\t<\/div>\n\t\t\t\t<\/div>\n\t\t\t\t<div class=\"elementor-element elementor-element-7b5112b elementor-align-left elementor-widget elementor-widget-button\" data-id=\"7b5112b\" data-element_type=\"widget\" data-e-type=\"widget\" id=\"btnReservar\" data-widget_type=\"button.default\">\n\t\t\t\t<div class=\"elementor-widget-container\">\n\t\t\t\t\t\t\t\t\t<div class=\"elementor-button-wrapper\">\n\t\t\t\t\t<a class=\"elementor-button elementor-button-link elementor-size-sm\" href=\"https:\/\/sanfeliz.es\/en\/reservas\/reservas.html\/?undefined&amp;id_idioma=1\" id=\"btnReservar\">\n\t\t\t\t\t\t<span class=\"elementor-button-content-wrapper\">\n\t\t\t\t\t\t\t\t\t<span class=\"elementor-button-text\">BOOK NOW<\/span>\n\t\t\t\t\t<\/span>\n\t\t\t\t\t<\/a>\n\t\t\t\t<\/div>\n\t\t\t\t\t\t\t\t<\/div>\n\t\t\t\t<\/div>\n\t\t\t\t\t<\/div>\n\t\t\t\t<\/div>\n\t\t<div class=\"elementor-element elementor-element-1a1985f e-flex e-con-boxed e-con e-child\" data-id=\"1a1985f\" data-element_type=\"container\" data-e-type=\"container\">\n\t\t\t\t\t<div class=\"e-con-inner\">\n\t\t\t\t<div class=\"elementor-element elementor-element-aaa8a50 elementor-pagination-position-outside elementor-widget elementor-widget-image-carousel\" data-id=\"aaa8a50\" data-element_type=\"widget\" data-e-type=\"widget\" data-settings=\"{&quot;slides_to_show&quot;:&quot;1&quot;,&quot;navigation&quot;:&quot;dots&quot;,&quot;speed&quot;:1000,&quot;autoplay&quot;:&quot;yes&quot;,&quot;pause_on_hover&quot;:&quot;yes&quot;,&quot;pause_on_interaction&quot;:&quot;yes&quot;,&quot;autoplay_speed&quot;:5000,&quot;infinite&quot;:&quot;yes&quot;,&quot;effect&quot;:&quot;slide&quot;}\" data-widget_type=\"image-carousel.default\">\n\t\t\t\t<div class=\"elementor-widget-container\">\n\t\t\t\t\t\t\t<div class=\"elementor-image-carousel-wrapper swiper\" role=\"region\" aria-roledescription=\"carousel\" aria-label=\"Carrusel de im\u00e1genes\" dir=\"ltr\">\n\t\t\t<div class=\"elementor-image-carousel swiper-wrapper\" aria-live=\"off\">\n\t\t\t\t\t\t\t\t<div class=\"swiper-slide\" role=\"group\" aria-roledescription=\"slide\" aria-label=\"1 of 9\" data-no-translation-aria-label=\"\"><a data-elementor-open-lightbox=\"yes\" data-elementor-lightbox-slideshow=\"aaa8a50\" data-elementor-lightbox-title=\"rebo1\" data-e-action-hash=\"#elementor-action%3Aaction%3Dlightbox%26settings%3DeyJpZCI6NTg1LCJ1cmwiOiJodHRwczpcL1wvc2FuZmVsaXouZXNcL3dwLWNvbnRlbnRcL3VwbG9hZHNcLzIwMjNcLzEwXC9yZWJvMS5qcGciLCJzbGlkZXNob3ciOiJhYWE4YTUwIn0%3D\" href=\"https:\/\/sanfeliz.es\/wp-content\/uploads\/2023\/10\/rebo1.jpg\"><figure class=\"swiper-slide-inner\"><img decoding=\"async\" class=\"swiper-slide-image\" src=\"https:\/\/sanfeliz.es\/wp-content\/uploads\/2023\/10\/rebo1.jpg\" alt=\"Casa rural en Mieres\" \/><\/figure><\/a><\/div><div class=\"swiper-slide\" role=\"group\" aria-roledescription=\"slide\" aria-label=\"2 of 9\" data-no-translation-aria-label=\"\"><a data-elementor-open-lightbox=\"yes\" data-elementor-lightbox-slideshow=\"aaa8a50\" data-elementor-lightbox-title=\"rebo4\" data-e-action-hash=\"#elementor-action%3Aaction%3Dlightbox%26settings%3DeyJpZCI6NTk1LCJ1cmwiOiJodHRwczpcL1wvc2FuZmVsaXouZXNcL3dwLWNvbnRlbnRcL3VwbG9hZHNcLzIwMjNcLzEwXC9yZWJvNC5qcGciLCJzbGlkZXNob3ciOiJhYWE4YTUwIn0%3D\" href=\"https:\/\/sanfeliz.es\/wp-content\/uploads\/2023\/10\/rebo4.jpg\"><figure class=\"swiper-slide-inner\"><img decoding=\"async\" class=\"swiper-slide-image\" src=\"https:\/\/sanfeliz.es\/wp-content\/uploads\/2023\/10\/rebo4.jpg\" alt=\"Apartamento rural rebochal\" \/><\/figure><\/a><\/div><div class=\"swiper-slide\" role=\"group\" aria-roledescription=\"slide\" aria-label=\"3 of 9\" data-no-translation-aria-label=\"\"><a data-elementor-open-lightbox=\"yes\" data-elementor-lightbox-slideshow=\"aaa8a50\" data-elementor-lightbox-title=\"P1221910\" data-elementor-lightbox-description=\"Sal\u00f3n - comedor del apartamento Rebochal\" data-e-action-hash=\"#elementor-action%3Aaction%3Dlightbox%26settings%3DeyJpZCI6MTg0NywidXJsIjoiaHR0cHM6XC9cL3NhbmZlbGl6LmVzXC93cC1jb250ZW50XC91cGxvYWRzXC8yMDI0XC8wNVwvUDEyMjE5MTAuanBnIiwic2xpZGVzaG93IjoiYWFhOGE1MCJ9\" href=\"https:\/\/sanfeliz.es\/wp-content\/uploads\/2024\/05\/P1221910.jpg\"><figure class=\"swiper-slide-inner\"><img decoding=\"async\" class=\"swiper-slide-image\" src=\"https:\/\/sanfeliz.es\/wp-content\/uploads\/2024\/05\/P1221910.jpg\" alt=\"Casa rural en Asturias\" \/><\/figure><\/a><\/div><div class=\"swiper-slide\" role=\"group\" aria-roledescription=\"slide\" aria-label=\"4 of 9\" data-no-translation-aria-label=\"\"><a data-elementor-open-lightbox=\"yes\" data-elementor-lightbox-slideshow=\"aaa8a50\" data-elementor-lightbox-title=\"P1221864\" data-elementor-lightbox-description=\"Sal\u00f3n del apartamento Rebochal\" data-e-action-hash=\"#elementor-action%3Aaction%3Dlightbox%26settings%3DeyJpZCI6MTg0NiwidXJsIjoiaHR0cHM6XC9cL3NhbmZlbGl6LmVzXC93cC1jb250ZW50XC91cGxvYWRzXC8yMDI0XC8wNVwvUDEyMjE4NjQuanBnIiwic2xpZGVzaG93IjoiYWFhOGE1MCJ9\" href=\"https:\/\/sanfeliz.es\/wp-content\/uploads\/2024\/05\/P1221864.jpg\"><figure class=\"swiper-slide-inner\"><img decoding=\"async\" class=\"swiper-slide-image\" src=\"https:\/\/sanfeliz.es\/wp-content\/uploads\/2024\/05\/P1221864.jpg\" alt=\"Sal\u00f3n de alojamiento rural en Asturias\" \/><\/figure><\/a><\/div><div class=\"swiper-slide\" role=\"group\" aria-roledescription=\"slide\" aria-label=\"5 of 9\" data-no-translation-aria-label=\"\"><a data-elementor-open-lightbox=\"yes\" data-elementor-lightbox-slideshow=\"aaa8a50\" data-elementor-lightbox-title=\"P1221911\" data-elementor-lightbox-description=\"Cocina completamente equipada en el apartamento Rebochal\" data-e-action-hash=\"#elementor-action%3Aaction%3Dlightbox%26settings%3DeyJpZCI6MTg0OCwidXJsIjoiaHR0cHM6XC9cL3NhbmZlbGl6LmVzXC93cC1jb250ZW50XC91cGxvYWRzXC8yMDI0XC8wNVwvUDEyMjE5MTEuanBnIiwic2xpZGVzaG93IjoiYWFhOGE1MCJ9\" href=\"https:\/\/sanfeliz.es\/wp-content\/uploads\/2024\/05\/P1221911.jpg\"><figure class=\"swiper-slide-inner\"><img decoding=\"async\" class=\"swiper-slide-image\" src=\"https:\/\/sanfeliz.es\/wp-content\/uploads\/2024\/05\/P1221911.jpg\" alt=\"Casa rural con cocina en Asturias\" \/><\/figure><\/a><\/div><div class=\"swiper-slide\" role=\"group\" aria-roledescription=\"slide\" aria-label=\"6 of 9\" data-no-translation-aria-label=\"\"><a data-elementor-open-lightbox=\"yes\" data-elementor-lightbox-slideshow=\"aaa8a50\" data-elementor-lightbox-title=\"P1221974\" data-elementor-lightbox-description=\"Habitaci\u00f3n principal del apartamento Rebochal\" data-e-action-hash=\"#elementor-action%3Aaction%3Dlightbox%26settings%3DeyJpZCI6MTg1MiwidXJsIjoiaHR0cHM6XC9cL3NhbmZlbGl6LmVzXC93cC1jb250ZW50XC91cGxvYWRzXC8yMDI0XC8wNVwvUDEyMjE5NzQuanBnIiwic2xpZGVzaG93IjoiYWFhOGE1MCJ9\" href=\"https:\/\/sanfeliz.es\/wp-content\/uploads\/2024\/05\/P1221974.jpg\"><figure class=\"swiper-slide-inner\"><img decoding=\"async\" class=\"swiper-slide-image\" src=\"https:\/\/sanfeliz.es\/wp-content\/uploads\/2024\/05\/P1221974.jpg\" alt=\"Casa rural para 4 personas en Asturias\" \/><\/figure><\/a><\/div><div class=\"swiper-slide\" role=\"group\" aria-roledescription=\"slide\" aria-label=\"7 of 9\" data-no-translation-aria-label=\"\"><a data-elementor-open-lightbox=\"yes\" data-elementor-lightbox-slideshow=\"aaa8a50\" data-elementor-lightbox-title=\"P1221963\" data-elementor-lightbox-description=\"Habitaci\u00f3n principal del apartamento Rebochal con vistas a la Sierra de Bra\u00f1avalera\" data-e-action-hash=\"#elementor-action%3Aaction%3Dlightbox%26settings%3DeyJpZCI6MTg1MSwidXJsIjoiaHR0cHM6XC9cL3NhbmZlbGl6LmVzXC93cC1jb250ZW50XC91cGxvYWRzXC8yMDI0XC8wNVwvUDEyMjE5NjMuanBnIiwic2xpZGVzaG93IjoiYWFhOGE1MCJ9\" href=\"https:\/\/sanfeliz.es\/wp-content\/uploads\/2024\/05\/P1221963.jpg\"><figure class=\"swiper-slide-inner\"><img decoding=\"async\" class=\"swiper-slide-image\" src=\"https:\/\/sanfeliz.es\/wp-content\/uploads\/2024\/05\/P1221963.jpg\" alt=\"Casa rural enfrente de restaurante con Estrella Michelin\" \/><\/figure><\/a><\/div><div class=\"swiper-slide\" role=\"group\" aria-roledescription=\"slide\" aria-label=\"8 of 9\" data-no-translation-aria-label=\"\"><a data-elementor-open-lightbox=\"yes\" data-elementor-lightbox-slideshow=\"aaa8a50\" data-elementor-lightbox-title=\"P1221945\" data-elementor-lightbox-description=\"Habitaci\u00f3n doble en el apartamento Rebochal\" data-e-action-hash=\"#elementor-action%3Aaction%3Dlightbox%26settings%3DeyJpZCI6MTg0OSwidXJsIjoiaHR0cHM6XC9cL3NhbmZlbGl6LmVzXC93cC1jb250ZW50XC91cGxvYWRzXC8yMDI0XC8wNVwvUDEyMjE5NDUuanBnIiwic2xpZGVzaG93IjoiYWFhOGE1MCJ9\" href=\"https:\/\/sanfeliz.es\/wp-content\/uploads\/2024\/05\/P1221945.jpg\"><figure class=\"swiper-slide-inner\"><img decoding=\"async\" class=\"swiper-slide-image\" src=\"https:\/\/sanfeliz.es\/wp-content\/uploads\/2024\/05\/P1221945.jpg\" alt=\"Casa rural para 4 personas\" \/><\/figure><\/a><\/div><div class=\"swiper-slide\" role=\"group\" aria-roledescription=\"slide\" aria-label=\"9 of 9\" data-no-translation-aria-label=\"\"><a data-elementor-open-lightbox=\"yes\" data-elementor-lightbox-slideshow=\"aaa8a50\" data-elementor-lightbox-title=\"P1222001\" data-elementor-lightbox-description=\"Ba\u00f1o del apartamento Rebochal\" data-e-action-hash=\"#elementor-action%3Aaction%3Dlightbox%26settings%3DeyJpZCI6MTg1MywidXJsIjoiaHR0cHM6XC9cL3NhbmZlbGl6LmVzXC93cC1jb250ZW50XC91cGxvYWRzXC8yMDI0XC8wNVwvUDEyMjIwMDEuanBnIiwic2xpZGVzaG93IjoiYWFhOGE1MCJ9\" href=\"https:\/\/sanfeliz.es\/wp-content\/uploads\/2024\/05\/P1222001.jpg\"><figure class=\"swiper-slide-inner\"><img decoding=\"async\" class=\"swiper-slide-image\" src=\"https:\/\/sanfeliz.es\/wp-content\/uploads\/2024\/05\/P1222001.jpg\" alt=\"Casa rural en Asturias\" \/><\/figure><\/a><\/div>\t\t\t<\/div>\n\t\t\t\t\t\t\t\n\t\t\t\t\t\t\t\t\t<div class=\"swiper-pagination\"><\/div>\n\t\t\t\t\t\t\t\t\t<\/div>\n\t\t\t\t\t\t<\/div>\n\t\t\t\t<\/div>\n\t\t\t\t\t<\/div>\n\t\t\t\t<\/div>\n\t\t\t\t\t<\/div>\n\t\t\t\t<\/div>\n\t\t\t\t\t<\/div>\n\t\t\t\t<\/div>\n\t\t<div class=\"elementor-element elementor-element-2c09bf5 e-flex e-con-boxed e-con e-parent\" data-id=\"2c09bf5\" data-element_type=\"container\" data-e-type=\"container\" data-settings=\"{&quot;background_background&quot;:&quot;classic&quot;}\">\n\t\t\t\t\t<div class=\"e-con-inner\">\n\t\t<div class=\"elementor-element elementor-element-0cc0c05 e-flex e-con-boxed e-con e-child\" data-id=\"0cc0c05\" data-element_type=\"container\" data-e-type=\"container\">\n\t\t\t\t\t<div class=\"e-con-inner\">\n\t\t<div class=\"elementor-element elementor-element-3d1e1e3 e-flex e-con-boxed e-con e-child\" data-id=\"3d1e1e3\" data-element_type=\"container\" data-e-type=\"container\">\n\t\t\t\t\t<div class=\"e-con-inner\">\n\t\t\t\t<div class=\"elementor-element elementor-element-d8df3e4 elementor-widget-divider--view-line elementor-widget elementor-widget-divider\" data-id=\"d8df3e4\" data-element_type=\"widget\" data-e-type=\"widget\" data-widget_type=\"divider.default\">\n\t\t\t\t<div class=\"elementor-widget-container\">\n\t\t\t\t\t\t\t<div class=\"elementor-divider\">\n\t\t\t<span class=\"elementor-divider-separator\">\n\t\t\t\t\t\t<\/span>\n\t\t<\/div>\n\t\t\t\t\t\t<\/div>\n\t\t\t\t<\/div>\n\t\t\t\t\t<\/div>\n\t\t\t\t<\/div>\n\t\t\t\t\t<\/div>\n\t\t\t\t<\/div>\n\t\t\t\t\t<\/div>\n\t\t\t\t<\/div>\n\t\t<div class=\"elementor-element elementor-element-23dd5a9 e-flex e-con-boxed e-con e-parent\" data-id=\"23dd5a9\" data-element_type=\"container\" data-e-type=\"container\">\n\t\t\t\t\t<div class=\"e-con-inner\">\n\t\t<div class=\"elementor-element elementor-element-3ff3d0f e-flex e-con-boxed e-con e-child\" data-id=\"3ff3d0f\" data-element_type=\"container\" data-e-type=\"container\">\n\t\t\t\t\t<div class=\"e-con-inner\">\n\t\t<div class=\"elementor-element elementor-element-45fa6ab e-flex e-con-boxed e-con e-child\" data-id=\"45fa6ab\" data-element_type=\"container\" data-e-type=\"container\">\n\t\t\t\t\t<div class=\"e-con-inner\">\n\t\t\t\t<div class=\"elementor-element elementor-element-acb081a elementor-widget elementor-widget-heading\" data-id=\"acb081a\" data-element_type=\"widget\" data-e-type=\"widget\" data-widget_type=\"heading.default\">\n\t\t\t\t<div class=\"elementor-widget-container\">\n\t\t\t\t\t<h2 class=\"elementor-heading-title elementor-size-xxl\">Reguera Cozy Apartment<\/h2>\t\t\t\t<\/div>\n\t\t\t\t<\/div>\n\t\t\t\t<div class=\"elementor-element elementor-element-34a6c3b elementor-widget-divider--view-line elementor-widget elementor-widget-divider\" data-id=\"34a6c3b\" data-element_type=\"widget\" data-e-type=\"widget\" data-widget_type=\"divider.default\">\n\t\t\t\t<div class=\"elementor-widget-container\">\n\t\t\t\t\t\t\t<div class=\"elementor-divider\">\n\t\t\t<span class=\"elementor-divider-separator\">\n\t\t\t\t\t\t<\/span>\n\t\t<\/div>\n\t\t\t\t\t\t<\/div>\n\t\t\t\t<\/div>\n\t\t\t\t<div class=\"elementor-element elementor-element-d3a8889 elementor-widget elementor-widget-text-editor\" data-id=\"d3a8889\" data-element_type=\"widget\" data-e-type=\"widget\" data-widget_type=\"text-editor.default\">\n\t\t\t\t<div class=\"elementor-widget-container\">\n\t\t\t\t\t\t\t\t\t<p>This rural apartment for 3 people is perfect for a getaway in nature. With its typical Asturian architecture and stone walls, it offers an authentic and welcoming atmosphere. The views of the mountains and the covered terrace are ideal for enjoying the landscape.<\/p><p>Adem\u00e1s, est\u00e1 completamente equipado, lo que garantiza una estancia c\u00f3moda. La chimenea de le\u00f1a y los juegos de mesa a\u00f1aden un toque especial para momentos de relax. Tambi\u00e9n es dogfriendly, lo que permite que toda la familia, incluyendo a las mascotas, disfrute de la experiencia.<\/p>\t\t\t\t\t\t\t\t<\/div>\n\t\t\t\t<\/div>\n\t\t\t\t<div class=\"elementor-element elementor-element-9de7d4f elementor-icon-list--layout-traditional elementor-list-item-link-full_width elementor-widget elementor-widget-icon-list\" data-id=\"9de7d4f\" data-element_type=\"widget\" data-e-type=\"widget\" data-widget_type=\"icon-list.default\">\n\t\t\t\t<div class=\"elementor-widget-container\">\n\t\t\t\t\t\t\t<ul class=\"elementor-icon-list-items\">\n\t\t\t\t\t\t\t<li class=\"elementor-icon-list-item\">\n\t\t\t\t\t\t\t\t\t\t\t<span class=\"elementor-icon-list-icon\">\n\t\t\t\t\t\t\t<i aria-hidden=\"true\" class=\"fas fa-check\"><\/i>\t\t\t\t\t\t<\/span>\n\t\t\t\t\t\t\t\t\t\t<span class=\"elementor-icon-list-text\">Terraza privada<\/span>\n\t\t\t\t\t\t\t\t\t<\/li>\n\t\t\t\t\t\t\t\t<li class=\"elementor-icon-list-item\">\n\t\t\t\t\t\t\t\t\t\t\t<span class=\"elementor-icon-list-icon\">\n\t\t\t\t\t\t\t<i aria-hidden=\"true\" class=\"fas fa-check\"><\/i>\t\t\t\t\t\t<\/span>\n\t\t\t\t\t\t\t\t\t\t<span class=\"elementor-icon-list-text\">Outdoor furniture<\/span>\n\t\t\t\t\t\t\t\t\t<\/li>\n\t\t\t\t\t\t\t\t<li class=\"elementor-icon-list-item\">\n\t\t\t\t\t\t\t\t\t\t\t<span class=\"elementor-icon-list-icon\">\n\t\t\t\t\t\t\t<i aria-hidden=\"true\" class=\"fas fa-check\"><\/i>\t\t\t\t\t\t<\/span>\n\t\t\t\t\t\t\t\t\t\t<span class=\"elementor-icon-list-text\">Nesspresso coffee machine<\/span>\n\t\t\t\t\t\t\t\t\t<\/li>\n\t\t\t\t\t\t\t\t<li class=\"elementor-icon-list-item\">\n\t\t\t\t\t\t\t\t\t\t\t<span class=\"elementor-icon-list-icon\">\n\t\t\t\t\t\t\t<i aria-hidden=\"true\" class=\"fas fa-check\"><\/i>\t\t\t\t\t\t<\/span>\n\t\t\t\t\t\t\t\t\t\t<span class=\"elementor-icon-list-text\">Coffee Percolator<\/span>\n\t\t\t\t\t\t\t\t\t<\/li>\n\t\t\t\t\t\t\t\t<li class=\"elementor-icon-list-item\">\n\t\t\t\t\t\t\t\t\t\t\t<span class=\"elementor-icon-list-icon\">\n\t\t\t\t\t\t\t<i aria-hidden=\"true\" class=\"fas fa-check\"><\/i>\t\t\t\t\t\t<\/span>\n\t\t\t\t\t\t\t\t\t\t<span class=\"elementor-icon-list-text\">Hervidor de agua<\/span>\n\t\t\t\t\t\t\t\t\t<\/li>\n\t\t\t\t\t\t\t\t<li class=\"elementor-icon-list-item\">\n\t\t\t\t\t\t\t\t\t\t\t<span class=\"elementor-icon-list-icon\">\n\t\t\t\t\t\t\t<i aria-hidden=\"true\" class=\"fas fa-check\"><\/i>\t\t\t\t\t\t<\/span>\n\t\t\t\t\t\t\t\t\t\t<span class=\"elementor-icon-list-text\">Recycling bins<\/span>\n\t\t\t\t\t\t\t\t\t<\/li>\n\t\t\t\t\t\t\t\t<li class=\"elementor-icon-list-item\">\n\t\t\t\t\t\t\t\t\t\t\t<span class=\"elementor-icon-list-icon\">\n\t\t\t\t\t\t\t<i aria-hidden=\"true\" class=\"fas fa-check\"><\/i>\t\t\t\t\t\t<\/span>\n\t\t\t\t\t\t\t\t\t\t<span class=\"elementor-icon-list-text\">Amenities<\/span>\n\t\t\t\t\t\t\t\t\t<\/li>\n\t\t\t\t\t\t\t\t<li class=\"elementor-icon-list-item\">\n\t\t\t\t\t\t\t\t\t\t\t<span class=\"elementor-icon-list-icon\">\n\t\t\t\t\t\t\t<i aria-hidden=\"true\" class=\"fas fa-check\"><\/i>\t\t\t\t\t\t<\/span>\n\t\t\t\t\t\t\t\t\t\t<span class=\"elementor-icon-list-text\">Champ\u00fa, gel y acondicionador eco<\/span>\n\t\t\t\t\t\t\t\t\t<\/li>\n\t\t\t\t\t\t\t\t<li class=\"elementor-icon-list-item\">\n\t\t\t\t\t\t\t\t\t\t\t<span class=\"elementor-icon-list-icon\">\n\t\t\t\t\t\t\t<i aria-hidden=\"true\" class=\"fas fa-check\"><\/i>\t\t\t\t\t\t<\/span>\n\t\t\t\t\t\t\t\t\t\t<span class=\"elementor-icon-list-text\">Hair dryer<\/span>\n\t\t\t\t\t\t\t\t\t<\/li>\n\t\t\t\t\t\t\t\t<li class=\"elementor-icon-list-item\">\n\t\t\t\t\t\t\t\t\t\t\t<span class=\"elementor-icon-list-icon\">\n\t\t\t\t\t\t\t<i aria-hidden=\"true\" class=\"fas fa-check\"><\/i>\t\t\t\t\t\t<\/span>\n\t\t\t\t\t\t\t\t\t\t<span class=\"elementor-icon-list-text\">Ba\u00f1o con ba\u00f1era<\/span>\n\t\t\t\t\t\t\t\t\t<\/li>\n\t\t\t\t\t\t\t\t<li class=\"elementor-icon-list-item\">\n\t\t\t\t\t\t\t\t\t\t\t<span class=\"elementor-icon-list-icon\">\n\t\t\t\t\t\t\t<i aria-hidden=\"true\" class=\"fas fa-check\"><\/i>\t\t\t\t\t\t<\/span>\n\t\t\t\t\t\t\t\t\t\t<span class=\"elementor-icon-list-text\">Toppers on the beds<\/span>\n\t\t\t\t\t\t\t\t\t<\/li>\n\t\t\t\t\t\t\t\t<li class=\"elementor-icon-list-item\">\n\t\t\t\t\t\t\t\t\t\t\t<span class=\"elementor-icon-list-icon\">\n\t\t\t\t\t\t\t<i aria-hidden=\"true\" class=\"fas fa-check\"><\/i>\t\t\t\t\t\t<\/span>\n\t\t\t\t\t\t\t\t\t\t<span class=\"elementor-icon-list-text\">Plugs near the bed<\/span>\n\t\t\t\t\t\t\t\t\t<\/li>\n\t\t\t\t\t\t<\/ul>\n\t\t\t\t\t\t<\/div>\n\t\t\t\t<\/div>\n\t\t\t\t<div class=\"elementor-element elementor-element-40f614b elementor-align-center elementor-widget elementor-widget-button\" data-id=\"40f614b\" data-element_type=\"widget\" data-e-type=\"widget\" id=\"btnReservar\" data-widget_type=\"button.default\">\n\t\t\t\t<div class=\"elementor-widget-container\">\n\t\t\t\t\t\t\t\t\t<div class=\"elementor-button-wrapper\">\n\t\t\t\t\t<a class=\"elementor-button elementor-button-link elementor-size-sm\" href=\"https:\/\/sanfeliz.es\/en\/reservas\/reservas.html\/?undefined&amp;id_idioma=1\" id=\"btnReservar\">\n\t\t\t\t\t\t<span class=\"elementor-button-content-wrapper\">\n\t\t\t\t\t\t\t\t\t<span class=\"elementor-button-text\">BOOK NOW<\/span>\n\t\t\t\t\t<\/span>\n\t\t\t\t\t<\/a>\n\t\t\t\t<\/div>\n\t\t\t\t\t\t\t\t<\/div>\n\t\t\t\t<\/div>\n\t\t\t\t\t<\/div>\n\t\t\t\t<\/div>\n\t\t<div class=\"elementor-element elementor-element-8bc9b38 e-flex e-con-boxed e-con e-child\" data-id=\"8bc9b38\" data-element_type=\"container\" data-e-type=\"container\">\n\t\t\t\t\t<div class=\"e-con-inner\">\n\t\t\t\t<div class=\"elementor-element elementor-element-0e4e7c3 elementor-pagination-position-outside elementor-widget elementor-widget-image-carousel\" data-id=\"0e4e7c3\" data-element_type=\"widget\" data-e-type=\"widget\" data-settings=\"{&quot;slides_to_show&quot;:&quot;1&quot;,&quot;navigation&quot;:&quot;dots&quot;,&quot;speed&quot;:1000,&quot;autoplay&quot;:&quot;yes&quot;,&quot;pause_on_hover&quot;:&quot;yes&quot;,&quot;pause_on_interaction&quot;:&quot;yes&quot;,&quot;autoplay_speed&quot;:5000,&quot;infinite&quot;:&quot;yes&quot;,&quot;effect&quot;:&quot;slide&quot;}\" data-widget_type=\"image-carousel.default\">\n\t\t\t\t<div class=\"elementor-widget-container\">\n\t\t\t\t\t\t\t<div class=\"elementor-image-carousel-wrapper swiper\" role=\"region\" aria-roledescription=\"carousel\" aria-label=\"Carrusel de im\u00e1genes\" dir=\"ltr\">\n\t\t\t<div class=\"elementor-image-carousel swiper-wrapper\" aria-live=\"off\">\n\t\t\t\t\t\t\t\t<div class=\"swiper-slide\" role=\"group\" aria-roledescription=\"slide\" aria-label=\"1 of 11\" data-no-translation-aria-label=\"\"><a data-elementor-open-lightbox=\"yes\" data-elementor-lightbox-slideshow=\"0e4e7c3\" data-elementor-lightbox-title=\"reguera00\" data-e-action-hash=\"#elementor-action%3Aaction%3Dlightbox%26settings%3DeyJpZCI6NjM2LCJ1cmwiOiJodHRwczpcL1wvc2FuZmVsaXouZXNcL3dwLWNvbnRlbnRcL3VwbG9hZHNcLzIwMjNcLzEwXC9yZWd1ZXJhMDAuanBnIiwic2xpZGVzaG93IjoiMGU0ZTdjMyJ9\" href=\"https:\/\/sanfeliz.es\/wp-content\/uploads\/2023\/10\/reguera00.jpg\"><figure class=\"swiper-slide-inner\"><img decoding=\"async\" class=\"swiper-slide-image\" src=\"https:\/\/sanfeliz.es\/wp-content\/uploads\/2023\/10\/reguera00.jpg\" alt=\"Apartamento rural reguera\" \/><\/figure><\/a><\/div><div class=\"swiper-slide\" role=\"group\" aria-roledescription=\"slide\" aria-label=\"2 of 11\" data-no-translation-aria-label=\"\"><a data-elementor-open-lightbox=\"yes\" data-elementor-lightbox-slideshow=\"0e4e7c3\" data-elementor-lightbox-title=\"reguera10\" data-e-action-hash=\"#elementor-action%3Aaction%3Dlightbox%26settings%3DeyJpZCI6NjM1LCJ1cmwiOiJodHRwczpcL1wvc2FuZmVsaXouZXNcL3dwLWNvbnRlbnRcL3VwbG9hZHNcLzIwMjNcLzEwXC9yZWd1ZXJhMTAuanBnIiwic2xpZGVzaG93IjoiMGU0ZTdjMyJ9\" href=\"https:\/\/sanfeliz.es\/wp-content\/uploads\/2023\/10\/reguera10.jpg\"><figure class=\"swiper-slide-inner\"><img decoding=\"async\" class=\"swiper-slide-image\" src=\"https:\/\/sanfeliz.es\/wp-content\/uploads\/2023\/10\/reguera10.jpg\" alt=\"Apartamento rural reguera\" \/><\/figure><\/a><\/div><div class=\"swiper-slide\" role=\"group\" aria-roledescription=\"slide\" aria-label=\"3 of 11\" data-no-translation-aria-label=\"\"><a data-elementor-open-lightbox=\"yes\" data-elementor-lightbox-slideshow=\"0e4e7c3\" data-elementor-lightbox-title=\"P1221637\" data-elementor-lightbox-description=\"Terraza privada del apartamento Reguera con vistas a la Sierra de Bra\u00f1avalera\" data-e-action-hash=\"#elementor-action%3Aaction%3Dlightbox%26settings%3DeyJpZCI6MTg1NiwidXJsIjoiaHR0cHM6XC9cL3NhbmZlbGl6LmVzXC93cC1jb250ZW50XC91cGxvYWRzXC8yMDI0XC8wNVwvUDEyMjE2MzcuanBnIiwic2xpZGVzaG93IjoiMGU0ZTdjMyJ9\" href=\"https:\/\/sanfeliz.es\/wp-content\/uploads\/2024\/05\/P1221637.jpg\"><figure class=\"swiper-slide-inner\"><img decoding=\"async\" class=\"swiper-slide-image\" src=\"https:\/\/sanfeliz.es\/wp-content\/uploads\/2024\/05\/P1221637.jpg\" alt=\"Casa rural en Asturias con terraza con vistas a las monta\u00f1as\" \/><\/figure><\/a><\/div><div class=\"swiper-slide\" role=\"group\" aria-roledescription=\"slide\" aria-label=\"4 of 11\" data-no-translation-aria-label=\"\"><a data-elementor-open-lightbox=\"yes\" data-elementor-lightbox-slideshow=\"0e4e7c3\" data-elementor-lightbox-title=\"r6\" data-e-action-hash=\"#elementor-action%3Aaction%3Dlightbox%26settings%3DeyJpZCI6NjM5LCJ1cmwiOiJodHRwczpcL1wvc2FuZmVsaXouZXNcL3dwLWNvbnRlbnRcL3VwbG9hZHNcLzIwMjNcLzEwXC9yNi5qcGciLCJzbGlkZXNob3ciOiIwZTRlN2MzIn0%3D\" href=\"https:\/\/sanfeliz.es\/wp-content\/uploads\/2023\/10\/r6.jpg\"><figure class=\"swiper-slide-inner\"><img decoding=\"async\" class=\"swiper-slide-image\" src=\"https:\/\/sanfeliz.es\/wp-content\/uploads\/2023\/10\/r6.jpg\" alt=\"Apartamento rural reguera\" \/><\/figure><\/a><\/div><div class=\"swiper-slide\" role=\"group\" aria-roledescription=\"slide\" aria-label=\"5 of 11\" data-no-translation-aria-label=\"\"><a data-elementor-open-lightbox=\"yes\" data-elementor-lightbox-slideshow=\"0e4e7c3\" data-elementor-lightbox-title=\"r7\" data-e-action-hash=\"#elementor-action%3Aaction%3Dlightbox%26settings%3DeyJpZCI6NjM4LCJ1cmwiOiJodHRwczpcL1wvc2FuZmVsaXouZXNcL3dwLWNvbnRlbnRcL3VwbG9hZHNcLzIwMjNcLzEwXC9yNy5qcGciLCJzbGlkZXNob3ciOiIwZTRlN2MzIn0%3D\" href=\"https:\/\/sanfeliz.es\/wp-content\/uploads\/2023\/10\/r7.jpg\"><figure class=\"swiper-slide-inner\"><img decoding=\"async\" class=\"swiper-slide-image\" src=\"https:\/\/sanfeliz.es\/wp-content\/uploads\/2023\/10\/r7.jpg\" alt=\"Apartamento rural reguera\" \/><\/figure><\/a><\/div><div class=\"swiper-slide\" role=\"group\" aria-roledescription=\"slide\" aria-label=\"6 of 11\" data-no-translation-aria-label=\"\"><a data-elementor-open-lightbox=\"yes\" data-elementor-lightbox-slideshow=\"0e4e7c3\" data-elementor-lightbox-title=\"r8\" data-e-action-hash=\"#elementor-action%3Aaction%3Dlightbox%26settings%3DeyJpZCI6NjM3LCJ1cmwiOiJodHRwczpcL1wvc2FuZmVsaXouZXNcL3dwLWNvbnRlbnRcL3VwbG9hZHNcLzIwMjNcLzEwXC9yOC5qcGciLCJzbGlkZXNob3ciOiIwZTRlN2MzIn0%3D\" href=\"https:\/\/sanfeliz.es\/wp-content\/uploads\/2023\/10\/r8.jpg\"><figure class=\"swiper-slide-inner\"><img decoding=\"async\" class=\"swiper-slide-image\" src=\"https:\/\/sanfeliz.es\/wp-content\/uploads\/2023\/10\/r8.jpg\" alt=\"Apartamento rural reguera\" \/><\/figure><\/a><\/div><div class=\"swiper-slide\" role=\"group\" aria-roledescription=\"slide\" aria-label=\"7 of 11\" data-no-translation-aria-label=\"\"><a data-elementor-open-lightbox=\"yes\" data-elementor-lightbox-slideshow=\"0e4e7c3\" data-elementor-lightbox-title=\"r5\" data-e-action-hash=\"#elementor-action%3Aaction%3Dlightbox%26settings%3DeyJpZCI6NjQwLCJ1cmwiOiJodHRwczpcL1wvc2FuZmVsaXouZXNcL3dwLWNvbnRlbnRcL3VwbG9hZHNcLzIwMjNcLzEwXC9yNS5qcGciLCJzbGlkZXNob3ciOiIwZTRlN2MzIn0%3D\" href=\"https:\/\/sanfeliz.es\/wp-content\/uploads\/2023\/10\/r5.jpg\"><figure class=\"swiper-slide-inner\"><img decoding=\"async\" class=\"swiper-slide-image\" src=\"https:\/\/sanfeliz.es\/wp-content\/uploads\/2023\/10\/r5.jpg\" alt=\"Apartamento rural reguera\" \/><\/figure><\/a><\/div><div class=\"swiper-slide\" role=\"group\" aria-roledescription=\"slide\" aria-label=\"8 of 11\" data-no-translation-aria-label=\"\"><a data-elementor-open-lightbox=\"yes\" data-elementor-lightbox-slideshow=\"0e4e7c3\" data-elementor-lightbox-title=\"P1221775\" data-elementor-lightbox-description=\"Habitaci\u00f3n principal del apartamento Reguera\" data-e-action-hash=\"#elementor-action%3Aaction%3Dlightbox%26settings%3DeyJpZCI6MTg1NCwidXJsIjoiaHR0cHM6XC9cL3NhbmZlbGl6LmVzXC93cC1jb250ZW50XC91cGxvYWRzXC8yMDI0XC8wNVwvUDEyMjE3NzUuanBnIiwic2xpZGVzaG93IjoiMGU0ZTdjMyJ9\" href=\"https:\/\/sanfeliz.es\/wp-content\/uploads\/2024\/05\/P1221775.jpg\"><figure class=\"swiper-slide-inner\"><img decoding=\"async\" class=\"swiper-slide-image\" src=\"https:\/\/sanfeliz.es\/wp-content\/uploads\/2024\/05\/P1221775.jpg\" alt=\"Casa rural en Asturias para 2 o 3 personas\" \/><\/figure><\/a><\/div><div class=\"swiper-slide\" role=\"group\" aria-roledescription=\"slide\" aria-label=\"9 of 11\" data-no-translation-aria-label=\"\"><a data-elementor-open-lightbox=\"yes\" data-elementor-lightbox-slideshow=\"0e4e7c3\" data-elementor-lightbox-title=\"P1221779\" data-elementor-lightbox-description=\"Habitaci\u00f3n principal del apartamento Reguera con vistas a la Sierra de Bra\u00f1avalera\" data-e-action-hash=\"#elementor-action%3Aaction%3Dlightbox%26settings%3DeyJpZCI6MTg1NSwidXJsIjoiaHR0cHM6XC9cL3NhbmZlbGl6LmVzXC93cC1jb250ZW50XC91cGxvYWRzXC8yMDI0XC8wNVwvUDEyMjE3NzkuanBnIiwic2xpZGVzaG93IjoiMGU0ZTdjMyJ9\" href=\"https:\/\/sanfeliz.es\/wp-content\/uploads\/2024\/05\/P1221779.jpg\"><figure class=\"swiper-slide-inner\"><img decoding=\"async\" class=\"swiper-slide-image\" src=\"https:\/\/sanfeliz.es\/wp-content\/uploads\/2024\/05\/P1221779.jpg\" alt=\"Casa rural en Asturias para 2 o 3 personas\" \/><\/figure><\/a><\/div><div class=\"swiper-slide\" role=\"group\" aria-roledescription=\"slide\" aria-label=\"10 of 11\" data-no-translation-aria-label=\"\"><a data-elementor-open-lightbox=\"yes\" data-elementor-lightbox-slideshow=\"0e4e7c3\" data-elementor-lightbox-title=\"P1221751\" data-elementor-lightbox-description=\"Habitaci\u00f3n individual en apartamento Reguera\" data-e-action-hash=\"#elementor-action%3Aaction%3Dlightbox%26settings%3DeyJpZCI6MTg1NywidXJsIjoiaHR0cHM6XC9cL3NhbmZlbGl6LmVzXC93cC1jb250ZW50XC91cGxvYWRzXC8yMDI0XC8wNVwvUDEyMjE3NTEuanBnIiwic2xpZGVzaG93IjoiMGU0ZTdjMyJ9\" href=\"https:\/\/sanfeliz.es\/wp-content\/uploads\/2024\/05\/P1221751.jpg\"><figure class=\"swiper-slide-inner\"><img decoding=\"async\" class=\"swiper-slide-image\" src=\"https:\/\/sanfeliz.es\/wp-content\/uploads\/2024\/05\/P1221751.jpg\" alt=\"Casa rural en Asturias para 3 personas\" \/><\/figure><\/a><\/div><div class=\"swiper-slide\" role=\"group\" aria-roledescription=\"slide\" aria-label=\"11 of 11\" data-no-translation-aria-label=\"\"><a data-elementor-open-lightbox=\"yes\" data-elementor-lightbox-slideshow=\"0e4e7c3\" data-elementor-lightbox-title=\"r1\" data-e-action-hash=\"#elementor-action%3Aaction%3Dlightbox%26settings%3DeyJpZCI6NjQ0LCJ1cmwiOiJodHRwczpcL1wvc2FuZmVsaXouZXNcL3dwLWNvbnRlbnRcL3VwbG9hZHNcLzIwMjNcLzEwXC9yMS5qcGciLCJzbGlkZXNob3ciOiIwZTRlN2MzIn0%3D\" href=\"https:\/\/sanfeliz.es\/wp-content\/uploads\/2023\/10\/r1.jpg\"><figure class=\"swiper-slide-inner\"><img decoding=\"async\" class=\"swiper-slide-image\" src=\"https:\/\/sanfeliz.es\/wp-content\/uploads\/2023\/10\/r1.jpg\" alt=\"Aseos San Feliz Rural\" \/><\/figure><\/a><\/div>\t\t\t<\/div>\n\t\t\t\t\t\t\t\n\t\t\t\t\t\t\t\t\t<div class=\"swiper-pagination\"><\/div>\n\t\t\t\t\t\t\t\t\t<\/div>\n\t\t\t\t\t\t<\/div>\n\t\t\t\t<\/div>\n\t\t\t\t\t<\/div>\n\t\t\t\t<\/div>\n\t\t\t\t\t<\/div>\n\t\t\t\t<\/div>\n\t\t\t\t\t<\/div>\n\t\t\t\t<\/div>\n\t\t<div class=\"elementor-element elementor-element-2fb4c15 e-flex e-con-boxed e-con e-parent\" data-id=\"2fb4c15\" data-element_type=\"container\" data-e-type=\"container\">\n\t\t\t\t\t<div class=\"e-con-inner\">\n\t\t<div class=\"elementor-element elementor-element-50eef8e e-flex e-con-boxed e-con e-child\" data-id=\"50eef8e\" data-element_type=\"container\" data-e-type=\"container\">\n\t\t\t\t\t<div class=\"e-con-inner\">\n\t\t<div class=\"elementor-element elementor-element-f2775f1 e-flex e-con-boxed e-con e-child\" data-id=\"f2775f1\" data-element_type=\"container\" data-e-type=\"container\">\n\t\t\t\t\t<div class=\"e-con-inner\">\n\t\t\t\t<div class=\"elementor-element elementor-element-b6e23a2 elementor-widget-divider--view-line elementor-widget elementor-widget-divider\" data-id=\"b6e23a2\" data-element_type=\"widget\" data-e-type=\"widget\" data-widget_type=\"divider.default\">\n\t\t\t\t<div class=\"elementor-widget-container\">\n\t\t\t\t\t\t\t<div class=\"elementor-divider\">\n\t\t\t<span class=\"elementor-divider-separator\">\n\t\t\t\t\t\t<\/span>\n\t\t<\/div>\n\t\t\t\t\t\t<\/div>\n\t\t\t\t<\/div>\n\t\t\t\t\t<\/div>\n\t\t\t\t<\/div>\n\t\t\t\t\t<\/div>\n\t\t\t\t<\/div>\n\t\t\t\t\t<\/div>\n\t\t\t\t<\/div>\n\t\t<div class=\"elementor-element elementor-element-71cfbdf e-flex e-con-boxed e-con e-parent\" data-id=\"71cfbdf\" data-element_type=\"container\" data-e-type=\"container\">\n\t\t\t\t\t<div class=\"e-con-inner\">\n\t\t<div class=\"elementor-element elementor-element-f09b305 e-flex e-con-boxed e-con e-child\" data-id=\"f09b305\" data-element_type=\"container\" data-e-type=\"container\">\n\t\t\t\t\t<div class=\"e-con-inner\">\n\t\t<div class=\"elementor-element elementor-element-8007760 e-flex e-con-boxed e-con e-child\" data-id=\"8007760\" data-element_type=\"container\" data-e-type=\"container\">\n\t\t\t\t\t<div class=\"e-con-inner\">\n\t\t\t\t<div class=\"elementor-element elementor-element-e831093 elementor-widget elementor-widget-heading\" data-id=\"e831093\" data-element_type=\"widget\" data-e-type=\"widget\" data-widget_type=\"heading.default\">\n\t\t\t\t<div class=\"elementor-widget-container\">\n\t\t\t\t\t<h2 class=\"elementor-heading-title elementor-size-xxl\">Rib\u00f3 Standard Apartment<\/h2>\t\t\t\t<\/div>\n\t\t\t\t<\/div>\n\t\t\t\t<div class=\"elementor-element elementor-element-32e662b elementor-widget-divider--view-line elementor-widget elementor-widget-divider\" data-id=\"32e662b\" data-element_type=\"widget\" data-e-type=\"widget\" data-widget_type=\"divider.default\">\n\t\t\t\t<div class=\"elementor-widget-container\">\n\t\t\t\t\t\t\t<div class=\"elementor-divider\">\n\t\t\t<span class=\"elementor-divider-separator\">\n\t\t\t\t\t\t<\/span>\n\t\t<\/div>\n\t\t\t\t\t\t<\/div>\n\t\t\t\t<\/div>\n\t\t\t\t<div class=\"elementor-element elementor-element-ac64ace elementor-widget elementor-widget-text-editor\" data-id=\"ac64ace\" data-element_type=\"widget\" data-e-type=\"widget\" data-widget_type=\"text-editor.default\">\n\t\t\t\t<div class=\"elementor-widget-container\">\n\t\t\t\t\t\t\t\t\t<p>This two-story rural apartment is a charming option for those looking for a getaway in a natural environment. It\u2019s typical Asturian architecture, with stone walls and wooden finishes, give it a rustic and cozy character. With capacity for 4 people, it is ideal for families or groups of friends.<\/p><p>Adem\u00e1s de las impresionantes vistas a las monta\u00f1as, el apartamento cuenta con una variedad de comodidades que aseguran una estancia confortable. Desde una chimenea de le\u00f1a para disfrutar de las noches m\u00e1s frescas, hasta una cocina completamente equipada y diferentes opciones de cafeteras y hervidor de agua, todo est\u00e1 pensado para que te sientas como en casa. Tambi\u00e9n hay una librer\u00eda y juegos de mesa para entretenimiento, y es dogfriendly, lo que lo hace a\u00fan m\u00e1s atractivo para los amantes de los animales.<\/p>\t\t\t\t\t\t\t\t<\/div>\n\t\t\t\t<\/div>\n\t\t\t\t<div class=\"elementor-element elementor-element-4e249ba elementor-icon-list--layout-traditional elementor-list-item-link-full_width elementor-widget elementor-widget-icon-list\" data-id=\"4e249ba\" data-element_type=\"widget\" data-e-type=\"widget\" data-widget_type=\"icon-list.default\">\n\t\t\t\t<div class=\"elementor-widget-container\">\n\t\t\t\t\t\t\t<ul class=\"elementor-icon-list-items\">\n\t\t\t\t\t\t\t<li class=\"elementor-icon-list-item\">\n\t\t\t\t\t\t\t\t\t\t\t<span class=\"elementor-icon-list-icon\">\n\t\t\t\t\t\t\t<i aria-hidden=\"true\" class=\"fas fa-check\"><\/i>\t\t\t\t\t\t<\/span>\n\t\t\t\t\t\t\t\t\t\t<span class=\"elementor-icon-list-text\">\u201cAntojana\u201d with views of the Sierra del Aramo<\/span>\n\t\t\t\t\t\t\t\t\t<\/li>\n\t\t\t\t\t\t\t\t<li class=\"elementor-icon-list-item\">\n\t\t\t\t\t\t\t\t\t\t\t<span class=\"elementor-icon-list-icon\">\n\t\t\t\t\t\t\t<i aria-hidden=\"true\" class=\"fas fa-check\"><\/i>\t\t\t\t\t\t<\/span>\n\t\t\t\t\t\t\t\t\t\t<span class=\"elementor-icon-list-text\">Recycling bins<\/span>\n\t\t\t\t\t\t\t\t\t<\/li>\n\t\t\t\t\t\t\t\t<li class=\"elementor-icon-list-item\">\n\t\t\t\t\t\t\t\t\t\t\t<span class=\"elementor-icon-list-icon\">\n\t\t\t\t\t\t\t<i aria-hidden=\"true\" class=\"fas fa-check\"><\/i>\t\t\t\t\t\t<\/span>\n\t\t\t\t\t\t\t\t\t\t<span class=\"elementor-icon-list-text\">Amenities<\/span>\n\t\t\t\t\t\t\t\t\t<\/li>\n\t\t\t\t\t\t\t\t<li class=\"elementor-icon-list-item\">\n\t\t\t\t\t\t\t\t\t\t\t<span class=\"elementor-icon-list-icon\">\n\t\t\t\t\t\t\t<i aria-hidden=\"true\" class=\"fas fa-check\"><\/i>\t\t\t\t\t\t<\/span>\n\t\t\t\t\t\t\t\t\t\t<span class=\"elementor-icon-list-text\">Hair dryer<\/span>\n\t\t\t\t\t\t\t\t\t<\/li>\n\t\t\t\t\t\t\t\t<li class=\"elementor-icon-list-item\">\n\t\t\t\t\t\t\t\t\t\t\t<span class=\"elementor-icon-list-icon\">\n\t\t\t\t\t\t\t<i aria-hidden=\"true\" class=\"fas fa-check\"><\/i>\t\t\t\t\t\t<\/span>\n\t\t\t\t\t\t\t\t\t\t<span class=\"elementor-icon-list-text\">Champ\u00fa, gel y acondicionador eco<\/span>\n\t\t\t\t\t\t\t\t\t<\/li>\n\t\t\t\t\t\t\t\t<li class=\"elementor-icon-list-item\">\n\t\t\t\t\t\t\t\t\t\t\t<span class=\"elementor-icon-list-icon\">\n\t\t\t\t\t\t\t<i aria-hidden=\"true\" class=\"fas fa-check\"><\/i>\t\t\t\t\t\t<\/span>\n\t\t\t\t\t\t\t\t\t\t<span class=\"elementor-icon-list-text\">Ba\u00f1o con ba\u00f1era<\/span>\n\t\t\t\t\t\t\t\t\t<\/li>\n\t\t\t\t\t\t\t\t<li class=\"elementor-icon-list-item\">\n\t\t\t\t\t\t\t\t\t\t\t<span class=\"elementor-icon-list-icon\">\n\t\t\t\t\t\t\t<i aria-hidden=\"true\" class=\"fas fa-check\"><\/i>\t\t\t\t\t\t<\/span>\n\t\t\t\t\t\t\t\t\t\t<span class=\"elementor-icon-list-text\">Plugs near the bed<\/span>\n\t\t\t\t\t\t\t\t\t<\/li>\n\t\t\t\t\t\t<\/ul>\n\t\t\t\t\t\t<\/div>\n\t\t\t\t<\/div>\n\t\t\t\t<div class=\"elementor-element elementor-element-1e295b1 elementor-align-center elementor-widget elementor-widget-button\" data-id=\"1e295b1\" data-element_type=\"widget\" data-e-type=\"widget\" id=\"btnReservar\" data-widget_type=\"button.default\">\n\t\t\t\t<div class=\"elementor-widget-container\">\n\t\t\t\t\t\t\t\t\t<div class=\"elementor-button-wrapper\">\n\t\t\t\t\t<a class=\"elementor-button elementor-button-link elementor-size-sm\" href=\"https:\/\/sanfeliz.es\/en\/reservas\/reservas.html\/?undefined&amp;id_idioma=1\" id=\"btnReservar\">\n\t\t\t\t\t\t<span class=\"elementor-button-content-wrapper\">\n\t\t\t\t\t\t\t\t\t<span class=\"elementor-button-text\">BOOK NOW<\/span>\n\t\t\t\t\t<\/span>\n\t\t\t\t\t<\/a>\n\t\t\t\t<\/div>\n\t\t\t\t\t\t\t\t<\/div>\n\t\t\t\t<\/div>\n\t\t\t\t\t<\/div>\n\t\t\t\t<\/div>\n\t\t<div class=\"elementor-element elementor-element-27e92f6 e-flex e-con-boxed e-con e-child\" data-id=\"27e92f6\" data-element_type=\"container\" data-e-type=\"container\">\n\t\t\t\t\t<div class=\"e-con-inner\">\n\t\t\t\t<div class=\"elementor-element elementor-element-23f2048 elementor-pagination-position-outside elementor-widget elementor-widget-image-carousel\" data-id=\"23f2048\" data-element_type=\"widget\" data-e-type=\"widget\" data-settings=\"{&quot;slides_to_show&quot;:&quot;1&quot;,&quot;navigation&quot;:&quot;dots&quot;,&quot;speed&quot;:1000,&quot;autoplay&quot;:&quot;yes&quot;,&quot;pause_on_hover&quot;:&quot;yes&quot;,&quot;pause_on_interaction&quot;:&quot;yes&quot;,&quot;autoplay_speed&quot;:5000,&quot;infinite&quot;:&quot;yes&quot;,&quot;effect&quot;:&quot;slide&quot;}\" data-widget_type=\"image-carousel.default\">\n\t\t\t\t<div class=\"elementor-widget-container\">\n\t\t\t\t\t\t\t<div class=\"elementor-image-carousel-wrapper swiper\" role=\"region\" aria-roledescription=\"carousel\" aria-label=\"Carrusel de im\u00e1genes\" dir=\"ltr\">\n\t\t\t<div class=\"elementor-image-carousel swiper-wrapper\" aria-live=\"off\">\n\t\t\t\t\t\t\t\t<div class=\"swiper-slide\" role=\"group\" aria-roledescription=\"slide\" aria-label=\"1 of 7\" data-no-translation-aria-label=\"\"><a data-elementor-open-lightbox=\"yes\" data-elementor-lightbox-slideshow=\"23f2048\" data-elementor-lightbox-title=\"P1221525\" data-elementor-lightbox-description=\"Sal\u00f3n - comedor del apartamento Rib\u00f3\" data-e-action-hash=\"#elementor-action%3Aaction%3Dlightbox%26settings%3DeyJpZCI6MTg2NCwidXJsIjoiaHR0cHM6XC9cL3NhbmZlbGl6LmVzXC93cC1jb250ZW50XC91cGxvYWRzXC8yMDI0XC8wNVwvUDEyMjE1MjUuanBnIiwic2xpZGVzaG93IjoiMjNmMjA0OCJ9\" href=\"https:\/\/sanfeliz.es\/wp-content\/uploads\/2024\/05\/P1221525.jpg\"><figure class=\"swiper-slide-inner\"><img decoding=\"async\" class=\"swiper-slide-image\" src=\"https:\/\/sanfeliz.es\/wp-content\/uploads\/2024\/05\/P1221525.jpg\" alt=\"Casa rural en Asturias\" \/><\/figure><\/a><\/div><div class=\"swiper-slide\" role=\"group\" aria-roledescription=\"slide\" aria-label=\"2 of 7\" data-no-translation-aria-label=\"\"><a data-elementor-open-lightbox=\"yes\" data-elementor-lightbox-slideshow=\"23f2048\" data-elementor-lightbox-title=\"P1221612\" data-elementor-lightbox-description=\"Sal\u00f3n - comedor del apartamento Rib\u00f3\" data-e-action-hash=\"#elementor-action%3Aaction%3Dlightbox%26settings%3DeyJpZCI6MTg1OSwidXJsIjoiaHR0cHM6XC9cL3NhbmZlbGl6LmVzXC93cC1jb250ZW50XC91cGxvYWRzXC8yMDI0XC8wNVwvUDEyMjE2MTIuanBnIiwic2xpZGVzaG93IjoiMjNmMjA0OCJ9\" href=\"https:\/\/sanfeliz.es\/wp-content\/uploads\/2024\/05\/P1221612.jpg\"><figure class=\"swiper-slide-inner\"><img decoding=\"async\" class=\"swiper-slide-image\" src=\"https:\/\/sanfeliz.es\/wp-content\/uploads\/2024\/05\/P1221612.jpg\" alt=\"Casa rural en Asturias\" \/><\/figure><\/a><\/div><div class=\"swiper-slide\" role=\"group\" aria-roledescription=\"slide\" aria-label=\"3 of 7\" data-no-translation-aria-label=\"\"><a data-elementor-open-lightbox=\"yes\" data-elementor-lightbox-slideshow=\"23f2048\" data-elementor-lightbox-title=\"P1221537\" data-elementor-lightbox-description=\"Comedor y cocina del Apartamento Rib\u00f3\" data-e-action-hash=\"#elementor-action%3Aaction%3Dlightbox%26settings%3DeyJpZCI6MTg2MywidXJsIjoiaHR0cHM6XC9cL3NhbmZlbGl6LmVzXC93cC1jb250ZW50XC91cGxvYWRzXC8yMDI0XC8wNVwvUDEyMjE1MzcuanBnIiwic2xpZGVzaG93IjoiMjNmMjA0OCJ9\" href=\"https:\/\/sanfeliz.es\/wp-content\/uploads\/2024\/05\/P1221537.jpg\"><figure class=\"swiper-slide-inner\"><img decoding=\"async\" class=\"swiper-slide-image\" src=\"https:\/\/sanfeliz.es\/wp-content\/uploads\/2024\/05\/P1221537.jpg\" alt=\"Cocina completamente equipada en casa rural en Asturias\" \/><\/figure><\/a><\/div><div class=\"swiper-slide\" role=\"group\" aria-roledescription=\"slide\" aria-label=\"4 of 7\" data-no-translation-aria-label=\"\"><a data-elementor-open-lightbox=\"yes\" data-elementor-lightbox-slideshow=\"23f2048\" data-elementor-lightbox-title=\"P1221579\" data-elementor-lightbox-description=\"Habitaci\u00f3n principal del apartamento Rib\u00f3\" data-e-action-hash=\"#elementor-action%3Aaction%3Dlightbox%26settings%3DeyJpZCI6MTg2MSwidXJsIjoiaHR0cHM6XC9cL3NhbmZlbGl6LmVzXC93cC1jb250ZW50XC91cGxvYWRzXC8yMDI0XC8wNVwvUDEyMjE1NzkuanBnIiwic2xpZGVzaG93IjoiMjNmMjA0OCJ9\" href=\"https:\/\/sanfeliz.es\/wp-content\/uploads\/2024\/05\/P1221579.jpg\"><figure class=\"swiper-slide-inner\"><img decoding=\"async\" class=\"swiper-slide-image\" src=\"https:\/\/sanfeliz.es\/wp-content\/uploads\/2024\/05\/P1221579.jpg\" alt=\"Alojamiento rural para cuatro personas en Asturias\" \/><\/figure><\/a><\/div><div class=\"swiper-slide\" role=\"group\" aria-roledescription=\"slide\" aria-label=\"5 of 7\" data-no-translation-aria-label=\"\"><a data-elementor-open-lightbox=\"yes\" data-elementor-lightbox-slideshow=\"23f2048\" data-elementor-lightbox-title=\"P1221566\" data-elementor-lightbox-description=\"Ba\u00f1o de Apartamento Rib\u00f3\" data-e-action-hash=\"#elementor-action%3Aaction%3Dlightbox%26settings%3DeyJpZCI6MTg2MiwidXJsIjoiaHR0cHM6XC9cL3NhbmZlbGl6LmVzXC93cC1jb250ZW50XC91cGxvYWRzXC8yMDI0XC8wNVwvUDEyMjE1NjYuanBnIiwic2xpZGVzaG93IjoiMjNmMjA0OCJ9\" href=\"https:\/\/sanfeliz.es\/wp-content\/uploads\/2024\/05\/P1221566.jpg\"><figure class=\"swiper-slide-inner\"><img decoding=\"async\" class=\"swiper-slide-image\" src=\"https:\/\/sanfeliz.es\/wp-content\/uploads\/2024\/05\/P1221566.jpg\" alt=\"Ba\u00f1o en casa rural\" \/><\/figure><\/a><\/div><div class=\"swiper-slide\" role=\"group\" aria-roledescription=\"slide\" aria-label=\"6 of 7\" data-no-translation-aria-label=\"\"><a data-elementor-open-lightbox=\"yes\" data-elementor-lightbox-slideshow=\"23f2048\" data-elementor-lightbox-title=\"P1221616\" data-elementor-lightbox-description=\"Antojana con vistas a la Sierra del Aramo del apartamento Rib\u00f3\" data-e-action-hash=\"#elementor-action%3Aaction%3Dlightbox%26settings%3DeyJpZCI6MTg1OCwidXJsIjoiaHR0cHM6XC9cL3NhbmZlbGl6LmVzXC93cC1jb250ZW50XC91cGxvYWRzXC8yMDI0XC8wNVwvUDEyMjE2MTYuanBnIiwic2xpZGVzaG93IjoiMjNmMjA0OCJ9\" href=\"https:\/\/sanfeliz.es\/wp-content\/uploads\/2024\/05\/P1221616.jpg\"><figure class=\"swiper-slide-inner\"><img decoding=\"async\" class=\"swiper-slide-image\" src=\"https:\/\/sanfeliz.es\/wp-content\/uploads\/2024\/05\/P1221616.jpg\" alt=\"Casa rural en Asturias con vistas a las monta\u00f1as\" \/><\/figure><\/a><\/div><div class=\"swiper-slide\" role=\"group\" aria-roledescription=\"slide\" aria-label=\"7 of 7\" data-no-translation-aria-label=\"\"><a data-elementor-open-lightbox=\"yes\" data-elementor-lightbox-slideshow=\"23f2048\" data-elementor-lightbox-title=\"P1221630\" data-elementor-lightbox-description=\"Alojamientos rurales en Asturias\" data-e-action-hash=\"#elementor-action%3Aaction%3Dlightbox%26settings%3DeyJpZCI6MTg2NSwidXJsIjoiaHR0cHM6XC9cL3NhbmZlbGl6LmVzXC93cC1jb250ZW50XC91cGxvYWRzXC8yMDI0XC8wNVwvUDEyMjE2MzAuanBnIiwic2xpZGVzaG93IjoiMjNmMjA0OCJ9\" href=\"https:\/\/sanfeliz.es\/wp-content\/uploads\/2024\/05\/P1221630.jpg\"><figure class=\"swiper-slide-inner\"><img decoding=\"async\" class=\"swiper-slide-image\" src=\"https:\/\/sanfeliz.es\/wp-content\/uploads\/2024\/05\/P1221630.jpg\" alt=\"Casa rural cerca de Oviedo\" \/><\/figure><\/a><\/div>\t\t\t<\/div>\n\t\t\t\t\t\t\t\n\t\t\t\t\t\t\t\t\t<div class=\"swiper-pagination\"><\/div>\n\t\t\t\t\t\t\t\t\t<\/div>\n\t\t\t\t\t\t<\/div>\n\t\t\t\t<\/div>\n\t\t\t\t\t<\/div>\n\t\t\t\t<\/div>\n\t\t\t\t\t<\/div>\n\t\t\t\t<\/div>\n\t\t<div class=\"elementor-element elementor-element-23b1ae6 e-con-full e-flex e-con e-child\" data-id=\"23b1ae6\" data-element_type=\"container\" data-e-type=\"container\">\n\t\t<div class=\"elementor-element elementor-element-afe3e1f e-con-full e-flex e-con e-child\" data-id=\"afe3e1f\" data-element_type=\"container\" data-e-type=\"container\">\n\t\t\t\t<div class=\"elementor-element elementor-element-7169d64 elementor-widget elementor-widget-spacer\" data-id=\"7169d64\" data-element_type=\"widget\" data-e-type=\"widget\" data-widget_type=\"spacer.default\">\n\t\t\t\t<div class=\"elementor-widget-container\">\n\t\t\t\t\t\t\t<div class=\"elementor-spacer\">\n\t\t\t<div class=\"elementor-spacer-inner\"><\/div>\n\t\t<\/div>\n\t\t\t\t\t\t<\/div>\n\t\t\t\t<\/div>\n\t\t\t\t<div class=\"elementor-element elementor-element-bd5dc9c elementor-widget elementor-widget-heading\" data-id=\"bd5dc9c\" data-element_type=\"widget\" data-e-type=\"widget\" data-widget_type=\"heading.default\">\n\t\t\t\t<div class=\"elementor-widget-container\">\n\t\t\t\t\t<h2 class=\"elementor-heading-title elementor-size-default\">PREGUNTAS FRECUENTES<\/h2>\t\t\t\t<\/div>\n\t\t\t\t<\/div>\n\t\t\t\t<div class=\"elementor-element elementor-element-5d4e7e2 elementor-widget elementor-widget-n-accordion\" data-id=\"5d4e7e2\" data-element_type=\"widget\" data-e-type=\"widget\" data-settings=\"{&quot;default_state&quot;:&quot;expanded&quot;,&quot;max_items_expended&quot;:&quot;one&quot;,&quot;n_accordion_animation_duration&quot;:{&quot;unit&quot;:&quot;ms&quot;,&quot;size&quot;:400,&quot;sizes&quot;:[]}}\" data-widget_type=\"nested-accordion.default\">\n\t\t\t\t<div class=\"elementor-widget-container\">\n\t\t\t\t\t\t\t<div class=\"e-n-accordion\" aria-label=\"Accordion. Open links with Enter or Space, close with Escape, and navigate with Arrow Keys\">\n\t\t\t\t\t\t<details id=\"e-n-accordion-item-9780\" class=\"e-n-accordion-item\" open>\n\t\t\t\t<summary class=\"e-n-accordion-item-title\" data-accordion-index=\"1\" tabindex=\"0\" aria-expanded=\"true\" aria-controls=\"e-n-accordion-item-9780\" >\n\t\t\t\t\t<span class='e-n-accordion-item-title-header'><div class=\"e-n-accordion-item-title-text\"> 1. \u00bfQu\u00e9 ventajas ofrecen nuestros apartamentos rurales en Asturias? <\/div><\/span>\n\t\t\t\t\t\t\t<span class='e-n-accordion-item-title-icon'>\n\t\t\t<span class='e-opened' ><i aria-hidden=\"true\" class=\"fas fa-minus\"><\/i><\/span>\n\t\t\t<span class='e-closed'><i aria-hidden=\"true\" class=\"fas fa-plus\"><\/i><\/span>\n\t\t<\/span>\n\n\t\t\t\t\t\t<\/summary>\n\t\t\t\t<div role=\"region\" aria-labelledby=\"e-n-accordion-item-9780\" class=\"elementor-element elementor-element-c50267c e-con-full e-flex e-con e-child\" data-id=\"c50267c\" data-element_type=\"container\" data-e-type=\"container\">\n\t\t<div role=\"region\" aria-labelledby=\"e-n-accordion-item-9780\" class=\"elementor-element elementor-element-a4c7cf9 e-flex e-con-boxed e-con e-child\" data-id=\"a4c7cf9\" data-element_type=\"container\" data-e-type=\"container\">\n\t\t\t\t\t<div class=\"e-con-inner\">\n\t\t\t\t<div class=\"elementor-element elementor-element-22fd8b8 elementor-widget elementor-widget-text-editor\" data-id=\"22fd8b8\" data-element_type=\"widget\" data-e-type=\"widget\" data-widget_type=\"text-editor.default\">\n\t\t\t\t<div class=\"elementor-widget-container\">\n\t\t\t\t\t\t\t\t\t<p>Nuestros <strong data-start=\"331\" data-end=\"355\">apartamentos rurales<\/strong> combinan la tranquilidad del entorno natural con todas las comodidades necesarias para una estancia confortable. Son ideales para quienes buscan desconectar del ritmo urbano, disfrutar del paisaje asturiano y alojarse en un espacio acogedor, totalmente equipado y con independencia total durante su estancia.<\/p>\t\t\t\t\t\t\t\t<\/div>\n\t\t\t\t<\/div>\n\t\t\t\t\t<\/div>\n\t\t\t\t<\/div>\n\t\t\t\t<\/div>\n\t\t\t\t\t<\/details>\n\t\t\t\t\t\t<details id=\"e-n-accordion-item-9781\" class=\"e-n-accordion-item\" >\n\t\t\t\t<summary class=\"e-n-accordion-item-title\" data-accordion-index=\"2\" tabindex=\"-1\" aria-expanded=\"false\" aria-controls=\"e-n-accordion-item-9781\" >\n\t\t\t\t\t<span class='e-n-accordion-item-title-header'><div class=\"e-n-accordion-item-title-text\"> 2. \u00bfQu\u00e9 equipamiento incluyen los apartamentos rurales? <\/div><\/span>\n\t\t\t\t\t\t\t<span class='e-n-accordion-item-title-icon'>\n\t\t\t<span class='e-opened' ><i aria-hidden=\"true\" class=\"fas fa-minus\"><\/i><\/span>\n\t\t\t<span class='e-closed'><i aria-hidden=\"true\" class=\"fas fa-plus\"><\/i><\/span>\n\t\t<\/span>\n\n\t\t\t\t\t\t<\/summary>\n\t\t\t\t<div role=\"region\" aria-labelledby=\"e-n-accordion-item-9781\" class=\"elementor-element elementor-element-7264ae2 e-con-full e-flex e-con e-child\" data-id=\"7264ae2\" data-element_type=\"container\" data-e-type=\"container\">\n\t\t<div role=\"region\" aria-labelledby=\"e-n-accordion-item-9781\" class=\"elementor-element elementor-element-6b699e1 e-flex e-con-boxed e-con e-child\" data-id=\"6b699e1\" data-element_type=\"container\" data-e-type=\"container\">\n\t\t\t\t\t<div class=\"e-con-inner\">\n\t\t\t\t<div class=\"elementor-element elementor-element-ccc508e elementor-widget elementor-widget-text-editor\" data-id=\"ccc508e\" data-element_type=\"widget\" data-e-type=\"widget\" data-widget_type=\"text-editor.default\">\n\t\t\t\t<div class=\"elementor-widget-container\">\n\t\t\t\t\t\t\t\t\t<p>Los <strong data-start=\"732\" data-end=\"756\">apartamentos rurales<\/strong> de San Feliz est\u00e1n completamente equipados con cocina funcional, sal\u00f3n confortable, habitaciones acogedoras, ba\u00f1o completo y conexi\u00f3n WiFi. Adem\u00e1s, cuentan con todo lo necesario para que tanto estancias cortas como largas resulten pr\u00e1cticas y c\u00f3modas<\/p>\t\t\t\t\t\t\t\t<\/div>\n\t\t\t\t<\/div>\n\t\t\t\t\t<\/div>\n\t\t\t\t<\/div>\n\t\t\t\t<\/div>\n\t\t\t\t\t<\/details>\n\t\t\t\t\t\t<details id=\"e-n-accordion-item-9782\" class=\"e-n-accordion-item\" >\n\t\t\t\t<summary class=\"e-n-accordion-item-title\" data-accordion-index=\"3\" tabindex=\"-1\" aria-expanded=\"false\" aria-controls=\"e-n-accordion-item-9782\" >\n\t\t\t\t\t<span class='e-n-accordion-item-title-header'><div class=\"e-n-accordion-item-title-text\"> 3. \u00bfSon adecuados los apartamentos rurales para familias y grupos? <\/div><\/span>\n\t\t\t\t\t\t\t<span class='e-n-accordion-item-title-icon'>\n\t\t\t<span class='e-opened' ><i aria-hidden=\"true\" class=\"fas fa-minus\"><\/i><\/span>\n\t\t\t<span class='e-closed'><i aria-hidden=\"true\" class=\"fas fa-plus\"><\/i><\/span>\n\t\t<\/span>\n\n\t\t\t\t\t\t<\/summary>\n\t\t\t\t<div role=\"region\" aria-labelledby=\"e-n-accordion-item-9782\" class=\"elementor-element elementor-element-d1e0811 e-con-full e-flex e-con e-child\" data-id=\"d1e0811\" data-element_type=\"container\" data-e-type=\"container\">\n\t\t<div role=\"region\" aria-labelledby=\"e-n-accordion-item-9782\" class=\"elementor-element elementor-element-5eecdc9 e-flex e-con-boxed e-con e-child\" data-id=\"5eecdc9\" data-element_type=\"container\" data-e-type=\"container\">\n\t\t\t\t\t<div class=\"e-con-inner\">\n\t\t\t\t<div class=\"elementor-element elementor-element-c4021e8 elementor-widget elementor-widget-text-editor\" data-id=\"c4021e8\" data-element_type=\"widget\" data-e-type=\"widget\" data-widget_type=\"text-editor.default\">\n\t\t\t\t<div class=\"elementor-widget-container\">\n\t\t\t\t\t\t\t\t\t<p>S\u00ed, nuestros <strong data-start=\"1096\" data-end=\"1120\">apartamentos rurales<\/strong> son perfectos para parejas, familias y peque\u00f1os grupos. Ofrecen espacio suficiente para garantizar comodidad y privacidad, permitiendo disfrutar de una experiencia rural sin renunciar a la independencia que proporciona un apartamento completo.<\/p>\t\t\t\t\t\t\t\t<\/div>\n\t\t\t\t<\/div>\n\t\t\t\t\t<\/div>\n\t\t\t\t<\/div>\n\t\t\t\t<\/div>\n\t\t\t\t\t<\/details>\n\t\t\t\t\t\t<details id=\"e-n-accordion-item-9783\" class=\"e-n-accordion-item\" >\n\t\t\t\t<summary class=\"e-n-accordion-item-title\" data-accordion-index=\"4\" tabindex=\"-1\" aria-expanded=\"false\" aria-controls=\"e-n-accordion-item-9783\" >\n\t\t\t\t\t<span class='e-n-accordion-item-title-header'><div class=\"e-n-accordion-item-title-text\"> 4. \u00bfD\u00f3nde se encuentran los apartamentos rurales San Feliz? <\/div><\/span>\n\t\t\t\t\t\t\t<span class='e-n-accordion-item-title-icon'>\n\t\t\t<span class='e-opened' ><i aria-hidden=\"true\" class=\"fas fa-minus\"><\/i><\/span>\n\t\t\t<span class='e-closed'><i aria-hidden=\"true\" class=\"fas fa-plus\"><\/i><\/span>\n\t\t<\/span>\n\n\t\t\t\t\t\t<\/summary>\n\t\t\t\t<div role=\"region\" aria-labelledby=\"e-n-accordion-item-9783\" class=\"elementor-element elementor-element-8802dfb e-flex e-con-boxed e-con e-child\" data-id=\"8802dfb\" data-element_type=\"container\" data-e-type=\"container\">\n\t\t\t\t\t<div class=\"e-con-inner\">\n\t\t\t\t<div class=\"elementor-element elementor-element-2100e2d elementor-widget elementor-widget-text-editor\" data-id=\"2100e2d\" data-element_type=\"widget\" data-e-type=\"widget\" data-widget_type=\"text-editor.default\">\n\t\t\t\t<div class=\"elementor-widget-container\">\n\t\t\t\t\t\t\t\t\t<p>Nuestros <strong data-start=\"1441\" data-end=\"1465\">apartamentos rurales<\/strong> est\u00e1n ubicados en un entorno privilegiado de Asturias, en plena naturaleza y bien comunicados con los principales puntos de inter\u00e9s de la regi\u00f3n. Esto permite disfrutar tanto de actividades de monta\u00f1a como de escapadas culturales o gastron\u00f3micas.<\/p>\t\t\t\t\t\t\t\t<\/div>\n\t\t\t\t<\/div>\n\t\t\t\t\t<\/div>\n\t\t\t\t<\/div>\n\t\t\t\t\t<\/details>\n\t\t\t\t\t\t<details id=\"e-n-accordion-item-9784\" class=\"e-n-accordion-item\" >\n\t\t\t\t<summary class=\"e-n-accordion-item-title\" data-accordion-index=\"5\" tabindex=\"-1\" aria-expanded=\"false\" aria-controls=\"e-n-accordion-item-9784\" >\n\t\t\t\t\t<span class='e-n-accordion-item-title-header'><div class=\"e-n-accordion-item-title-text\"> 5. \u00bfC\u00f3mo reservar nuestros apartamentos rurales? <\/div><\/span>\n\t\t\t\t\t\t\t<span class='e-n-accordion-item-title-icon'>\n\t\t\t<span class='e-opened' ><i aria-hidden=\"true\" class=\"fas fa-minus\"><\/i><\/span>\n\t\t\t<span class='e-closed'><i aria-hidden=\"true\" class=\"fas fa-plus\"><\/i><\/span>\n\t\t<\/span>\n\n\t\t\t\t\t\t<\/summary>\n\t\t\t\t<div role=\"region\" aria-labelledby=\"e-n-accordion-item-9784\" class=\"elementor-element elementor-element-1c82f82 e-flex e-con-boxed e-con e-child\" data-id=\"1c82f82\" data-element_type=\"container\" data-e-type=\"container\">\n\t\t\t\t\t<div class=\"e-con-inner\">\n\t\t\t\t<div class=\"elementor-element elementor-element-7e0e214 elementor-widget elementor-widget-text-editor\" data-id=\"7e0e214\" data-element_type=\"widget\" data-e-type=\"widget\" data-widget_type=\"text-editor.default\">\n\t\t\t\t<div class=\"elementor-widget-container\">\n\t\t\t\t\t\t\t\t\t<p>Reservar nuestros <strong data-start=\"1787\" data-end=\"1811\">apartamentos rurales<\/strong> es muy sencillo a trav\u00e9s de la p\u00e1gina web oficial de San Feliz. En ella podr\u00e1s consultar disponibilidad actualizada, tarifas y condiciones. Recomendamos realizar la reserva con antelaci\u00f3n, especialmente en temporada alta y fines de semana, para asegurar tu estancia.<\/p>\t\t\t\t\t\t\t\t<\/div>\n\t\t\t\t<\/div>\n\t\t\t\t\t<\/div>\n\t\t\t\t<\/div>\n\t\t\t\t\t<\/details>\n\t\t\t\t\t<\/div>\n\t\t\t\t\t\t<\/div>\n\t\t\t\t<\/div>\n\t\t\t\t<\/div>\n\t\t\t\t<div class=\"elementor-element elementor-element-a275478 elementor-widget elementor-widget-spacer\" data-id=\"a275478\" data-element_type=\"widget\" data-e-type=\"widget\" data-widget_type=\"spacer.default\">\n\t\t\t\t<div class=\"elementor-widget-container\">\n\t\t\t\t\t\t\t<div class=\"elementor-spacer\">\n\t\t\t<div class=\"elementor-spacer-inner\"><\/div>\n\t\t<\/div>\n\t\t\t\t\t\t<\/div>\n\t\t\t\t<\/div>\n\t\t\t\t<div class=\"elementor-element elementor-element-25a35f4 elementor-widget elementor-widget-heading\" data-id=\"25a35f4\" data-element_type=\"widget\" data-e-type=\"widget\" data-widget_type=\"heading.default\">\n\t\t\t\t<div class=\"elementor-widget-container\">\n\t\t\t\t\t<h2 class=\"elementor-heading-title elementor-size-default\">\u00bfQu\u00e9 opinan nuestros clientes?<\/h2>\t\t\t\t<\/div>\n\t\t\t\t<\/div>\n\t\t\t\t<div class=\"elementor-element elementor-element-ad06aaa elementor-widget elementor-widget-shortcode\" data-id=\"ad06aaa\" data-element_type=\"widget\" data-e-type=\"widget\" data-widget_type=\"shortcode.default\">\n\t\t\t\t<div class=\"elementor-widget-container\">\n\t\t\t\t\t\t\t<div class=\"elementor-shortcode\"><pre class=\"ti-widget\"><template id=\"trustindex-google-widget-html\"><div class=\"ti-widget  ti-goog ti-review-text-mode-readmore ti-text-align-left\" data-no-translation=\"true\" data-time-locale=\"hace %d %s|hoy|d\u00eda|d\u00edas|semana|semanas|mes|meses|a\u00f1o|a\u00f1os\" data-plugin-version=\"13.2.9\" data-layout-id=\"4\" data-layout-category=\"slider\" data-set-id=\"light-background\" data-pid=\"\" data-language=\"es\" data-close-locale=\"Cerca\" data-review-target-width=\"300\" data-css-version=\"2\" data-reply-by-locale=\"Respuesta del propietario\" data-only-rating-locale=\"Esta usuario solo dej\u00f3 una calificaci\u00f3n.\" data-pager-autoplay-timeout=\"6\"> <div class=\"ti-widget-container ti-col-3\"> <div class=\"ti-reviews-container\"> <div class=\"ti-controls\"> <div class=\"ti-next\" aria-label=\"Siguiente rese\u00f1a\" role=\"button\" tabindex=\"0\"><\/div> <div class=\"ti-prev\" aria-label=\"Rese\u00f1a anterior\" role=\"button\" tabindex=\"0\"><\/div> <\/div> <div class=\"ti-reviews-container-wrapper\">  <div data-empty=\"0\" data-time=\"1735948800\" class=\"ti-review-item source-Google ti-image-layout-thumbnail\" data-id=\"cfcd208495d565ef66e7dff9f98764da\"> <div class=\"ti-inner\"> <div class=\"ti-review-header\"> <div class=\"ti-platform-icon ti-with-tooltip\"> <span class=\"ti-tooltip\">Publicado en <\/span> <trustindex-image data-imgurl=\"https:\/\/cdn.trustindex.io\/assets\/platform\/Google\/icon.svg\" alt=\"\" width=\"20\" height=\"20\" loading=\"lazy\"><\/trustindex-image> <\/div> <div class=\"ti-profile-img\"> <trustindex-image data-imgurl=\"https:\/\/lh3.googleusercontent.com\/a-\/ALV-UjWsclChffKQHyfSjocYo7B979Q1UhlYyMKRRyhOaPEb8r0VkLE=w40-h40-c-rp-mo-ba2-br100\" alt=\"Rina Eliseva profile picture\" loading=\"lazy\"><\/trustindex-image> <\/div> <div class=\"ti-profile-details\"> <div class=\"ti-name\"> Rina Eliseva <\/div> <div class=\"ti-date\"><\/div> <\/div> <\/div> <span class=\"ti-stars\"><trustindex-image class=\"ti-star\" data-imgurl=\"https:\/\/cdn.trustindex.io\/assets\/platform\/Google\/star\/f.svg\" alt=\"Google star 1\" width=\"17\" height=\"17\" loading=\"lazy\"><\/trustindex-image><trustindex-image class=\"ti-star\" data-imgurl=\"https:\/\/cdn.trustindex.io\/assets\/platform\/Google\/star\/f.svg\" alt=\"Google star 2\" width=\"17\" height=\"17\" loading=\"lazy\"><\/trustindex-image><trustindex-image class=\"ti-star\" data-imgurl=\"https:\/\/cdn.trustindex.io\/assets\/platform\/Google\/star\/f.svg\" alt=\"Google star 3\" width=\"17\" height=\"17\" loading=\"lazy\"><\/trustindex-image><trustindex-image class=\"ti-star\" data-imgurl=\"https:\/\/cdn.trustindex.io\/assets\/platform\/Google\/star\/f.svg\" alt=\"Google star 4\" width=\"17\" height=\"17\" loading=\"lazy\"><\/trustindex-image><trustindex-image class=\"ti-star\" data-imgurl=\"https:\/\/cdn.trustindex.io\/assets\/platform\/Google\/star\/f.svg\" alt=\"Google star 5\" width=\"17\" height=\"17\" loading=\"lazy\"><\/trustindex-image><span class=\"ti-verified-review ti-verified-platform\"><span class=\"ti-verified-tooltip\">Trustindex verifica que la fuente original de la rese\u00f1a sea Google.<\/span><\/span><\/span> <div class=\"ti-review-text-container ti-review-content\"><!-- R-CONTENT -->It was amazing experience to stay in Espacio Rural San Feliz for the celebration of New Year 2025. We are a couple and we came with our dog. We brought everything for our dog, but you can find plates for your pet inside of the house. Everything is cosy and clean, bedroom was warm, the beds and  blankets were comfortable. We brought our pillows, but we didn\u2019t use it, because their pillows were nice. Elena is the magic owner, she helped us with everything, she gave us recommendations when we were looking for a good SPA. So, we spent wonderful holidays here. Thank you a lot, Elena. Obviously, we recommend this house to others, and we\u2019ll be glad to stay here again. I liked everything, Espacio Rural San Feliz, ski resort Fuentes de Invierno, local cuisine, people, so I hope we will come back\ud83d\ude4f\u2764\ufe0f<!-- R-CONTENT --><\/div> <span class=\"ti-read-more\" data-container=\".ti-review-content\" data-collapse-text=\"Ocultar\" data-open-text=\"Leer m\u00e1s\"><\/span> <\/div> <\/div>  <div data-empty=\"0\" data-time=\"1728691200\" class=\"ti-review-item source-Google ti-image-layout-thumbnail\" data-id=\"cfcd208495d565ef66e7dff9f98764da\"> <div class=\"ti-inner\"> <div class=\"ti-review-header\"> <div class=\"ti-platform-icon ti-with-tooltip\"> <span class=\"ti-tooltip\">Publicado en <\/span> <trustindex-image data-imgurl=\"https:\/\/cdn.trustindex.io\/assets\/platform\/Google\/icon.svg\" alt=\"\" width=\"20\" height=\"20\" loading=\"lazy\"><\/trustindex-image> <\/div> <div class=\"ti-profile-img\"> <trustindex-image data-imgurl=\"https:\/\/lh3.googleusercontent.com\/a-\/ALV-UjXktCivpWNhs8Lqx8YTbXIN8aEzBVHehnZfFD8n5gOeJZyDKJQw=w40-h40-c-rp-mo-ba4-br100\" alt=\"Angel Mayol profile picture\" loading=\"lazy\"><\/trustindex-image> <\/div> <div class=\"ti-profile-details\"> <div class=\"ti-name\"> Angel Mayol <\/div> <div class=\"ti-date\"><\/div> <\/div> <\/div> <span class=\"ti-stars\"><trustindex-image class=\"ti-star\" data-imgurl=\"https:\/\/cdn.trustindex.io\/assets\/platform\/Google\/star\/f.svg\" alt=\"Google star 1\" width=\"17\" height=\"17\" loading=\"lazy\"><\/trustindex-image><trustindex-image class=\"ti-star\" data-imgurl=\"https:\/\/cdn.trustindex.io\/assets\/platform\/Google\/star\/f.svg\" alt=\"Google star 2\" width=\"17\" height=\"17\" loading=\"lazy\"><\/trustindex-image><trustindex-image class=\"ti-star\" data-imgurl=\"https:\/\/cdn.trustindex.io\/assets\/platform\/Google\/star\/f.svg\" alt=\"Google star 3\" width=\"17\" height=\"17\" loading=\"lazy\"><\/trustindex-image><trustindex-image class=\"ti-star\" data-imgurl=\"https:\/\/cdn.trustindex.io\/assets\/platform\/Google\/star\/f.svg\" alt=\"Google star 4\" width=\"17\" height=\"17\" loading=\"lazy\"><\/trustindex-image><trustindex-image class=\"ti-star\" data-imgurl=\"https:\/\/cdn.trustindex.io\/assets\/platform\/Google\/star\/f.svg\" alt=\"Google star 5\" width=\"17\" height=\"17\" loading=\"lazy\"><\/trustindex-image><span class=\"ti-verified-review ti-verified-platform\"><span class=\"ti-verified-tooltip\">Trustindex verifica que la fuente original de la rese\u00f1a sea Google.<\/span><\/span><\/span> <div class=\"ti-review-text-container ti-review-content\"><!-- R-CONTENT -->Aldea peque\u00f1a pero muy bonita.\nApartamentos con muy buenas vistas.\nRecepci\u00f3n de personas a persona \ud83d\ude00.\nTrato muy agradable.\nRestaurante con estrella michel\u00edn.<!-- R-CONTENT --><\/div> <span class=\"ti-read-more\" data-container=\".ti-review-content\" data-collapse-text=\"Ocultar\" data-open-text=\"Leer m\u00e1s\"><\/span> <\/div> <\/div>  <div data-empty=\"0\" data-time=\"1726099200\" class=\"ti-review-item source-Google ti-image-layout-thumbnail\" data-id=\"cfcd208495d565ef66e7dff9f98764da\"> <div class=\"ti-inner\"> <div class=\"ti-review-header\"> <div class=\"ti-platform-icon ti-with-tooltip\"> <span class=\"ti-tooltip\">Publicado en <\/span> <trustindex-image data-imgurl=\"https:\/\/cdn.trustindex.io\/assets\/platform\/Google\/icon.svg\" alt=\"\" width=\"20\" height=\"20\" loading=\"lazy\"><\/trustindex-image> <\/div> <div class=\"ti-profile-img\"> <trustindex-image data-imgurl=\"https:\/\/lh3.googleusercontent.com\/a\/ACg8ocKjNBkKi4BlKZdKahNmRBsaotSd-I77GAhYs7Ryoww_D8YmSA=w40-h40-c-rp-mo-ba3-br100\" alt=\"Francisca Bravo Sanchez profile picture\" loading=\"lazy\"><\/trustindex-image> <\/div> <div class=\"ti-profile-details\"> <div class=\"ti-name\"> Francisca Bravo Sanchez <\/div> <div class=\"ti-date\"><\/div> <\/div> <\/div> <span class=\"ti-stars\"><trustindex-image class=\"ti-star\" data-imgurl=\"https:\/\/cdn.trustindex.io\/assets\/platform\/Google\/star\/f.svg\" alt=\"Google star 1\" width=\"17\" height=\"17\" loading=\"lazy\"><\/trustindex-image><trustindex-image class=\"ti-star\" data-imgurl=\"https:\/\/cdn.trustindex.io\/assets\/platform\/Google\/star\/f.svg\" alt=\"Google star 2\" width=\"17\" height=\"17\" loading=\"lazy\"><\/trustindex-image><trustindex-image class=\"ti-star\" data-imgurl=\"https:\/\/cdn.trustindex.io\/assets\/platform\/Google\/star\/f.svg\" alt=\"Google star 3\" width=\"17\" height=\"17\" loading=\"lazy\"><\/trustindex-image><trustindex-image class=\"ti-star\" data-imgurl=\"https:\/\/cdn.trustindex.io\/assets\/platform\/Google\/star\/f.svg\" alt=\"Google star 4\" width=\"17\" height=\"17\" loading=\"lazy\"><\/trustindex-image><trustindex-image class=\"ti-star\" data-imgurl=\"https:\/\/cdn.trustindex.io\/assets\/platform\/Google\/star\/f.svg\" alt=\"Google star 5\" width=\"17\" height=\"17\" loading=\"lazy\"><\/trustindex-image><span class=\"ti-verified-review ti-verified-platform\"><span class=\"ti-verified-tooltip\">Trustindex verifica que la fuente original de la rese\u00f1a sea Google.<\/span><\/span><\/span> <div class=\"ti-review-text-container ti-review-content\"><!-- R-CONTENT -->Apartamentos super c\u00f3modos, limpios, completos, lugar tranquilo y seguro. Elena es un encanto, que nos facilito todo lo que le pedimos. Es la segunda vez que vamos un grupo de deportistas. Super mega recomendable.<!-- R-CONTENT --><\/div> <span class=\"ti-read-more\" data-container=\".ti-review-content\" data-collapse-text=\"Ocultar\" data-open-text=\"Leer m\u00e1s\"><\/span> <\/div> <\/div>  <div data-empty=\"0\" data-time=\"1725148800\" class=\"ti-review-item source-Google ti-image-layout-thumbnail\" data-id=\"cfcd208495d565ef66e7dff9f98764da\"> <div class=\"ti-inner\"> <div class=\"ti-review-header\"> <div class=\"ti-platform-icon ti-with-tooltip\"> <span class=\"ti-tooltip\">Publicado en <\/span> <trustindex-image data-imgurl=\"https:\/\/cdn.trustindex.io\/assets\/platform\/Google\/icon.svg\" alt=\"\" width=\"20\" height=\"20\" loading=\"lazy\"><\/trustindex-image> <\/div> <div class=\"ti-profile-img\"> <trustindex-image data-imgurl=\"https:\/\/lh3.googleusercontent.com\/a-\/ALV-UjVcSoYX2a6HwOYQJEGAyCzGsYAq5K9YlsqQ-BqOnLoUvSnFHhkC=w40-h40-c-rp-mo-ba3-br100\" alt=\"Antonio Jos\u00e9 Alcal\u00e1 profile picture\" loading=\"lazy\"><\/trustindex-image> <\/div> <div class=\"ti-profile-details\"> <div class=\"ti-name\"> Antonio Jos\u00e9 Alcal\u00e1 <\/div> <div class=\"ti-date\"><\/div> <\/div> <\/div> <span class=\"ti-stars\"><trustindex-image class=\"ti-star\" data-imgurl=\"https:\/\/cdn.trustindex.io\/assets\/platform\/Google\/star\/f.svg\" alt=\"Google star 1\" width=\"17\" height=\"17\" loading=\"lazy\"><\/trustindex-image><trustindex-image class=\"ti-star\" data-imgurl=\"https:\/\/cdn.trustindex.io\/assets\/platform\/Google\/star\/f.svg\" alt=\"Google star 2\" width=\"17\" height=\"17\" loading=\"lazy\"><\/trustindex-image><trustindex-image class=\"ti-star\" data-imgurl=\"https:\/\/cdn.trustindex.io\/assets\/platform\/Google\/star\/f.svg\" alt=\"Google star 3\" width=\"17\" height=\"17\" loading=\"lazy\"><\/trustindex-image><trustindex-image class=\"ti-star\" data-imgurl=\"https:\/\/cdn.trustindex.io\/assets\/platform\/Google\/star\/f.svg\" alt=\"Google star 4\" width=\"17\" height=\"17\" loading=\"lazy\"><\/trustindex-image><trustindex-image class=\"ti-star\" data-imgurl=\"https:\/\/cdn.trustindex.io\/assets\/platform\/Google\/star\/f.svg\" alt=\"Google star 5\" width=\"17\" height=\"17\" loading=\"lazy\"><\/trustindex-image><span class=\"ti-verified-review ti-verified-platform\"><span class=\"ti-verified-tooltip\">Trustindex verifica que la fuente original de la rese\u00f1a sea Google.<\/span><\/span><\/span> <div class=\"ti-review-text-container ti-review-content\"><!-- R-CONTENT -->De bien nacidos... Much\u00edsimas gracias por todo. Se lo dije a Elena, la due\u00f1a o administradora: si tuviera alguna opini\u00f3n para mejorar sus apartamentos, se lo dir\u00eda, mas no la tengo. Hemos estado una semana dos personas con dos perras de caza: todo perfecto, limp\u00edsimo, bien dotada la cocina, el aseo, los dormitorios... de todo lo necesario, detalles de delicadeza y amabilidad... El paisaje visto desde el apartamento es precioso. Calma y tranquilidad. El pasar de los trenes por el valle, a lo lejos... El trato con Elena y sus padres... por impagable, solo se cumple dando las gracias de coraz\u00f3n.\nVolveremos, Dios queriendo. Con afecto,<!-- R-CONTENT --><\/div> <span class=\"ti-read-more\" data-container=\".ti-review-content\" data-collapse-text=\"Ocultar\" data-open-text=\"Leer m\u00e1s\"><\/span> <\/div> <\/div>  <div data-empty=\"0\" data-time=\"1724457600\" class=\"ti-review-item source-Google ti-image-layout-thumbnail\" data-id=\"cfcd208495d565ef66e7dff9f98764da\"> <div class=\"ti-inner\"> <div class=\"ti-review-header\"> <div class=\"ti-platform-icon ti-with-tooltip\"> <span class=\"ti-tooltip\">Publicado en <\/span> <trustindex-image data-imgurl=\"https:\/\/cdn.trustindex.io\/assets\/platform\/Google\/icon.svg\" alt=\"\" width=\"20\" height=\"20\" loading=\"lazy\"><\/trustindex-image> <\/div> <div class=\"ti-profile-img\"> <trustindex-image data-imgurl=\"https:\/\/lh3.googleusercontent.com\/a\/ACg8ocI55ChNJNT9FppPXzHGAfniUUh3fSdKg0301XECopoygojYWw=w40-h40-c-rp-mo-br100\" alt=\"(:;) profile picture\" loading=\"lazy\"><\/trustindex-image> <\/div> <div class=\"ti-profile-details\"> <div class=\"ti-name\"> (:;) <\/div> <div class=\"ti-date\"><\/div> <\/div> <\/div> <span class=\"ti-stars\"><trustindex-image class=\"ti-star\" data-imgurl=\"https:\/\/cdn.trustindex.io\/assets\/platform\/Google\/star\/f.svg\" alt=\"Google star 1\" width=\"17\" height=\"17\" loading=\"lazy\"><\/trustindex-image><trustindex-image class=\"ti-star\" data-imgurl=\"https:\/\/cdn.trustindex.io\/assets\/platform\/Google\/star\/f.svg\" alt=\"Google star 2\" width=\"17\" height=\"17\" loading=\"lazy\"><\/trustindex-image><trustindex-image class=\"ti-star\" data-imgurl=\"https:\/\/cdn.trustindex.io\/assets\/platform\/Google\/star\/f.svg\" alt=\"Google star 3\" width=\"17\" height=\"17\" loading=\"lazy\"><\/trustindex-image><trustindex-image class=\"ti-star\" data-imgurl=\"https:\/\/cdn.trustindex.io\/assets\/platform\/Google\/star\/f.svg\" alt=\"Google star 4\" width=\"17\" height=\"17\" loading=\"lazy\"><\/trustindex-image><trustindex-image class=\"ti-star\" data-imgurl=\"https:\/\/cdn.trustindex.io\/assets\/platform\/Google\/star\/f.svg\" alt=\"Google star 5\" width=\"17\" height=\"17\" loading=\"lazy\"><\/trustindex-image><span class=\"ti-verified-review ti-verified-platform\"><span class=\"ti-verified-tooltip\">Trustindex verifica que la fuente original de la rese\u00f1a sea Google.<\/span><\/span><\/span> <div class=\"ti-review-text-container ti-review-content\"><!-- R-CONTENT -->Ha sido una gran experiencia! Un ambiente id\u00edlico en plena naturaleza asturiana y un servicio y personal insuperables. Volver\u00e9 a repetir sin duda alguna.<!-- R-CONTENT --><\/div> <span class=\"ti-read-more\" data-container=\".ti-review-content\" data-collapse-text=\"Ocultar\" data-open-text=\"Leer m\u00e1s\"><\/span> <\/div> <\/div>  <div data-empty=\"0\" data-time=\"1724457600\" class=\"ti-review-item source-Google ti-image-layout-thumbnail\" data-id=\"cfcd208495d565ef66e7dff9f98764da\"> <div class=\"ti-inner\"> <div class=\"ti-review-header\"> <div class=\"ti-platform-icon ti-with-tooltip\"> <span class=\"ti-tooltip\">Publicado en <\/span> <trustindex-image data-imgurl=\"https:\/\/cdn.trustindex.io\/assets\/platform\/Google\/icon.svg\" alt=\"\" width=\"20\" height=\"20\" loading=\"lazy\"><\/trustindex-image> <\/div> <div class=\"ti-profile-img\"> <trustindex-image data-imgurl=\"https:\/\/lh3.googleusercontent.com\/a-\/ALV-UjVGFnHbMD8NuVepFLcCr8eXl2BsvwimmbfLDPlNqyZQp6MuP5cp=w40-h40-c-rp-mo-ba2-br100\" alt=\"c miyar profile picture\" loading=\"lazy\"><\/trustindex-image> <\/div> <div class=\"ti-profile-details\"> <div class=\"ti-name\"> c miyar <\/div> <div class=\"ti-date\"><\/div> <\/div> <\/div> <span class=\"ti-stars\"><trustindex-image class=\"ti-star\" data-imgurl=\"https:\/\/cdn.trustindex.io\/assets\/platform\/Google\/star\/f.svg\" alt=\"Google star 1\" width=\"17\" height=\"17\" loading=\"lazy\"><\/trustindex-image><trustindex-image class=\"ti-star\" data-imgurl=\"https:\/\/cdn.trustindex.io\/assets\/platform\/Google\/star\/f.svg\" alt=\"Google star 2\" width=\"17\" height=\"17\" loading=\"lazy\"><\/trustindex-image><trustindex-image class=\"ti-star\" data-imgurl=\"https:\/\/cdn.trustindex.io\/assets\/platform\/Google\/star\/f.svg\" alt=\"Google star 3\" width=\"17\" height=\"17\" loading=\"lazy\"><\/trustindex-image><trustindex-image class=\"ti-star\" data-imgurl=\"https:\/\/cdn.trustindex.io\/assets\/platform\/Google\/star\/f.svg\" alt=\"Google star 4\" width=\"17\" height=\"17\" loading=\"lazy\"><\/trustindex-image><trustindex-image class=\"ti-star\" data-imgurl=\"https:\/\/cdn.trustindex.io\/assets\/platform\/Google\/star\/f.svg\" alt=\"Google star 5\" width=\"17\" height=\"17\" loading=\"lazy\"><\/trustindex-image><span class=\"ti-verified-review ti-verified-platform\"><span class=\"ti-verified-tooltip\">Trustindex verifica que la fuente original de la rese\u00f1a sea Google.<\/span><\/span><\/span> <div class=\"ti-review-text-container ti-review-content\"><!-- R-CONTENT -->Un maravilloso hotel en medio de la monta\u00f1a. Estaba todo s\u00faper limpio, la due\u00f1a es un amor, s\u00faper atenta y cuidadosa, adem\u00e1s de dar los mejores t\u00edps. Si encima reservas para comer en Monte con 2 estrellas michelin y haces una ruta por el maravilloso concejo de Lena, tienes el fin de semana hecho. Una maravilla. Volveremos seguro. Gracias por la gran estancia Elena!<!-- R-CONTENT --><\/div> <span class=\"ti-read-more\" data-container=\".ti-review-content\" data-collapse-text=\"Ocultar\" data-open-text=\"Leer m\u00e1s\"><\/span> <\/div> <\/div>  <div data-empty=\"0\" data-time=\"1724457600\" class=\"ti-review-item source-Google ti-image-layout-thumbnail\" data-id=\"cfcd208495d565ef66e7dff9f98764da\"> <div class=\"ti-inner\"> <div class=\"ti-review-header\"> <div class=\"ti-platform-icon ti-with-tooltip\"> <span class=\"ti-tooltip\">Publicado en <\/span> <trustindex-image data-imgurl=\"https:\/\/cdn.trustindex.io\/assets\/platform\/Google\/icon.svg\" alt=\"\" width=\"20\" height=\"20\" loading=\"lazy\"><\/trustindex-image> <\/div> <div class=\"ti-profile-img\"> <trustindex-image data-imgurl=\"https:\/\/lh3.googleusercontent.com\/a\/ACg8ocJZJvkE9XqgaMFB73ImSiuDlgkwAXivd9G-0B952OJr5YQMjQ=w40-h40-c-rp-mo-br100\" alt=\"Mercedes Montero profile picture\" loading=\"lazy\"><\/trustindex-image> <\/div> <div class=\"ti-profile-details\"> <div class=\"ti-name\"> Mercedes Montero <\/div> <div class=\"ti-date\"><\/div> <\/div> <\/div> <span class=\"ti-stars\"><trustindex-image class=\"ti-star\" data-imgurl=\"https:\/\/cdn.trustindex.io\/assets\/platform\/Google\/star\/f.svg\" alt=\"Google star 1\" width=\"17\" height=\"17\" loading=\"lazy\"><\/trustindex-image><trustindex-image class=\"ti-star\" data-imgurl=\"https:\/\/cdn.trustindex.io\/assets\/platform\/Google\/star\/f.svg\" alt=\"Google star 2\" width=\"17\" height=\"17\" loading=\"lazy\"><\/trustindex-image><trustindex-image class=\"ti-star\" data-imgurl=\"https:\/\/cdn.trustindex.io\/assets\/platform\/Google\/star\/f.svg\" alt=\"Google star 3\" width=\"17\" height=\"17\" loading=\"lazy\"><\/trustindex-image><trustindex-image class=\"ti-star\" data-imgurl=\"https:\/\/cdn.trustindex.io\/assets\/platform\/Google\/star\/f.svg\" alt=\"Google star 4\" width=\"17\" height=\"17\" loading=\"lazy\"><\/trustindex-image><trustindex-image class=\"ti-star\" data-imgurl=\"https:\/\/cdn.trustindex.io\/assets\/platform\/Google\/star\/f.svg\" alt=\"Google star 5\" width=\"17\" height=\"17\" loading=\"lazy\"><\/trustindex-image><span class=\"ti-verified-review ti-verified-platform\"><span class=\"ti-verified-tooltip\">Trustindex verifica que la fuente original de la rese\u00f1a sea Google.<\/span><\/span><\/span> <div class=\"ti-review-text-container ti-review-content\"><!-- R-CONTENT -->Hemos estado 8 d\u00edas en el apartamento Rebonchal, 5 adultos y una perrita. Ha sido una experiencia muy buena, el apartamento es precioso, y tiene de todo. La limpieza es impecable. Tiene una terraza impresionante en la que hemos pasado la mayor parte del tiempo que est\u00e1bamos en la casa. Nuestra perrita tambi\u00e9n la ha disfrutado much\u00edsimo. Elena es una anfitriona estupenda, siempre pendiente de los huespedes. Solemos viajar a Asturias y Cantabria todos los veranos, y aunque vamos variando las zonas para as\u00ed conocerlo todo, si volvemos a repetir esa zona sin duda volver\u00edamos a confiar en Elena.\nMuch\u00edsimas gracias por todo Elena, un beso enorme.<!-- R-CONTENT --><\/div> <span class=\"ti-read-more\" data-container=\".ti-review-content\" data-collapse-text=\"Ocultar\" data-open-text=\"Leer m\u00e1s\"><\/span> <\/div> <\/div>  <div data-empty=\"0\" data-time=\"1720742400\" class=\"ti-review-item source-Google ti-image-layout-thumbnail\" data-id=\"cfcd208495d565ef66e7dff9f98764da\"> <div class=\"ti-inner\"> <div class=\"ti-review-header\"> <div class=\"ti-platform-icon ti-with-tooltip\"> <span class=\"ti-tooltip\">Publicado en <\/span> <trustindex-image data-imgurl=\"https:\/\/cdn.trustindex.io\/assets\/platform\/Google\/icon.svg\" alt=\"\" width=\"20\" height=\"20\" loading=\"lazy\"><\/trustindex-image> <\/div> <div class=\"ti-profile-img\"> <trustindex-image data-imgurl=\"https:\/\/lh3.googleusercontent.com\/a\/ACg8ocIKY7oKZUcQAsHJz6WQg05sSn-rswdYoCtixZTsIQyVG2BE4Q=w40-h40-c-rp-mo-ba4-br100\" alt=\"Alberto De Rus profile picture\" loading=\"lazy\"><\/trustindex-image> <\/div> <div class=\"ti-profile-details\"> <div class=\"ti-name\"> Alberto De Rus <\/div> <div class=\"ti-date\"><\/div> <\/div> <\/div> <span class=\"ti-stars\"><trustindex-image class=\"ti-star\" data-imgurl=\"https:\/\/cdn.trustindex.io\/assets\/platform\/Google\/star\/f.svg\" alt=\"Google star 1\" width=\"17\" height=\"17\" loading=\"lazy\"><\/trustindex-image><trustindex-image class=\"ti-star\" data-imgurl=\"https:\/\/cdn.trustindex.io\/assets\/platform\/Google\/star\/f.svg\" alt=\"Google star 2\" width=\"17\" height=\"17\" loading=\"lazy\"><\/trustindex-image><trustindex-image class=\"ti-star\" data-imgurl=\"https:\/\/cdn.trustindex.io\/assets\/platform\/Google\/star\/f.svg\" alt=\"Google star 3\" width=\"17\" height=\"17\" loading=\"lazy\"><\/trustindex-image><trustindex-image class=\"ti-star\" data-imgurl=\"https:\/\/cdn.trustindex.io\/assets\/platform\/Google\/star\/f.svg\" alt=\"Google star 4\" width=\"17\" height=\"17\" loading=\"lazy\"><\/trustindex-image><trustindex-image class=\"ti-star\" data-imgurl=\"https:\/\/cdn.trustindex.io\/assets\/platform\/Google\/star\/f.svg\" alt=\"Google star 5\" width=\"17\" height=\"17\" loading=\"lazy\"><\/trustindex-image><span class=\"ti-verified-review ti-verified-platform\"><span class=\"ti-verified-tooltip\">Trustindex verifica que la fuente original de la rese\u00f1a sea Google.<\/span><\/span><\/span> <div class=\"ti-review-text-container ti-review-content\"><!-- R-CONTENT -->Maravilloso<!-- R-CONTENT --><\/div> <span class=\"ti-read-more\" data-container=\".ti-review-content\" data-collapse-text=\"Ocultar\" data-open-text=\"Leer m\u00e1s\"><\/span> <\/div> <\/div>  <div data-empty=\"0\" data-time=\"1714089600\" class=\"ti-review-item source-Google ti-image-layout-thumbnail\" data-id=\"cfcd208495d565ef66e7dff9f98764da\"> <div class=\"ti-inner\"> <div class=\"ti-review-header\"> <div class=\"ti-platform-icon ti-with-tooltip\"> <span class=\"ti-tooltip\">Publicado en <\/span> <trustindex-image data-imgurl=\"https:\/\/cdn.trustindex.io\/assets\/platform\/Google\/icon.svg\" alt=\"\" width=\"20\" height=\"20\" loading=\"lazy\"><\/trustindex-image> <\/div> <div class=\"ti-profile-img\"> <trustindex-image data-imgurl=\"https:\/\/lh3.googleusercontent.com\/a-\/ALV-UjX-1DvwtxLb_YQBwgCTILC0ScTQU5dAg6L2doFQFy5JwL1YhGybLA=w40-h40-c-rp-mo-ba3-br100\" alt=\"Pedro Mu\u00f1oz Dom\u00ednguez profile picture\" loading=\"lazy\"><\/trustindex-image> <\/div> <div class=\"ti-profile-details\"> <div class=\"ti-name\"> Pedro Mu\u00f1oz Dom\u00ednguez <\/div> <div class=\"ti-date\"><\/div> <\/div> <\/div> <span class=\"ti-stars\"><trustindex-image class=\"ti-star\" data-imgurl=\"https:\/\/cdn.trustindex.io\/assets\/platform\/Google\/star\/f.svg\" alt=\"Google star 1\" width=\"17\" height=\"17\" loading=\"lazy\"><\/trustindex-image><trustindex-image class=\"ti-star\" data-imgurl=\"https:\/\/cdn.trustindex.io\/assets\/platform\/Google\/star\/f.svg\" alt=\"Google star 2\" width=\"17\" height=\"17\" loading=\"lazy\"><\/trustindex-image><trustindex-image class=\"ti-star\" data-imgurl=\"https:\/\/cdn.trustindex.io\/assets\/platform\/Google\/star\/f.svg\" alt=\"Google star 3\" width=\"17\" height=\"17\" loading=\"lazy\"><\/trustindex-image><trustindex-image class=\"ti-star\" data-imgurl=\"https:\/\/cdn.trustindex.io\/assets\/platform\/Google\/star\/f.svg\" alt=\"Google star 4\" width=\"17\" height=\"17\" loading=\"lazy\"><\/trustindex-image><trustindex-image class=\"ti-star\" data-imgurl=\"https:\/\/cdn.trustindex.io\/assets\/platform\/Google\/star\/f.svg\" alt=\"Google star 5\" width=\"17\" height=\"17\" loading=\"lazy\"><\/trustindex-image><span class=\"ti-verified-review ti-verified-platform\"><span class=\"ti-verified-tooltip\">Trustindex verifica que la fuente original de la rese\u00f1a sea Google.<\/span><\/span><\/span> <div class=\"ti-review-text-container ti-review-content\"><!-- R-CONTENT -->Opci\u00f3n de \ud83d\udd1f! En nuestro caso viajamos por ciclismo y busc\u00e1bamos un alojamiento con encanto natural y tranquilidad, que no fuera unas simples camas y ya. Y acertamos :)\n\nAdem\u00e1s la propietaria estuvo atenta de todo, fue un gusto tratar con ella\n\nGracias \ud83d\ude42<!-- R-CONTENT --><\/div> <span class=\"ti-read-more\" data-container=\".ti-review-content\" data-collapse-text=\"Ocultar\" data-open-text=\"Leer m\u00e1s\"><\/span> <\/div> <\/div>  <\/div> <div class=\"ti-controls-line\"> <div class=\"dot\"><\/div> <\/div> <\/div>    <\/div> <\/div> <\/template><\/pre><div data-src=\"https:\/\/cdn.trustindex.io\/loader.js?wp-widget\" data-template-id=\"trustindex-google-widget-html\" data-css-url=\"https:\/\/sanfeliz.es\/wp-content\/uploads\/trustindex-google-widget.css?1774877981\"><\/div><\/div>\n\t\t\t\t\t\t<\/div>\n\t\t\t\t<\/div>\n\t\t\t\t<\/div>\n\t\t\t\t\t<\/div>\n\t\t\t\t<\/div>\n\t\t<div class=\"elementor-element elementor-element-903fc4d e-flex e-con-boxed e-con e-parent\" data-id=\"903fc4d\" data-element_type=\"container\" data-e-type=\"container\">\n\t\t\t\t\t<div class=\"e-con-inner\">\n\t\t<div class=\"elementor-element elementor-element-03089e0 e-flex e-con-boxed e-con e-child\" data-id=\"03089e0\" data-element_type=\"container\" data-e-type=\"container\">\n\t\t\t\t\t<div class=\"e-con-inner\">\n\t\t<div class=\"elementor-element elementor-element-65073be e-flex e-con-boxed e-con e-child\" data-id=\"65073be\" data-element_type=\"container\" data-e-type=\"container\">\n\t\t\t\t\t<div class=\"e-con-inner\">\n\t\t\t\t\t<\/div>\n\t\t\t\t<\/div>\n\t\t\t\t\t<\/div>\n\t\t\t\t<\/div>\n\t\t\t\t\t<\/div>\n\t\t\t\t<\/div>\n\t\t\t\t<\/div>","protected":false},"excerpt":{"rendered":"<p>Alojamientos Apartamento Rebochal Deluxe Este apartamento rural de dos plantas es una opci\u00f3n ideal para quienes buscan una escapada en un entorno natural. Su arquitectura t\u00edpica asturiana, con paredes de piedra y acabados de madera, le otorgan un encanto especial. Con capacidad para 4 personas, ofrece un ambiente r\u00fastico y acogedor, perfecto para disfrutar de [&hellip;]<\/p>\n","protected":false},"author":1,"featured_media":0,"parent":0,"menu_order":0,"comment_status":"closed","ping_status":"closed","template":"elementor_header_footer","meta":{"footnotes":""},"class_list":["post-1037","page","type-page","status-publish","hentry"],"yoast_head":"<!-- This site is optimized with the Yoast SEO plugin v27.4 - https:\/\/yoast.com\/product\/yoast-seo-wordpress\/ -->\n<title>Apartamentos rurales San Feliz - Espacio Rural San Feliz<\/title>\n<meta name=\"description\" content=\"Conjunto de tres apartamentos rurales situados en la aldea de San Feliz en el concejo de Lena, Principado de Asturias\" \/>\n<meta name=\"robots\" content=\"index, follow, max-snippet:-1, max-image-preview:large, max-video-preview:-1\" \/>\n<link rel=\"canonical\" href=\"https:\/\/sanfeliz.es\/en\/apartamentos-rurales-san-feliz\/\" \/>\n<meta property=\"og:locale\" content=\"en_GB\" \/>\n<meta property=\"og:type\" content=\"article\" \/>\n<meta property=\"og:title\" content=\"Apartamentos rurales San Feliz - Espacio Rural San Feliz\" \/>\n<meta property=\"og:description\" content=\"Conjunto de tres apartamentos rurales situados en la aldea de San Feliz en el concejo de Lena, Principado de Asturias\" \/>\n<meta property=\"og:url\" content=\"https:\/\/sanfeliz.es\/en\/apartamentos-rurales-san-feliz\/\" \/>\n<meta property=\"og:site_name\" content=\"Espacio Rural San Feliz\" \/>\n<meta property=\"article:modified_time\" content=\"2026-03-10T10:05:38+00:00\" \/>\n<meta property=\"og:image\" content=\"https:\/\/sanfeliz.es\/wp-content\/uploads\/2023\/10\/rebo1.jpg\" \/>\n<meta name=\"twitter:card\" content=\"summary_large_image\" \/>\n<meta name=\"twitter:label1\" content=\"Estimated reading time\" \/>\n\t<meta name=\"twitter:data1\" content=\"12 minutes\" \/>\n<script type=\"application\/ld+json\" class=\"yoast-schema-graph\">{\"@context\":\"https:\\\/\\\/schema.org\",\"@graph\":[{\"@type\":\"WebPage\",\"@id\":\"https:\\\/\\\/sanfeliz.es\\\/apartamentos-rurales-san-feliz\\\/\",\"url\":\"https:\\\/\\\/sanfeliz.es\\\/apartamentos-rurales-san-feliz\\\/\",\"name\":\"Apartamentos rurales San Feliz - Espacio Rural San Feliz\",\"isPartOf\":{\"@id\":\"https:\\\/\\\/sanfeliz.es\\\/#website\"},\"primaryImageOfPage\":{\"@id\":\"https:\\\/\\\/sanfeliz.es\\\/apartamentos-rurales-san-feliz\\\/#primaryimage\"},\"image\":{\"@id\":\"https:\\\/\\\/sanfeliz.es\\\/apartamentos-rurales-san-feliz\\\/#primaryimage\"},\"thumbnailUrl\":\"https:\\\/\\\/sanfeliz.es\\\/wp-content\\\/uploads\\\/2023\\\/10\\\/rebo1.jpg\",\"datePublished\":\"2023-10-19T13:54:29+00:00\",\"dateModified\":\"2026-03-10T10:05:38+00:00\",\"description\":\"Conjunto de tres apartamentos rurales situados en la aldea de San Feliz en el concejo de Lena, Principado de Asturias\",\"breadcrumb\":{\"@id\":\"https:\\\/\\\/sanfeliz.es\\\/apartamentos-rurales-san-feliz\\\/#breadcrumb\"},\"inLanguage\":\"en-GB\",\"potentialAction\":[{\"@type\":\"ReadAction\",\"target\":[\"https:\\\/\\\/sanfeliz.es\\\/apartamentos-rurales-san-feliz\\\/\"]}]},{\"@type\":\"ImageObject\",\"inLanguage\":\"en-GB\",\"@id\":\"https:\\\/\\\/sanfeliz.es\\\/apartamentos-rurales-san-feliz\\\/#primaryimage\",\"url\":\"https:\\\/\\\/sanfeliz.es\\\/wp-content\\\/uploads\\\/2023\\\/10\\\/rebo1.jpg\",\"contentUrl\":\"https:\\\/\\\/sanfeliz.es\\\/wp-content\\\/uploads\\\/2023\\\/10\\\/rebo1.jpg\"},{\"@type\":\"BreadcrumbList\",\"@id\":\"https:\\\/\\\/sanfeliz.es\\\/apartamentos-rurales-san-feliz\\\/#breadcrumb\",\"itemListElement\":[{\"@type\":\"ListItem\",\"position\":1,\"name\":\"Portada\",\"item\":\"https:\\\/\\\/sanfeliz.es\\\/\"},{\"@type\":\"ListItem\",\"position\":2,\"name\":\"Apartamentos rurales San Feliz\"}]},{\"@type\":\"WebSite\",\"@id\":\"https:\\\/\\\/sanfeliz.es\\\/#website\",\"url\":\"https:\\\/\\\/sanfeliz.es\\\/\",\"name\":\"Espacio Rural San Feliz\",\"description\":\"Apartamentos rurales San feliz\",\"publisher\":{\"@id\":\"https:\\\/\\\/sanfeliz.es\\\/#organization\"},\"potentialAction\":[{\"@type\":\"SearchAction\",\"target\":{\"@type\":\"EntryPoint\",\"urlTemplate\":\"https:\\\/\\\/sanfeliz.es\\\/?s={search_term_string}\"},\"query-input\":{\"@type\":\"PropertyValueSpecification\",\"valueRequired\":true,\"valueName\":\"search_term_string\"}}],\"inLanguage\":\"en-GB\"},{\"@type\":\"Organization\",\"@id\":\"https:\\\/\\\/sanfeliz.es\\\/#organization\",\"name\":\"Espacio Rural San Feliz\",\"url\":\"https:\\\/\\\/sanfeliz.es\\\/\",\"logo\":{\"@type\":\"ImageObject\",\"inLanguage\":\"en-GB\",\"@id\":\"https:\\\/\\\/sanfeliz.es\\\/#\\\/schema\\\/logo\\\/image\\\/\",\"url\":\"https:\\\/\\\/sanfeliz.es\\\/wp-content\\\/uploads\\\/2023\\\/09\\\/logo-san-feliz-web.png\",\"contentUrl\":\"https:\\\/\\\/sanfeliz.es\\\/wp-content\\\/uploads\\\/2023\\\/09\\\/logo-san-feliz-web.png\",\"width\":350,\"height\":124,\"caption\":\"Espacio Rural San Feliz\"},\"image\":{\"@id\":\"https:\\\/\\\/sanfeliz.es\\\/#\\\/schema\\\/logo\\\/image\\\/\"}}]}<\/script>\n<!-- \/ Yoast SEO plugin. -->","yoast_head_json":{"title":"Apartamentos rurales San Feliz - Espacio Rural San Feliz","description":"Conjunto de tres apartamentos rurales situados en la aldea de San Feliz en el concejo de Lena, Principado de Asturias","robots":{"index":"index","follow":"follow","max-snippet":"max-snippet:-1","max-image-preview":"max-image-preview:large","max-video-preview":"max-video-preview:-1"},"canonical":"https:\/\/sanfeliz.es\/en\/apartamentos-rurales-san-feliz\/","og_locale":"en_GB","og_type":"article","og_title":"Apartamentos rurales San Feliz - Espacio Rural San Feliz","og_description":"Conjunto de tres apartamentos rurales situados en la aldea de San Feliz en el concejo de Lena, Principado de Asturias","og_url":"https:\/\/sanfeliz.es\/en\/apartamentos-rurales-san-feliz\/","og_site_name":"Espacio Rural San Feliz","article_modified_time":"2026-03-10T10:05:38+00:00","og_image":[{"url":"https:\/\/sanfeliz.es\/wp-content\/uploads\/2023\/10\/rebo1.jpg","type":"","width":"","height":""}],"twitter_card":"summary_large_image","twitter_misc":{"Estimated reading time":"12 minutes"},"schema":{"@context":"https:\/\/schema.org","@graph":[{"@type":"WebPage","@id":"https:\/\/sanfeliz.es\/apartamentos-rurales-san-feliz\/","url":"https:\/\/sanfeliz.es\/apartamentos-rurales-san-feliz\/","name":"Apartamentos rurales San Feliz - Espacio Rural San Feliz","isPartOf":{"@id":"https:\/\/sanfeliz.es\/#website"},"primaryImageOfPage":{"@id":"https:\/\/sanfeliz.es\/apartamentos-rurales-san-feliz\/#primaryimage"},"image":{"@id":"https:\/\/sanfeliz.es\/apartamentos-rurales-san-feliz\/#primaryimage"},"thumbnailUrl":"https:\/\/sanfeliz.es\/wp-content\/uploads\/2023\/10\/rebo1.jpg","datePublished":"2023-10-19T13:54:29+00:00","dateModified":"2026-03-10T10:05:38+00:00","description":"Conjunto de tres apartamentos rurales situados en la aldea de San Feliz en el concejo de Lena, Principado de Asturias","breadcrumb":{"@id":"https:\/\/sanfeliz.es\/apartamentos-rurales-san-feliz\/#breadcrumb"},"inLanguage":"en-GB","potentialAction":[{"@type":"ReadAction","target":["https:\/\/sanfeliz.es\/apartamentos-rurales-san-feliz\/"]}]},{"@type":"ImageObject","inLanguage":"en-GB","@id":"https:\/\/sanfeliz.es\/apartamentos-rurales-san-feliz\/#primaryimage","url":"https:\/\/sanfeliz.es\/wp-content\/uploads\/2023\/10\/rebo1.jpg","contentUrl":"https:\/\/sanfeliz.es\/wp-content\/uploads\/2023\/10\/rebo1.jpg"},{"@type":"BreadcrumbList","@id":"https:\/\/sanfeliz.es\/apartamentos-rurales-san-feliz\/#breadcrumb","itemListElement":[{"@type":"ListItem","position":1,"name":"Portada","item":"https:\/\/sanfeliz.es\/"},{"@type":"ListItem","position":2,"name":"Apartamentos rurales San Feliz"}]},{"@type":"WebSite","@id":"https:\/\/sanfeliz.es\/#website","url":"https:\/\/sanfeliz.es\/","name":"Espacio Rural San Feliz","description":"Apartamentos rurales San feliz","publisher":{"@id":"https:\/\/sanfeliz.es\/#organization"},"potentialAction":[{"@type":"SearchAction","target":{"@type":"EntryPoint","urlTemplate":"https:\/\/sanfeliz.es\/?s={search_term_string}"},"query-input":{"@type":"PropertyValueSpecification","valueRequired":true,"valueName":"search_term_string"}}],"inLanguage":"en-GB"},{"@type":"Organization","@id":"https:\/\/sanfeliz.es\/#organization","name":"Espacio Rural San Feliz","url":"https:\/\/sanfeliz.es\/","logo":{"@type":"ImageObject","inLanguage":"en-GB","@id":"https:\/\/sanfeliz.es\/#\/schema\/logo\/image\/","url":"https:\/\/sanfeliz.es\/wp-content\/uploads\/2023\/09\/logo-san-feliz-web.png","contentUrl":"https:\/\/sanfeliz.es\/wp-content\/uploads\/2023\/09\/logo-san-feliz-web.png","width":350,"height":124,"caption":"Espacio Rural San Feliz"},"image":{"@id":"https:\/\/sanfeliz.es\/#\/schema\/logo\/image\/"}}]}},"_links":{"self":[{"href":"https:\/\/sanfeliz.es\/en\/wp-json\/wp\/v2\/pages\/1037","targetHints":{"allow":["GET"]}}],"collection":[{"href":"https:\/\/sanfeliz.es\/en\/wp-json\/wp\/v2\/pages"}],"about":[{"href":"https:\/\/sanfeliz.es\/en\/wp-json\/wp\/v2\/types\/page"}],"author":[{"embeddable":true,"href":"https:\/\/sanfeliz.es\/en\/wp-json\/wp\/v2\/users\/1"}],"replies":[{"embeddable":true,"href":"https:\/\/sanfeliz.es\/en\/wp-json\/wp\/v2\/comments?post=1037"}],"version-history":[{"count":0,"href":"https:\/\/sanfeliz.es\/en\/wp-json\/wp\/v2\/pages\/1037\/revisions"}],"wp:attachment":[{"href":"https:\/\/sanfeliz.es\/en\/wp-json\/wp\/v2\/media?parent=1037"}],"curies":[{"name":"wp","href":"https:\/\/api.w.org\/{rel}","templated":true}]}}