{"id":1312,"date":"2023-10-31T15:09:24","date_gmt":"2023-10-31T14:09:24","guid":{"rendered":"https:\/\/sanfeliz.es\/?page_id=1312"},"modified":"2025-09-05T13:38:52","modified_gmt":"2025-09-05T11:38:52","slug":"blog","status":"publish","type":"page","link":"https:\/\/sanfeliz.es\/en\/blog\/","title":{"rendered":"Blog"},"content":{"rendered":"<div data-elementor-type=\"wp-page\" data-elementor-id=\"1312\" class=\"elementor elementor-1312\" data-elementor-post-type=\"page\">\n\t\t\t\t<div class=\"elementor-element elementor-element-d5cfde3 e-con-full e-flex e-con e-parent\" data-id=\"d5cfde3\" data-element_type=\"container\" data-e-type=\"container\" data-settings=\"{&quot;background_background&quot;:&quot;classic&quot;}\">\n\t\t\t\t<\/div>\n\t\t<div class=\"elementor-element elementor-element-2753b1f2 e-flex e-con-boxed e-con e-parent\" data-id=\"2753b1f2\" data-element_type=\"container\" data-e-type=\"container\">\n\t\t\t\t\t<div class=\"e-con-inner\">\n\t\t\t\t\t<\/div>\n\t\t\t\t<\/div>\n\t\t<div class=\"elementor-element elementor-element-f018458 e-flex e-con-boxed e-con e-parent\" data-id=\"f018458\" data-element_type=\"container\" data-e-type=\"container\">\n\t\t\t\t\t<div class=\"e-con-inner\">\n\t\t<div class=\"elementor-element elementor-element-61c59a0 e-con-full e-flex e-con e-child\" data-id=\"61c59a0\" data-element_type=\"container\" data-e-type=\"container\">\n\t\t\t\t<div class=\"elementor-element elementor-element-834fd4e elementor-grid-3 elementor-grid-tablet-2 elementor-grid-mobile-1 elementor-posts--thumbnail-top elementor-widget elementor-widget-posts\" data-id=\"834fd4e\" data-element_type=\"widget\" data-e-type=\"widget\" data-settings=\"{&quot;pagination_type&quot;:&quot;numbers&quot;,&quot;classic_columns&quot;:&quot;3&quot;,&quot;classic_columns_tablet&quot;:&quot;2&quot;,&quot;classic_columns_mobile&quot;:&quot;1&quot;,&quot;classic_row_gap&quot;:{&quot;unit&quot;:&quot;px&quot;,&quot;size&quot;:35,&quot;sizes&quot;:[]},&quot;classic_row_gap_tablet&quot;:{&quot;unit&quot;:&quot;px&quot;,&quot;size&quot;:&quot;&quot;,&quot;sizes&quot;:[]},&quot;classic_row_gap_mobile&quot;:{&quot;unit&quot;:&quot;px&quot;,&quot;size&quot;:&quot;&quot;,&quot;sizes&quot;:[]}}\" data-widget_type=\"posts.classic\">\n\t\t\t\t<div class=\"elementor-widget-container\">\n\t\t\t\t\t\t\t<div class=\"elementor-posts-container elementor-posts elementor-posts--skin-classic elementor-grid\" role=\"list\">\n\t\t\t\t<article class=\"elementor-post elementor-grid-item post-3161 post type-post status-publish format-standard has-post-thumbnail hentry category-sin-categoria\" role=\"listitem\">\n\t\t\t\t<a class=\"elementor-post__thumbnail__link\" href=\"https:\/\/sanfeliz.es\/en\/2025\/12\/17\/invierno-y-navidad-en-asturias-una-escapada-rural-en-san-feliz\/\" tabindex=\"-1\" >\n\t\t\t<div class=\"elementor-post__thumbnail\"><img fetchpriority=\"high\" decoding=\"async\" width=\"300\" height=\"300\" src=\"https:\/\/sanfeliz.es\/wp-content\/uploads\/2025\/12\/\u00a1San-Feliz-Navidad-300x300.jpg\" class=\"attachment-medium size-medium wp-image-3162\" alt=\"Navidades en Asturias\" srcset=\"https:\/\/sanfeliz.es\/wp-content\/uploads\/2025\/12\/\u00a1San-Feliz-Navidad-300x300.jpg 300w, https:\/\/sanfeliz.es\/wp-content\/uploads\/2025\/12\/\u00a1San-Feliz-Navidad-1024x1024.jpg 1024w, https:\/\/sanfeliz.es\/wp-content\/uploads\/2025\/12\/\u00a1San-Feliz-Navidad-150x150.jpg 150w, https:\/\/sanfeliz.es\/wp-content\/uploads\/2025\/12\/\u00a1San-Feliz-Navidad-768x768.jpg 768w, https:\/\/sanfeliz.es\/wp-content\/uploads\/2025\/12\/\u00a1San-Feliz-Navidad-12x12.jpg 12w, https:\/\/sanfeliz.es\/wp-content\/uploads\/2025\/12\/\u00a1San-Feliz-Navidad.jpg 1080w\" sizes=\"(max-width: 300px) 100vw, 300px\" \/><\/div>\n\t\t<\/a>\n\t\t\t\t<div class=\"elementor-post__text\">\n\t\t\t\t<h2 class=\"elementor-post__title\">\n\t\t\t<a href=\"https:\/\/sanfeliz.es\/en\/2025\/12\/17\/invierno-y-navidad-en-asturias-una-escapada-rural-en-san-feliz\/\" >\n\t\t\t\tInvierno y Navidad en Asturias: una escapada rural en San Feliz\t\t\t<\/a>\n\t\t<\/h2>\n\t\t\t\t<div class=\"elementor-post__excerpt\">\n\t\t\t<p>El invierno llega a San Feliz despacio, casi en silencio. El turismo rural en Asturias cobra un sentido especial en<\/p>\n\t\t<\/div>\n\t\t\t\t\t<div class=\"elementor-post__read-more-wrapper\">\n\t\t\n\t\t<a class=\"elementor-post__read-more\" href=\"https:\/\/sanfeliz.es\/en\/2025\/12\/17\/invierno-y-navidad-en-asturias-una-escapada-rural-en-san-feliz\/\" aria-label=\"Read more about Invierno y Navidad en Asturias: una escapada rural en San Feliz\" tabindex=\"-1\" >\n\t\t\tLeer m\u00e1s \u00bb\t\t<\/a>\n\n\t\t\t\t\t<\/div>\n\t\t\t\t<\/div>\n\t\t\t\t<\/article>\n\t\t\t\t<article class=\"elementor-post elementor-grid-item post-3046 post type-post status-publish format-standard has-post-thumbnail hentry category-blog\" role=\"listitem\">\n\t\t\t\t<a class=\"elementor-post__thumbnail__link\" href=\"https:\/\/sanfeliz.es\/en\/2025\/10\/23\/los-mejores-planes-para-otono-en-asturias\/\" tabindex=\"-1\" >\n\t\t\t<div class=\"elementor-post__thumbnail\"><img decoding=\"async\" width=\"225\" height=\"300\" src=\"https:\/\/sanfeliz.es\/wp-content\/uploads\/2025\/10\/02d131ef-84d6-4be2-90ed-788f0241a402-225x300.jpg\" class=\"attachment-medium size-medium wp-image-3048\" alt=\"Asturias en oto\u00f1o\" srcset=\"https:\/\/sanfeliz.es\/wp-content\/uploads\/2025\/10\/02d131ef-84d6-4be2-90ed-788f0241a402-225x300.jpg 225w, https:\/\/sanfeliz.es\/wp-content\/uploads\/2025\/10\/02d131ef-84d6-4be2-90ed-788f0241a402-768x1024.jpg 768w, https:\/\/sanfeliz.es\/wp-content\/uploads\/2025\/10\/02d131ef-84d6-4be2-90ed-788f0241a402-1152x1536.jpg 1152w, https:\/\/sanfeliz.es\/wp-content\/uploads\/2025\/10\/02d131ef-84d6-4be2-90ed-788f0241a402-9x12.jpg 9w, https:\/\/sanfeliz.es\/wp-content\/uploads\/2025\/10\/02d131ef-84d6-4be2-90ed-788f0241a402.jpg 1440w\" sizes=\"(max-width: 225px) 100vw, 225px\" \/><\/div>\n\t\t<\/a>\n\t\t\t\t<div class=\"elementor-post__text\">\n\t\t\t\t<h2 class=\"elementor-post__title\">\n\t\t\t<a href=\"https:\/\/sanfeliz.es\/en\/2025\/10\/23\/los-mejores-planes-para-otono-en-asturias\/\" >\n\t\t\t\tOto\u00f1o en Asturias: planes rurales para disfrutar la estaci\u00f3n m\u00e1s m\u00e1gica\t\t\t<\/a>\n\t\t<\/h2>\n\t\t\t\t<div class=\"elementor-post__excerpt\">\n\t\t\t<p>Cuando el verde intenso del verano se apaga y los bosques se visten de tonos ocres, dorados y rojizos, Asturias<\/p>\n\t\t<\/div>\n\t\t\t\t\t<div class=\"elementor-post__read-more-wrapper\">\n\t\t\n\t\t<a class=\"elementor-post__read-more\" href=\"https:\/\/sanfeliz.es\/en\/2025\/10\/23\/los-mejores-planes-para-otono-en-asturias\/\" aria-label=\"Read more about Oto\u00f1o en Asturias: planes rurales para disfrutar la estaci\u00f3n m\u00e1s m\u00e1gica\" tabindex=\"-1\" >\n\t\t\tLeer m\u00e1s \u00bb\t\t<\/a>\n\n\t\t\t\t\t<\/div>\n\t\t\t\t<\/div>\n\t\t\t\t<\/article>\n\t\t\t\t<article class=\"elementor-post elementor-grid-item post-2089 post type-post status-publish format-standard has-post-thumbnail hentry category-blog tag-apartamentos tag-apartamentosasturias tag-asturias tag-asturiasparaisonatural tag-feliz tag-lena tag-montanacentralasturias tag-naturaleza tag-rural tag-ruralife tag-sanfeliz tag-santacristinadelena-prerromanicoasturias-lenadestino tag-turismo tag-turismoasturias-senderismo-rutas-rutasasturias-familia-familiaviajera-petfriendly-ave\" role=\"listitem\">\n\t\t\t\t<a class=\"elementor-post__thumbnail__link\" href=\"https:\/\/sanfeliz.es\/en\/2024\/10\/08\/planes-para-hacer-el-puente-de-halloween-en-asturias\/\" tabindex=\"-1\" >\n\t\t\t<div class=\"elementor-post__thumbnail\"><img decoding=\"async\" width=\"225\" height=\"300\" src=\"https:\/\/sanfeliz.es\/wp-content\/uploads\/2023\/11\/IMG_6170-225x300.jpg\" class=\"attachment-medium size-medium wp-image-1428\" alt=\"Planes para oto\u00f1o en asturias\" srcset=\"https:\/\/sanfeliz.es\/wp-content\/uploads\/2023\/11\/IMG_6170-225x300.jpg 225w, https:\/\/sanfeliz.es\/wp-content\/uploads\/2023\/11\/IMG_6170-768x1024.jpg 768w, https:\/\/sanfeliz.es\/wp-content\/uploads\/2023\/11\/IMG_6170-1152x1536.jpg 1152w, https:\/\/sanfeliz.es\/wp-content\/uploads\/2023\/11\/IMG_6170.jpg 1440w\" sizes=\"(max-width: 225px) 100vw, 225px\" \/><\/div>\n\t\t<\/a>\n\t\t\t\t<div class=\"elementor-post__text\">\n\t\t\t\t<h2 class=\"elementor-post__title\">\n\t\t\t<a href=\"https:\/\/sanfeliz.es\/en\/2024\/10\/08\/planes-para-hacer-el-puente-de-halloween-en-asturias\/\" >\n\t\t\t\tPlanes para hacer el puente de Halloween en Asturias\t\t\t<\/a>\n\t\t<\/h2>\n\t\t\t\t<div class=\"elementor-post__excerpt\">\n\t\t\t<p>Lleg\u00f3 octubre y ya no queda nada para el puente m\u00e1s m\u00e1gico del a\u00f1o.\u00a0 El oto\u00f1o y Asturias\u2026 esos colores<\/p>\n\t\t<\/div>\n\t\t\t\t\t<div class=\"elementor-post__read-more-wrapper\">\n\t\t\n\t\t<a class=\"elementor-post__read-more\" href=\"https:\/\/sanfeliz.es\/en\/2024\/10\/08\/planes-para-hacer-el-puente-de-halloween-en-asturias\/\" aria-label=\"Read more about Planes para hacer el puente de Halloween en Asturias\" tabindex=\"-1\" >\n\t\t\tLeer m\u00e1s \u00bb\t\t<\/a>\n\n\t\t\t\t\t<\/div>\n\t\t\t\t<\/div>\n\t\t\t\t<\/article>\n\t\t\t\t<article class=\"elementor-post elementor-grid-item post-2060 post type-post status-publish format-standard has-post-thumbnail hentry category-blog tag-apartamentos tag-apartamentosasturias tag-asturias tag-asturiasparaisonatural tag-feliz tag-lena tag-montanacentralasturias tag-naturaleza tag-rural tag-ruralife tag-sanfeliz tag-turismo tag-turismoasturias-familia-familiaviajera-sostenibilidad-eco\" role=\"listitem\">\n\t\t\t\t<a class=\"elementor-post__thumbnail__link\" href=\"https:\/\/sanfeliz.es\/en\/2024\/09\/11\/entorno-y-sostenibilidad\/\" tabindex=\"-1\" >\n\t\t\t<div class=\"elementor-post__thumbnail\"><img loading=\"lazy\" decoding=\"async\" width=\"300\" height=\"200\" src=\"https:\/\/sanfeliz.es\/wp-content\/uploads\/2024\/09\/P1222036-300x200.jpg\" class=\"attachment-medium size-medium wp-image-2061\" alt=\"Sostenibilidad\" srcset=\"https:\/\/sanfeliz.es\/wp-content\/uploads\/2024\/09\/P1222036-300x200.jpg 300w, https:\/\/sanfeliz.es\/wp-content\/uploads\/2024\/09\/P1222036-1024x683.jpg 1024w, https:\/\/sanfeliz.es\/wp-content\/uploads\/2024\/09\/P1222036-768x512.jpg 768w, https:\/\/sanfeliz.es\/wp-content\/uploads\/2024\/09\/P1222036-1536x1024.jpg 1536w, https:\/\/sanfeliz.es\/wp-content\/uploads\/2024\/09\/P1222036.jpg 1920w\" sizes=\"(max-width: 300px) 100vw, 300px\" \/><\/div>\n\t\t<\/a>\n\t\t\t\t<div class=\"elementor-post__text\">\n\t\t\t\t<h2 class=\"elementor-post__title\">\n\t\t\t<a href=\"https:\/\/sanfeliz.es\/en\/2024\/09\/11\/entorno-y-sostenibilidad\/\" >\n\t\t\t\tEnvironment and sustainability\t\t\t<\/a>\n\t\t<\/h2>\n\t\t\t\t<div class=\"elementor-post__excerpt\">\n\t\t\t<p>En\u00a0Espacio Rural San Feliz\u00a0estamos plenamente concienciados de la necesidad de cuidar el medio ambiente y respetar nuestro entorno. Por ello,<\/p>\n\t\t<\/div>\n\t\t\t\t\t<div class=\"elementor-post__read-more-wrapper\">\n\t\t\n\t\t<a class=\"elementor-post__read-more\" href=\"https:\/\/sanfeliz.es\/en\/2024\/09\/11\/entorno-y-sostenibilidad\/\" aria-label=\"Read more about Entorno y sostenibilidad\" tabindex=\"-1\" >\n\t\t\tLeer m\u00e1s \u00bb\t\t<\/a>\n\n\t\t\t\t\t<\/div>\n\t\t\t\t<\/div>\n\t\t\t\t<\/article>\n\t\t\t\t<article class=\"elementor-post elementor-grid-item post-2042 post type-post status-publish format-standard has-post-thumbnail hentry category-blog tag-apartamentos tag-apartamentosasturias tag-asturias tag-asturiasparaisonatural tag-feliz tag-lena tag-montanacentralasturias tag-naturaleza tag-rural tag-ruralife tag-sanfeliz tag-turismo tag-turismoasturias-familia-familiaviajera-petfriendly-vacacionesenfamilia\" role=\"listitem\">\n\t\t\t\t<a class=\"elementor-post__thumbnail__link\" href=\"https:\/\/sanfeliz.es\/en\/2024\/07\/30\/eclipse-total-en-2026\/\" tabindex=\"-1\" >\n\t\t\t<div class=\"elementor-post__thumbnail\"><img loading=\"lazy\" decoding=\"async\" width=\"300\" height=\"232\" src=\"https:\/\/sanfeliz.es\/wp-content\/uploads\/2024\/07\/Captura-de-pantalla-2024-07-25-a-las-13.29.40-300x232.jpg\" class=\"attachment-medium size-medium wp-image-2043\" alt=\"\" srcset=\"https:\/\/sanfeliz.es\/wp-content\/uploads\/2024\/07\/Captura-de-pantalla-2024-07-25-a-las-13.29.40-300x232.jpg 300w, https:\/\/sanfeliz.es\/wp-content\/uploads\/2024\/07\/Captura-de-pantalla-2024-07-25-a-las-13.29.40.jpg 709w\" sizes=\"(max-width: 300px) 100vw, 300px\" \/><\/div>\n\t\t<\/a>\n\t\t\t\t<div class=\"elementor-post__text\">\n\t\t\t\t<h2 class=\"elementor-post__title\">\n\t\t\t<a href=\"https:\/\/sanfeliz.es\/en\/2024\/07\/30\/eclipse-total-en-2026\/\" >\n\t\t\t\tEclipse total en 2026\t\t\t<\/a>\n\t\t<\/h2>\n\t\t\t\t<div class=\"elementor-post__excerpt\">\n\t\t\t<p>El 12 de agosto de 2026, Espa\u00f1a ser\u00e1 uno de los mejores escenarios para visualizar un momento hist\u00f3rico, el Eclipse<\/p>\n\t\t<\/div>\n\t\t\t\t\t<div class=\"elementor-post__read-more-wrapper\">\n\t\t\n\t\t<a class=\"elementor-post__read-more\" href=\"https:\/\/sanfeliz.es\/en\/2024\/07\/30\/eclipse-total-en-2026\/\" aria-label=\"Read more about Eclipse total en 2026\" tabindex=\"-1\" >\n\t\t\tLeer m\u00e1s \u00bb\t\t<\/a>\n\n\t\t\t\t\t<\/div>\n\t\t\t\t<\/div>\n\t\t\t\t<\/article>\n\t\t\t\t<article class=\"elementor-post elementor-grid-item post-2025 post type-post status-publish format-standard has-post-thumbnail hentry category-blog tag-apartamentos tag-apartamentosasturias tag-asturias tag-asturiasparaisonatural tag-feliz tag-lena tag-montanacentralasturias tag-naturaleza tag-rural tag-ruralife tag-sanfeliz tag-turismo tag-turismoasturias-familia-familiaviajera-petfriendly-vacacionesenfamilia\" role=\"listitem\">\n\t\t\t\t<a class=\"elementor-post__thumbnail__link\" href=\"https:\/\/sanfeliz.es\/en\/2024\/07\/02\/todos-los-servicios-este-verano-en-san-feliz\/\" tabindex=\"-1\" >\n\t\t\t<div class=\"elementor-post__thumbnail\"><img loading=\"lazy\" decoding=\"async\" width=\"225\" height=\"300\" src=\"https:\/\/sanfeliz.es\/wp-content\/uploads\/2024\/07\/IMG_9688-225x300.jpg\" class=\"attachment-medium size-medium wp-image-2026\" alt=\"Trona y vajilla para bebes\" srcset=\"https:\/\/sanfeliz.es\/wp-content\/uploads\/2024\/07\/IMG_9688-225x300.jpg 225w, https:\/\/sanfeliz.es\/wp-content\/uploads\/2024\/07\/IMG_9688-768x1024.jpg 768w, https:\/\/sanfeliz.es\/wp-content\/uploads\/2024\/07\/IMG_9688-1152x1536.jpg 1152w, https:\/\/sanfeliz.es\/wp-content\/uploads\/2024\/07\/IMG_9688.jpg 1440w\" sizes=\"(max-width: 225px) 100vw, 225px\" \/><\/div>\n\t\t<\/a>\n\t\t\t\t<div class=\"elementor-post__text\">\n\t\t\t\t<h2 class=\"elementor-post__title\">\n\t\t\t<a href=\"https:\/\/sanfeliz.es\/en\/2024\/07\/02\/todos-los-servicios-este-verano-en-san-feliz\/\" >\n\t\t\t\tTodos los servicios este verano en San Feliz\t\t\t<\/a>\n\t\t<\/h2>\n\t\t\t\t<div class=\"elementor-post__excerpt\">\n\t\t\t<p>A San Feliz se viene a descansar, desconectar y pasar unos d\u00edas de relajaci\u00f3n y confort. Por eso, en Espacio<\/p>\n\t\t<\/div>\n\t\t\t\t\t<div class=\"elementor-post__read-more-wrapper\">\n\t\t\n\t\t<a class=\"elementor-post__read-more\" href=\"https:\/\/sanfeliz.es\/en\/2024\/07\/02\/todos-los-servicios-este-verano-en-san-feliz\/\" aria-label=\"Read more about Todos los servicios este verano en San Feliz\" tabindex=\"-1\" >\n\t\t\tLeer m\u00e1s \u00bb\t\t<\/a>\n\n\t\t\t\t\t<\/div>\n\t\t\t\t<\/div>\n\t\t\t\t<\/article>\n\t\t\t\t<\/div>\n\t\t\n\t\t\t\t<div class=\"e-load-more-anchor\" data-page=\"1\" data-max-page=\"4\" data-next-page=\"https:\/\/sanfeliz.es\/en\/wp-json\/wp\/v2\/pages\/1312\/page\/2\/\"><\/div>\n\t\t\t\t<nav class=\"elementor-pagination\" aria-label=\"Pagination\">\n\t\t\t<span aria-current=\"page\" class=\"page-numbers current\"><span class=\"elementor-screen-only\">Page<\/span>1<\/span>\n<a class=\"page-numbers\" href=\"https:\/\/sanfeliz.es\/en\/wp-json\/wp\/v2\/pages\/1312\/page\/2\/\"><span class=\"elementor-screen-only\">Page<\/span>2<\/a>\n<a class=\"page-numbers\" href=\"https:\/\/sanfeliz.es\/en\/wp-json\/wp\/v2\/pages\/1312\/page\/3\/\"><span class=\"elementor-screen-only\">Page<\/span>3<\/a>\n<a class=\"page-numbers\" href=\"https:\/\/sanfeliz.es\/en\/wp-json\/wp\/v2\/pages\/1312\/page\/4\/\"><span class=\"elementor-screen-only\">Page<\/span>4<\/a>\t\t<\/nav>\n\t\t\t\t\t\t<\/div>\n\t\t\t\t<\/div>\n\t\t\t\t<\/div>\n\t\t\t\t\t<\/div>\n\t\t\t\t<\/div>\n\t\t<div class=\"elementor-element elementor-element-fc1eff3 e-flex e-con-boxed e-con e-parent\" data-id=\"fc1eff3\" data-element_type=\"container\" data-e-type=\"container\">\n\t\t\t\t\t<div class=\"e-con-inner\">\n\t\t<div class=\"elementor-element elementor-element-d8ac69d e-con-full e-flex e-con e-child\" data-id=\"d8ac69d\" data-element_type=\"container\" data-e-type=\"container\">\n\t\t\t\t<\/div>\n\t\t\t\t\t<\/div>\n\t\t\t\t<\/div>\n\t\t\t\t<\/div>","protected":false},"excerpt":{"rendered":"","protected":false},"author":1,"featured_media":0,"parent":0,"menu_order":0,"comment_status":"closed","ping_status":"closed","template":"elementor_header_footer","meta":{"footnotes":""},"class_list":["post-1312","page","type-page","status-publish","hentry"],"yoast_head":"<!-- This site is optimized with the Yoast SEO plugin v27.4 - https:\/\/yoast.com\/product\/yoast-seo-wordpress\/ -->\n<title>Blog - Espacio Rural San Feliz<\/title>\n<meta name=\"description\" content=\"En el blog de los alojamientos rurales San Feliz contamos todas la novedades y noticias de acerca de nuestro alojamiento rural y su entorno\" \/>\n<meta name=\"robots\" content=\"index, follow, max-snippet:-1, max-image-preview:large, max-video-preview:-1\" \/>\n<link rel=\"canonical\" href=\"https:\/\/sanfeliz.es\/en\/blog\/\" \/>\n<meta property=\"og:locale\" content=\"en_GB\" \/>\n<meta property=\"og:type\" content=\"article\" \/>\n<meta property=\"og:title\" content=\"Blog - Espacio Rural San Feliz\" \/>\n<meta property=\"og:description\" content=\"En el blog de los alojamientos rurales San Feliz contamos todas la novedades y noticias de acerca de nuestro alojamiento rural y su entorno\" \/>\n<meta property=\"og:url\" content=\"https:\/\/sanfeliz.es\/en\/blog\/\" \/>\n<meta property=\"og:site_name\" content=\"Espacio Rural San Feliz\" \/>\n<meta property=\"article:modified_time\" content=\"2025-09-05T11:38:52+00:00\" \/>\n<meta name=\"twitter:card\" content=\"summary_large_image\" \/>\n<meta name=\"twitter:label1\" content=\"Estimated reading time\" \/>\n\t<meta name=\"twitter:data1\" content=\"5 minutes\" \/>\n<script type=\"application\/ld+json\" class=\"yoast-schema-graph\">{\"@context\":\"https:\\\/\\\/schema.org\",\"@graph\":[{\"@type\":\"WebPage\",\"@id\":\"https:\\\/\\\/sanfeliz.es\\\/blog\\\/\",\"url\":\"https:\\\/\\\/sanfeliz.es\\\/blog\\\/\",\"name\":\"Blog - Espacio Rural San Feliz\",\"isPartOf\":{\"@id\":\"https:\\\/\\\/sanfeliz.es\\\/#website\"},\"datePublished\":\"2023-10-31T14:09:24+00:00\",\"dateModified\":\"2025-09-05T11:38:52+00:00\",\"description\":\"En el blog de los alojamientos rurales San Feliz contamos todas la novedades y noticias de acerca de nuestro alojamiento rural y su entorno\",\"breadcrumb\":{\"@id\":\"https:\\\/\\\/sanfeliz.es\\\/blog\\\/#breadcrumb\"},\"inLanguage\":\"en-GB\",\"potentialAction\":[{\"@type\":\"ReadAction\",\"target\":[\"https:\\\/\\\/sanfeliz.es\\\/blog\\\/\"]}]},{\"@type\":\"BreadcrumbList\",\"@id\":\"https:\\\/\\\/sanfeliz.es\\\/blog\\\/#breadcrumb\",\"itemListElement\":[{\"@type\":\"ListItem\",\"position\":1,\"name\":\"Portada\",\"item\":\"https:\\\/\\\/sanfeliz.es\\\/\"},{\"@type\":\"ListItem\",\"position\":2,\"name\":\"Blog\"}]},{\"@type\":\"WebSite\",\"@id\":\"https:\\\/\\\/sanfeliz.es\\\/#website\",\"url\":\"https:\\\/\\\/sanfeliz.es\\\/\",\"name\":\"Espacio Rural San Feliz\",\"description\":\"Apartamentos rurales San feliz\",\"publisher\":{\"@id\":\"https:\\\/\\\/sanfeliz.es\\\/#organization\"},\"potentialAction\":[{\"@type\":\"SearchAction\",\"target\":{\"@type\":\"EntryPoint\",\"urlTemplate\":\"https:\\\/\\\/sanfeliz.es\\\/?s={search_term_string}\"},\"query-input\":{\"@type\":\"PropertyValueSpecification\",\"valueRequired\":true,\"valueName\":\"search_term_string\"}}],\"inLanguage\":\"en-GB\"},{\"@type\":\"Organization\",\"@id\":\"https:\\\/\\\/sanfeliz.es\\\/#organization\",\"name\":\"Espacio Rural San Feliz\",\"url\":\"https:\\\/\\\/sanfeliz.es\\\/\",\"logo\":{\"@type\":\"ImageObject\",\"inLanguage\":\"en-GB\",\"@id\":\"https:\\\/\\\/sanfeliz.es\\\/#\\\/schema\\\/logo\\\/image\\\/\",\"url\":\"https:\\\/\\\/sanfeliz.es\\\/wp-content\\\/uploads\\\/2023\\\/09\\\/logo-san-feliz-web.png\",\"contentUrl\":\"https:\\\/\\\/sanfeliz.es\\\/wp-content\\\/uploads\\\/2023\\\/09\\\/logo-san-feliz-web.png\",\"width\":350,\"height\":124,\"caption\":\"Espacio Rural San Feliz\"},\"image\":{\"@id\":\"https:\\\/\\\/sanfeliz.es\\\/#\\\/schema\\\/logo\\\/image\\\/\"}}]}<\/script>\n<!-- \/ Yoast SEO plugin. -->","yoast_head_json":{"title":"Blog - Espacio Rural San Feliz","description":"En el blog de los alojamientos rurales San Feliz contamos todas la novedades y noticias de acerca de nuestro alojamiento rural y su entorno","robots":{"index":"index","follow":"follow","max-snippet":"max-snippet:-1","max-image-preview":"max-image-preview:large","max-video-preview":"max-video-preview:-1"},"canonical":"https:\/\/sanfeliz.es\/en\/blog\/","og_locale":"en_GB","og_type":"article","og_title":"Blog - Espacio Rural San Feliz","og_description":"En el blog de los alojamientos rurales San Feliz contamos todas la novedades y noticias de acerca de nuestro alojamiento rural y su entorno","og_url":"https:\/\/sanfeliz.es\/en\/blog\/","og_site_name":"Espacio Rural San Feliz","article_modified_time":"2025-09-05T11:38:52+00:00","twitter_card":"summary_large_image","twitter_misc":{"Estimated reading time":"5 minutes"},"schema":{"@context":"https:\/\/schema.org","@graph":[{"@type":"WebPage","@id":"https:\/\/sanfeliz.es\/blog\/","url":"https:\/\/sanfeliz.es\/blog\/","name":"Blog - Espacio Rural San Feliz","isPartOf":{"@id":"https:\/\/sanfeliz.es\/#website"},"datePublished":"2023-10-31T14:09:24+00:00","dateModified":"2025-09-05T11:38:52+00:00","description":"En el blog de los alojamientos rurales San Feliz contamos todas la novedades y noticias de acerca de nuestro alojamiento rural y su entorno","breadcrumb":{"@id":"https:\/\/sanfeliz.es\/blog\/#breadcrumb"},"inLanguage":"en-GB","potentialAction":[{"@type":"ReadAction","target":["https:\/\/sanfeliz.es\/blog\/"]}]},{"@type":"BreadcrumbList","@id":"https:\/\/sanfeliz.es\/blog\/#breadcrumb","itemListElement":[{"@type":"ListItem","position":1,"name":"Portada","item":"https:\/\/sanfeliz.es\/"},{"@type":"ListItem","position":2,"name":"Blog"}]},{"@type":"WebSite","@id":"https:\/\/sanfeliz.es\/#website","url":"https:\/\/sanfeliz.es\/","name":"Espacio Rural San Feliz","description":"Apartamentos rurales San feliz","publisher":{"@id":"https:\/\/sanfeliz.es\/#organization"},"potentialAction":[{"@type":"SearchAction","target":{"@type":"EntryPoint","urlTemplate":"https:\/\/sanfeliz.es\/?s={search_term_string}"},"query-input":{"@type":"PropertyValueSpecification","valueRequired":true,"valueName":"search_term_string"}}],"inLanguage":"en-GB"},{"@type":"Organization","@id":"https:\/\/sanfeliz.es\/#organization","name":"Espacio Rural San Feliz","url":"https:\/\/sanfeliz.es\/","logo":{"@type":"ImageObject","inLanguage":"en-GB","@id":"https:\/\/sanfeliz.es\/#\/schema\/logo\/image\/","url":"https:\/\/sanfeliz.es\/wp-content\/uploads\/2023\/09\/logo-san-feliz-web.png","contentUrl":"https:\/\/sanfeliz.es\/wp-content\/uploads\/2023\/09\/logo-san-feliz-web.png","width":350,"height":124,"caption":"Espacio Rural San Feliz"},"image":{"@id":"https:\/\/sanfeliz.es\/#\/schema\/logo\/image\/"}}]}},"_links":{"self":[{"href":"https:\/\/sanfeliz.es\/en\/wp-json\/wp\/v2\/pages\/1312","targetHints":{"allow":["GET"]}}],"collection":[{"href":"https:\/\/sanfeliz.es\/en\/wp-json\/wp\/v2\/pages"}],"about":[{"href":"https:\/\/sanfeliz.es\/en\/wp-json\/wp\/v2\/types\/page"}],"author":[{"embeddable":true,"href":"https:\/\/sanfeliz.es\/en\/wp-json\/wp\/v2\/users\/1"}],"replies":[{"embeddable":true,"href":"https:\/\/sanfeliz.es\/en\/wp-json\/wp\/v2\/comments?post=1312"}],"version-history":[{"count":0,"href":"https:\/\/sanfeliz.es\/en\/wp-json\/wp\/v2\/pages\/1312\/revisions"}],"wp:attachment":[{"href":"https:\/\/sanfeliz.es\/en\/wp-json\/wp\/v2\/media?parent=1312"}],"curies":[{"name":"wp","href":"https:\/\/api.w.org\/{rel}","templated":true}]}}