{"id":1435,"date":"2023-11-20T12:03:10","date_gmt":"2023-11-20T11:03:10","guid":{"rendered":"https:\/\/sanfeliz.es\/?page_id=1435"},"modified":"2025-02-23T13:08:21","modified_gmt":"2025-02-23T12:08:21","slug":"accesibilidad","status":"publish","type":"page","link":"https:\/\/sanfeliz.es\/en\/accesibilidad\/","title":{"rendered":"Accessibility"},"content":{"rendered":"<div data-elementor-type=\"wp-page\" data-elementor-id=\"1435\" class=\"elementor elementor-1435\" data-elementor-post-type=\"page\">\n\t\t\t\t<div class=\"elementor-element elementor-element-d5cfde3 e-con-full e-flex e-con e-parent\" data-id=\"d5cfde3\" data-element_type=\"container\" data-e-type=\"container\" data-settings=\"{&quot;background_background&quot;:&quot;classic&quot;}\">\n\t\t\t\t<\/div>\n\t\t<div class=\"elementor-element elementor-element-2753b1f2 e-flex e-con-boxed e-con e-parent\" data-id=\"2753b1f2\" data-element_type=\"container\" data-e-type=\"container\">\n\t\t\t\t\t<div class=\"e-con-inner\">\n\t\t<div class=\"elementor-element elementor-element-61866bb6 e-con-full e-flex e-con e-child\" data-id=\"61866bb6\" data-element_type=\"container\" data-e-type=\"container\">\n\t\t\t\t<div class=\"elementor-element elementor-element-60dbb3a elementor-widget elementor-widget-text-editor\" data-id=\"60dbb3a\" data-element_type=\"widget\" data-e-type=\"widget\" data-widget_type=\"text-editor.default\">\n\t\t\t\t<div class=\"elementor-widget-container\">\n\t\t\t\t\t\t\t\t\t<p class=\"p1\">Elena N\u00fa\u00f1ez Mart\u00ednez \/SAN FELIZ) se ha comprometido a hacer accesible su sitio web, de conformidad con el <a title=\"Ir al Real Decreto 1112\/2018\" href=\"https:\/\/www.boe.es\/eli\/es\/rd\/2018\/09\/07\/1112\" target=\"_blank\" rel=\"noopener\">Real Decreto 1112\/2018, de 7 de septiembre, sobre accesibilidad de los sitios web y aplicaciones para dispositivos m\u00f3viles del sector p\u00fablico<\/a>.<\/p><p>La presente declaraci\u00f3n de accesibilidad se aplica al sitio web <a href=\"https:\/\/sanfeliz.es\/en\/\">https:\/\/sanfeliz.es<\/a><\/p><p class=\"p2\"><b>SITUACI\u00d3N DE CUMPLIMIENTO<\/b><\/p><p class=\"p2\">Este sitio web est\u00e1 plenamente conforme con las pautas WCAG 2.1 seg\u00fan un nivel de an\u00e1lisis AA.<\/p><p><b>PREPARACI\u00d3N DE LA PRESENTE DECLARACI\u00d3N DE CONFORMIDAD<\/b><\/p><p>La presente declaraci\u00f3n fue preparada el 20 de noviembre de 2023.<\/p><p>El m\u00e9todo empleado para preparar la declaraci\u00f3n ha sido una autoevaluaci\u00f3n llevada a cabo por la empresa encargada de la ejecuci\u00f3n del sitio web.<\/p><p>\u00daltima revisi\u00f3n de la declaraci\u00f3n: 20 de noviembre de 2023.<\/p><p><b>OBSERVACIONES Y DATOS DE CONTACTO<\/b><\/p><p>Puede realizar comunicaciones sobre requisitos de accesibilidad (art\u00edculo 10.2.a) del RD 1112\/2018) como por ejemplo:<\/p><ul><li>Informar sobre cualquier posible incumplimiento por parte de este sitio web<\/li><li>Transmitir otras dificultades de acceso al contenido<\/li><li>Formular cualquier otra consulta o sugerencia de mejora relativa a la accesibilidad del sitio web<\/li><\/ul><p>A trav\u00e9s del correo info@sanfeliz.es<\/p><p>Puede presentar:<\/p><ul><li>Una queja relativa al cumplimiento de los requisitos del RD 1112\/2018 o<\/li><li>Una solicitud de informaci\u00f3n accesible relativa a:<br \/>Contenidos que est\u00e1n excluidos del \u00e1mbito de aplicaci\u00f3n del RD 1112\/2018 seg\u00fan lo establecido por el art\u00edculo 3, apartado 4.<br \/>Contenidos que est\u00e1n exentos del cumplimiento de los requisitos de accesibilidad por imponer una carga desproporcionada.<\/li><\/ul><p>En la solicitud de informaci\u00f3n accesible, se debe concretar, con toda claridad, los hechos, razones y petici\u00f3n que permitan constatar que se trata de una solicitud razonable y leg\u00edtima.<\/p><p>Las comunicaciones, quejas y solicitudes de informaci\u00f3n accesible ser\u00e1n recibidas y tratadas por Elena N\u00fa\u00f1ez Mart\u00ednez.<\/p><p><strong>PROCEDIMIENTO DE APLICACI\u00d3N<\/strong><\/p><p>En caso de no verse atendidas las solicitudes, podr\u00e1 dirigir una comunicaci\u00f3n a comunicados@accesibilidad.com.es, dirigida en atenci\u00f3n a la Direcci\u00f3n de la organizaci\u00f3n.<\/p><p><strong>CONTENIDO OPCIONAL<\/strong><\/p><p>Resumen an\u00e1lisis tawdis.net:<\/p><p><img fetchpriority=\"high\" decoding=\"async\" class=\"alignnone wp-image-1470 size-full\" src=\"https:\/\/sanfeliz.es\/wp-content\/uploads\/2023\/11\/accesibilidad-sanfeliz-1.jpg\" alt=\"Accesibilidad San Feliz\" width=\"1153\" height=\"309\" srcset=\"https:\/\/sanfeliz.es\/wp-content\/uploads\/2023\/11\/accesibilidad-sanfeliz-1.jpg 1153w, https:\/\/sanfeliz.es\/wp-content\/uploads\/2023\/11\/accesibilidad-sanfeliz-1-300x80.jpg 300w, https:\/\/sanfeliz.es\/wp-content\/uploads\/2023\/11\/accesibilidad-sanfeliz-1-1024x274.jpg 1024w, https:\/\/sanfeliz.es\/wp-content\/uploads\/2023\/11\/accesibilidad-sanfeliz-1-768x206.jpg 768w\" sizes=\"(max-width: 1153px) 100vw, 1153px\" \/><\/p>\t\t\t\t\t\t\t\t<\/div>\n\t\t\t\t<\/div>\n\t\t\t\t<\/div>\n\t\t\t\t\t<\/div>\n\t\t\t\t<\/div>\n\t\t\t\t<\/div>","protected":false},"excerpt":{"rendered":"<p>Elena N\u00fa\u00f1ez Mart\u00ednez \/SAN FELIZ) se ha comprometido a hacer accesible su sitio web, de conformidad con el Real Decreto 1112\/2018, de 7 de septiembre, sobre accesibilidad de los sitios web y aplicaciones para dispositivos m\u00f3viles del sector p\u00fablico. La presente declaraci\u00f3n de accesibilidad se aplica al sitio web https:\/\/sanfeliz.es SITUACI\u00d3N DE CUMPLIMIENTO Este sitio [&hellip;]<\/p>\n","protected":false},"author":2,"featured_media":0,"parent":0,"menu_order":0,"comment_status":"closed","ping_status":"closed","template":"elementor_header_footer","meta":{"footnotes":""},"class_list":["post-1435","page","type-page","status-publish","hentry"],"yoast_head":"<!-- This site is optimized with the Yoast SEO plugin v27.5 - https:\/\/yoast.com\/product\/yoast-seo-wordpress\/ -->\n<title>Accesibilidad - Espacio Rural San Feliz<\/title>\n<meta name=\"description\" content=\"En los Alojamientos rurales San Feliz estamos comprometidos con la accesibilidad y que remos que este sitio web sea accesible para todos\" \/>\n<meta name=\"robots\" content=\"index, follow, max-snippet:-1, max-image-preview:large, max-video-preview:-1\" \/>\n<link rel=\"canonical\" href=\"https:\/\/sanfeliz.es\/en\/accesibilidad\/\" \/>\n<meta property=\"og:locale\" content=\"en_GB\" \/>\n<meta property=\"og:type\" content=\"article\" \/>\n<meta property=\"og:title\" content=\"Accesibilidad - Espacio Rural San Feliz\" \/>\n<meta property=\"og:description\" content=\"En los Alojamientos rurales San Feliz estamos comprometidos con la accesibilidad y que remos que este sitio web sea accesible para todos\" \/>\n<meta property=\"og:url\" content=\"https:\/\/sanfeliz.es\/en\/accesibilidad\/\" \/>\n<meta property=\"og:site_name\" content=\"Espacio Rural San Feliz\" \/>\n<meta property=\"article:modified_time\" content=\"2025-02-23T12:08:21+00:00\" \/>\n<meta property=\"og:image\" content=\"https:\/\/sanfeliz.es\/wp-content\/uploads\/2023\/11\/accesibilidad-sanfeliz-1.jpg\" \/>\n\t<meta property=\"og:image:width\" content=\"1153\" \/>\n\t<meta property=\"og:image:height\" content=\"309\" \/>\n\t<meta property=\"og:image:type\" content=\"image\/jpeg\" \/>\n<meta name=\"twitter:card\" content=\"summary_large_image\" \/>\n<meta name=\"twitter:label1\" content=\"Estimated reading time\" \/>\n\t<meta name=\"twitter:data1\" content=\"2 minutes\" \/>\n<script type=\"application\/ld+json\" class=\"yoast-schema-graph\">{\"@context\":\"https:\\\/\\\/schema.org\",\"@graph\":[{\"@type\":\"WebPage\",\"@id\":\"https:\\\/\\\/sanfeliz.es\\\/accesibilidad\\\/\",\"url\":\"https:\\\/\\\/sanfeliz.es\\\/accesibilidad\\\/\",\"name\":\"Accesibilidad - Espacio Rural San Feliz\",\"isPartOf\":{\"@id\":\"https:\\\/\\\/sanfeliz.es\\\/#website\"},\"primaryImageOfPage\":{\"@id\":\"https:\\\/\\\/sanfeliz.es\\\/accesibilidad\\\/#primaryimage\"},\"image\":{\"@id\":\"https:\\\/\\\/sanfeliz.es\\\/accesibilidad\\\/#primaryimage\"},\"thumbnailUrl\":\"https:\\\/\\\/sanfeliz.es\\\/wp-content\\\/uploads\\\/2023\\\/11\\\/accesibilidad-sanfeliz-1.jpg\",\"datePublished\":\"2023-11-20T11:03:10+00:00\",\"dateModified\":\"2025-02-23T12:08:21+00:00\",\"description\":\"En los Alojamientos rurales San Feliz estamos comprometidos con la accesibilidad y que remos que este sitio web sea accesible para todos\",\"breadcrumb\":{\"@id\":\"https:\\\/\\\/sanfeliz.es\\\/accesibilidad\\\/#breadcrumb\"},\"inLanguage\":\"en-GB\",\"potentialAction\":[{\"@type\":\"ReadAction\",\"target\":[\"https:\\\/\\\/sanfeliz.es\\\/accesibilidad\\\/\"]}]},{\"@type\":\"ImageObject\",\"inLanguage\":\"en-GB\",\"@id\":\"https:\\\/\\\/sanfeliz.es\\\/accesibilidad\\\/#primaryimage\",\"url\":\"https:\\\/\\\/sanfeliz.es\\\/wp-content\\\/uploads\\\/2023\\\/11\\\/accesibilidad-sanfeliz-1.jpg\",\"contentUrl\":\"https:\\\/\\\/sanfeliz.es\\\/wp-content\\\/uploads\\\/2023\\\/11\\\/accesibilidad-sanfeliz-1.jpg\"},{\"@type\":\"BreadcrumbList\",\"@id\":\"https:\\\/\\\/sanfeliz.es\\\/accesibilidad\\\/#breadcrumb\",\"itemListElement\":[{\"@type\":\"ListItem\",\"position\":1,\"name\":\"Portada\",\"item\":\"https:\\\/\\\/sanfeliz.es\\\/\"},{\"@type\":\"ListItem\",\"position\":2,\"name\":\"Accesibilidad\"}]},{\"@type\":\"WebSite\",\"@id\":\"https:\\\/\\\/sanfeliz.es\\\/#website\",\"url\":\"https:\\\/\\\/sanfeliz.es\\\/\",\"name\":\"Espacio Rural San Feliz\",\"description\":\"Apartamentos rurales San feliz\",\"publisher\":{\"@id\":\"https:\\\/\\\/sanfeliz.es\\\/#organization\"},\"potentialAction\":[{\"@type\":\"SearchAction\",\"target\":{\"@type\":\"EntryPoint\",\"urlTemplate\":\"https:\\\/\\\/sanfeliz.es\\\/?s={search_term_string}\"},\"query-input\":{\"@type\":\"PropertyValueSpecification\",\"valueRequired\":true,\"valueName\":\"search_term_string\"}}],\"inLanguage\":\"en-GB\"},{\"@type\":\"Organization\",\"@id\":\"https:\\\/\\\/sanfeliz.es\\\/#organization\",\"name\":\"Espacio Rural San Feliz\",\"url\":\"https:\\\/\\\/sanfeliz.es\\\/\",\"logo\":{\"@type\":\"ImageObject\",\"inLanguage\":\"en-GB\",\"@id\":\"https:\\\/\\\/sanfeliz.es\\\/#\\\/schema\\\/logo\\\/image\\\/\",\"url\":\"https:\\\/\\\/sanfeliz.es\\\/wp-content\\\/uploads\\\/2023\\\/09\\\/logo-san-feliz-web.png\",\"contentUrl\":\"https:\\\/\\\/sanfeliz.es\\\/wp-content\\\/uploads\\\/2023\\\/09\\\/logo-san-feliz-web.png\",\"width\":350,\"height\":124,\"caption\":\"Espacio Rural San Feliz\"},\"image\":{\"@id\":\"https:\\\/\\\/sanfeliz.es\\\/#\\\/schema\\\/logo\\\/image\\\/\"}}]}<\/script>\n<!-- \/ Yoast SEO plugin. -->","yoast_head_json":{"title":"Accesibilidad - Espacio Rural San Feliz","description":"En los Alojamientos rurales San Feliz estamos comprometidos con la accesibilidad y que remos que este sitio web sea accesible para todos","robots":{"index":"index","follow":"follow","max-snippet":"max-snippet:-1","max-image-preview":"max-image-preview:large","max-video-preview":"max-video-preview:-1"},"canonical":"https:\/\/sanfeliz.es\/en\/accesibilidad\/","og_locale":"en_GB","og_type":"article","og_title":"Accesibilidad - Espacio Rural San Feliz","og_description":"En los Alojamientos rurales San Feliz estamos comprometidos con la accesibilidad y que remos que este sitio web sea accesible para todos","og_url":"https:\/\/sanfeliz.es\/en\/accesibilidad\/","og_site_name":"Espacio Rural San Feliz","article_modified_time":"2025-02-23T12:08:21+00:00","og_image":[{"width":1153,"height":309,"url":"https:\/\/sanfeliz.es\/wp-content\/uploads\/2023\/11\/accesibilidad-sanfeliz-1.jpg","type":"image\/jpeg"}],"twitter_card":"summary_large_image","twitter_misc":{"Estimated reading time":"2 minutes"},"schema":{"@context":"https:\/\/schema.org","@graph":[{"@type":"WebPage","@id":"https:\/\/sanfeliz.es\/accesibilidad\/","url":"https:\/\/sanfeliz.es\/accesibilidad\/","name":"Accesibilidad - Espacio Rural San Feliz","isPartOf":{"@id":"https:\/\/sanfeliz.es\/#website"},"primaryImageOfPage":{"@id":"https:\/\/sanfeliz.es\/accesibilidad\/#primaryimage"},"image":{"@id":"https:\/\/sanfeliz.es\/accesibilidad\/#primaryimage"},"thumbnailUrl":"https:\/\/sanfeliz.es\/wp-content\/uploads\/2023\/11\/accesibilidad-sanfeliz-1.jpg","datePublished":"2023-11-20T11:03:10+00:00","dateModified":"2025-02-23T12:08:21+00:00","description":"En los Alojamientos rurales San Feliz estamos comprometidos con la accesibilidad y que remos que este sitio web sea accesible para todos","breadcrumb":{"@id":"https:\/\/sanfeliz.es\/accesibilidad\/#breadcrumb"},"inLanguage":"en-GB","potentialAction":[{"@type":"ReadAction","target":["https:\/\/sanfeliz.es\/accesibilidad\/"]}]},{"@type":"ImageObject","inLanguage":"en-GB","@id":"https:\/\/sanfeliz.es\/accesibilidad\/#primaryimage","url":"https:\/\/sanfeliz.es\/wp-content\/uploads\/2023\/11\/accesibilidad-sanfeliz-1.jpg","contentUrl":"https:\/\/sanfeliz.es\/wp-content\/uploads\/2023\/11\/accesibilidad-sanfeliz-1.jpg"},{"@type":"BreadcrumbList","@id":"https:\/\/sanfeliz.es\/accesibilidad\/#breadcrumb","itemListElement":[{"@type":"ListItem","position":1,"name":"Portada","item":"https:\/\/sanfeliz.es\/"},{"@type":"ListItem","position":2,"name":"Accesibilidad"}]},{"@type":"WebSite","@id":"https:\/\/sanfeliz.es\/#website","url":"https:\/\/sanfeliz.es\/","name":"Espacio Rural San Feliz","description":"Apartamentos rurales San feliz","publisher":{"@id":"https:\/\/sanfeliz.es\/#organization"},"potentialAction":[{"@type":"SearchAction","target":{"@type":"EntryPoint","urlTemplate":"https:\/\/sanfeliz.es\/?s={search_term_string}"},"query-input":{"@type":"PropertyValueSpecification","valueRequired":true,"valueName":"search_term_string"}}],"inLanguage":"en-GB"},{"@type":"Organization","@id":"https:\/\/sanfeliz.es\/#organization","name":"Espacio Rural San Feliz","url":"https:\/\/sanfeliz.es\/","logo":{"@type":"ImageObject","inLanguage":"en-GB","@id":"https:\/\/sanfeliz.es\/#\/schema\/logo\/image\/","url":"https:\/\/sanfeliz.es\/wp-content\/uploads\/2023\/09\/logo-san-feliz-web.png","contentUrl":"https:\/\/sanfeliz.es\/wp-content\/uploads\/2023\/09\/logo-san-feliz-web.png","width":350,"height":124,"caption":"Espacio Rural San Feliz"},"image":{"@id":"https:\/\/sanfeliz.es\/#\/schema\/logo\/image\/"}}]}},"_links":{"self":[{"href":"https:\/\/sanfeliz.es\/en\/wp-json\/wp\/v2\/pages\/1435","targetHints":{"allow":["GET"]}}],"collection":[{"href":"https:\/\/sanfeliz.es\/en\/wp-json\/wp\/v2\/pages"}],"about":[{"href":"https:\/\/sanfeliz.es\/en\/wp-json\/wp\/v2\/types\/page"}],"author":[{"embeddable":true,"href":"https:\/\/sanfeliz.es\/en\/wp-json\/wp\/v2\/users\/2"}],"replies":[{"embeddable":true,"href":"https:\/\/sanfeliz.es\/en\/wp-json\/wp\/v2\/comments?post=1435"}],"version-history":[{"count":0,"href":"https:\/\/sanfeliz.es\/en\/wp-json\/wp\/v2\/pages\/1435\/revisions"}],"wp:attachment":[{"href":"https:\/\/sanfeliz.es\/en\/wp-json\/wp\/v2\/media?parent=1435"}],"curies":[{"name":"wp","href":"https:\/\/api.w.org\/{rel}","templated":true}]}}