{"id":3145,"date":"2025-12-09T15:33:19","date_gmt":"2025-12-09T14:33:19","guid":{"rendered":"https:\/\/sanfeliz.es\/?page_id=3145"},"modified":"2026-01-21T16:12:21","modified_gmt":"2026-01-21T15:12:21","slug":"alojamientos-pola-de-lena-san-feliz","status":"publish","type":"page","link":"https:\/\/sanfeliz.es\/en\/alojamientos-pola-de-lena-san-feliz\/","title":{"rendered":"Alojamiento en Pola de Lena &#8211; San Feliz"},"content":{"rendered":"\t\t<div data-elementor-type=\"wp-page\" data-elementor-id=\"3145\" class=\"elementor elementor-3145\" data-elementor-post-type=\"page\">\n\t\t\t\t<div class=\"elementor-element elementor-element-41438088 e-flex e-con-boxed e-con e-parent\" data-id=\"41438088\" data-element_type=\"container\" data-e-type=\"container\">\n\t\t\t\t\t<div class=\"e-con-inner\">\n\t\t\t\t<div class=\"elementor-element elementor-element-57d9278 elementor-widget elementor-widget-text-editor\" data-id=\"57d9278\" data-element_type=\"widget\" data-e-type=\"widget\" data-widget_type=\"text-editor.default\">\n\t\t\t\t<div class=\"elementor-widget-container\">\n\t\t\t\t\t\t\t\t\t<h2 data-start=\"333\" data-end=\"402\">Un alojamiento en Pola de Lena con encanto y esencia asturiana<\/h2><p data-start=\"404\" data-end=\"912\">Elegir un <strong data-start=\"414\" data-end=\"445\">alojamiento en Pola de Lena<\/strong> es apostar por un entorno donde la naturaleza, la tranquilidad y la tradici\u00f3n asturiana se combinan a la perfecci\u00f3n. En <strong data-start=\"566\" data-end=\"593\">Espacio Rural San Feliz<\/strong>, ubicado en un peque\u00f1o y cuidado n\u00facleo rural, te ofrecemos una experiencia aut\u00e9ntica, dise\u00f1ada para quienes buscan desconexi\u00f3n sin renunciar al confort. Nuestro alojamiento se sit\u00faa a pocos minutos de Pola de Lena, un punto estrat\u00e9gico en el centro de Asturias ideal para explorar monta\u00f1as, valles y rutas culturales.<\/p><p data-start=\"914\" data-end=\"1232\">Pola de Lena destaca por su buena comunicaci\u00f3n y su cercan\u00eda a espacios naturales emblem\u00e1ticos como el <strong data-start=\"1017\" data-end=\"1057\">Parque Natural de Las Ubi\u00f1as-La Mesa<\/strong>, declarado Reserva de la Biosfera. Por ello, descansar en un alojamiento acogedor y bien ubicado como el nuestro se convierte en la opci\u00f3n perfecta para disfrutar de la zona.<\/p><p data-start=\"996\" data-end=\"1320\">Ubicados en plena naturaleza y rodeados de paisaje verde, ofrecemos un alojamiento acogedor, luminoso y pensado para disfrutar. Tanto si buscas una escapada en pareja como unas vacaciones en familia o un fin de semana diferente con amigos, en San Feliz encontrar\u00e1s un lugar donde respirar, descansar y sentirte como en casa.<\/p>\t\t\t\t\t\t\t\t<\/div>\n\t\t\t\t<\/div>\n\t\t\t\t\t<\/div>\n\t\t\t\t<\/div>\n\t\t<div class=\"elementor-element elementor-element-f0d6d28 e-flex e-con-boxed e-con e-parent\" data-id=\"f0d6d28\" data-element_type=\"container\" data-e-type=\"container\">\n\t\t\t\t\t<div class=\"e-con-inner\">\n\t\t<div class=\"elementor-element elementor-element-7f02c2d e-con-full e-flex e-con e-child\" data-id=\"7f02c2d\" data-element_type=\"container\" data-e-type=\"container\">\n\t\t\t\t<div class=\"elementor-element elementor-element-0bbf53a elementor-widget elementor-widget-image\" data-id=\"0bbf53a\" data-element_type=\"widget\" data-e-type=\"widget\" data-widget_type=\"image.default\">\n\t\t\t\t<div class=\"elementor-widget-container\">\n\t\t\t\t\t\t\t\t\t\t\t\t\t\t\t<img fetchpriority=\"high\" decoding=\"async\" width=\"768\" height=\"512\" src=\"https:\/\/sanfeliz.es\/wp-content\/uploads\/2025\/11\/P1221910-768x512.jpg\" class=\"attachment-medium_large size-medium_large wp-image-3115\" alt=\"apartamentos rurales\" srcset=\"https:\/\/sanfeliz.es\/wp-content\/uploads\/2025\/11\/P1221910-768x512.jpg 768w, https:\/\/sanfeliz.es\/wp-content\/uploads\/2025\/11\/P1221910-300x200.jpg 300w, https:\/\/sanfeliz.es\/wp-content\/uploads\/2025\/11\/P1221910-1024x683.jpg 1024w, https:\/\/sanfeliz.es\/wp-content\/uploads\/2025\/11\/P1221910-1536x1024.jpg 1536w, https:\/\/sanfeliz.es\/wp-content\/uploads\/2025\/11\/P1221910-18x12.jpg 18w, https:\/\/sanfeliz.es\/wp-content\/uploads\/2025\/11\/P1221910.jpg 1920w\" sizes=\"(max-width: 768px) 100vw, 768px\" \/>\t\t\t\t\t\t\t\t\t\t\t\t\t\t\t<\/div>\n\t\t\t\t<\/div>\n\t\t\t\t<div class=\"elementor-element elementor-element-541429d elementor-widget elementor-widget-spacer\" data-id=\"541429d\" data-element_type=\"widget\" data-e-type=\"widget\" data-widget_type=\"spacer.default\">\n\t\t\t\t<div class=\"elementor-widget-container\">\n\t\t\t\t\t\t\t<div class=\"elementor-spacer\">\n\t\t\t<div class=\"elementor-spacer-inner\"><\/div>\n\t\t<\/div>\n\t\t\t\t\t\t<\/div>\n\t\t\t\t<\/div>\n\t\t\t\t<\/div>\n\t\t\t\t\t<\/div>\n\t\t\t\t<\/div>\n\t\t<div class=\"elementor-element elementor-element-41adba9 e-flex e-con-boxed e-con e-parent\" data-id=\"41adba9\" data-element_type=\"container\" data-e-type=\"container\">\n\t\t\t\t\t<div class=\"e-con-inner\">\n\t\t<div class=\"elementor-element elementor-element-0de30d8 e-con-full e-flex e-con e-child\" data-id=\"0de30d8\" data-element_type=\"container\" data-e-type=\"container\">\n\t\t\t\t<div class=\"elementor-element elementor-element-5881719 elementor-widget elementor-widget-spacer\" data-id=\"5881719\" data-element_type=\"widget\" data-e-type=\"widget\" data-widget_type=\"spacer.default\">\n\t\t\t\t<div class=\"elementor-widget-container\">\n\t\t\t\t\t\t\t<div class=\"elementor-spacer\">\n\t\t\t<div class=\"elementor-spacer-inner\"><\/div>\n\t\t<\/div>\n\t\t\t\t\t\t<\/div>\n\t\t\t\t<\/div>\n\t\t\t\t<div class=\"elementor-element elementor-element-b444787 elementor-widget elementor-widget-text-editor\" data-id=\"b444787\" data-element_type=\"widget\" data-e-type=\"widget\" data-widget_type=\"text-editor.default\">\n\t\t\t\t<div class=\"elementor-widget-container\">\n\t\t\t\t\t\t\t\t\t<h2 data-start=\"808\" data-end=\"872\">Un alojamiento en Pola de Lena con encanto y esencia asturiana<\/h2><p data-start=\"1642\" data-end=\"2044\">En Espacio Rural San Feliz cuidamos cada detalle para que tu estancia sea inolvidable. Nuestro alojamiento combina estilo r\u00fastico, comodidad y un ambiente c\u00e1lido que invita a relajarse desde el primer momento. La restauraci\u00f3n de la casa y sus espacios exteriores se ha realizado respetando la arquitectura tradicional asturiana, manteniendo elementos originales y armoniz\u00e1ndolos con servicios modernos.<\/p>\t\t\t\t\t\t\t\t<\/div>\n\t\t\t\t<\/div>\n\t\t\t\t<\/div>\n\t\t\t\t\t<\/div>\n\t\t\t\t<\/div>\n\t\t<div class=\"elementor-element elementor-element-b668e86 e-flex e-con-boxed e-con e-parent\" data-id=\"b668e86\" data-element_type=\"container\" data-e-type=\"container\">\n\t\t\t\t\t<div class=\"e-con-inner\">\n\t\t<div class=\"elementor-element elementor-element-731e82c e-con-full e-flex e-con e-child\" data-id=\"731e82c\" data-element_type=\"container\" data-e-type=\"container\">\n\t\t\t\t<div class=\"elementor-element elementor-element-3f62ed2 elementor-widget elementor-widget-spacer\" data-id=\"3f62ed2\" data-element_type=\"widget\" data-e-type=\"widget\" data-widget_type=\"spacer.default\">\n\t\t\t\t<div class=\"elementor-widget-container\">\n\t\t\t\t\t\t\t<div class=\"elementor-spacer\">\n\t\t\t<div class=\"elementor-spacer-inner\"><\/div>\n\t\t<\/div>\n\t\t\t\t\t\t<\/div>\n\t\t\t\t<\/div>\n\t\t\t\t<\/div>\n\t\t\t\t\t<\/div>\n\t\t\t\t<\/div>\n\t\t<div class=\"elementor-element elementor-element-bda33bc e-flex e-con-boxed e-con e-parent\" data-id=\"bda33bc\" data-element_type=\"container\" data-e-type=\"container\">\n\t\t\t\t\t<div class=\"e-con-inner\">\n\t\t<div class=\"elementor-element elementor-element-b69bfe2 e-con-full e-flex e-con e-child\" data-id=\"b69bfe2\" data-element_type=\"container\" data-e-type=\"container\">\n\t\t\t\t<div class=\"elementor-element elementor-element-fa328f3 elementor-widget elementor-widget-text-editor\" data-id=\"fa328f3\" data-element_type=\"widget\" data-e-type=\"widget\" data-widget_type=\"text-editor.default\">\n\t\t\t\t<div class=\"elementor-widget-container\">\n\t\t\t\t\t\t\t\t\t<h2 data-start=\"1637\" data-end=\"1708\">Un alojamiento rural pensado para el descanso<\/h2><h3>Habitaciones amplias y confortables<\/h3><p data-start=\"1710\" data-end=\"2085\">Disponemos de habitaciones dise\u00f1adas para garantizar un descanso pleno. Cada una tiene su propia personalidad, con mobiliario de madera, colores suaves y luz natural que crea un ambiente acogedor. Si buscas un <strong data-start=\"2370\" data-end=\"2401\">alojamiento en Pola de Lena<\/strong> que combine tranquilidad y comodidad, nuestras estancias son ideales tanto para escapadas rom\u00e1nticas como para viajes en familia o grupos.<\/p><h3 data-start=\"1710\" data-end=\"2085\">Espacios comunes para disfrutar<\/h3><p data-start=\"2588\" data-end=\"2758\">El alojamiento cuenta con zonas de uso com\u00fan especialmente pensadas para relajarse, conversar o simplemente contemplar el entorno. Nuestros hu\u00e9spedes pueden disfrutar de:<\/p><ul data-start=\"2760\" data-end=\"2897\"><li data-start=\"2760\" data-end=\"2790\"><p data-start=\"2762\" data-end=\"2790\">Sala de estar con chimenea<\/p><\/li><li data-start=\"2791\" data-end=\"2846\"><p data-start=\"2793\" data-end=\"2846\">Zonas exteriores con jardines y vistas a la monta\u00f1a<\/p><\/li><li data-start=\"2847\" data-end=\"2897\"><p data-start=\"2849\" data-end=\"2897\">Espacios tranquilos para lectura o teletrabajo<\/p><\/li><\/ul><p data-start=\"2899\" data-end=\"3003\">Estos ambientes convierten nuestro alojamiento rural en un lugar perfecto para desconectar de la rutina.<\/p>\t\t\t\t\t\t\t\t<\/div>\n\t\t\t\t<\/div>\n\t\t\t\t<\/div>\n\t\t<div class=\"elementor-element elementor-element-6c7d60c e-con-full e-flex e-con e-child\" data-id=\"6c7d60c\" data-element_type=\"container\" data-e-type=\"container\">\n\t\t\t\t<div class=\"elementor-element elementor-element-9ba93fd elementor-widget elementor-widget-image\" data-id=\"9ba93fd\" data-element_type=\"widget\" data-e-type=\"widget\" data-widget_type=\"image.default\">\n\t\t\t\t<div class=\"elementor-widget-container\">\n\t\t\t\t\t\t\t\t\t\t\t\t\t\t\t<img decoding=\"async\" width=\"683\" height=\"1024\" src=\"https:\/\/sanfeliz.es\/wp-content\/uploads\/2025\/02\/galeria-7-683x1024.jpg\" class=\"attachment-large size-large wp-image-2695\" alt=\"Casa rural cerca de Oviedo\" srcset=\"https:\/\/sanfeliz.es\/wp-content\/uploads\/2025\/02\/galeria-7-683x1024.jpg 683w, https:\/\/sanfeliz.es\/wp-content\/uploads\/2025\/02\/galeria-7-200x300.jpg 200w, https:\/\/sanfeliz.es\/wp-content\/uploads\/2025\/02\/galeria-7-768x1152.jpg 768w, https:\/\/sanfeliz.es\/wp-content\/uploads\/2025\/02\/galeria-7-8x12.jpg 8w, https:\/\/sanfeliz.es\/wp-content\/uploads\/2025\/02\/galeria-7.jpg 800w\" sizes=\"(max-width: 683px) 100vw, 683px\" \/>\t\t\t\t\t\t\t\t\t\t\t\t\t\t\t<\/div>\n\t\t\t\t<\/div>\n\t\t\t\t<\/div>\n\t\t\t\t\t<\/div>\n\t\t\t\t<\/div>\n\t\t<div class=\"elementor-element elementor-element-9bcf591 e-flex e-con-boxed e-con e-parent\" data-id=\"9bcf591\" data-element_type=\"container\" data-e-type=\"container\">\n\t\t\t\t\t<div class=\"e-con-inner\">\n\t\t\t\t<div class=\"elementor-element elementor-element-bab4c7c elementor-widget elementor-widget-text-editor\" data-id=\"bab4c7c\" data-element_type=\"widget\" data-e-type=\"widget\" data-widget_type=\"text-editor.default\">\n\t\t\t\t<div class=\"elementor-widget-container\">\n\t\t\t\t\t\t\t\t\t<h2 data-start=\"3563\" data-end=\"3639\">Alojamiento en Pola de Lena para amantes de la naturaleza<\/h2><p data-start=\"3641\" data-end=\"3919\">La experiencia en Pola de Lena est\u00e1 muy ligada al paisaje. Desde Espacio Rural San Feliz podr\u00e1s acceder a senderos, zonas monta\u00f1osas y rutas culturales que muestran la esencia de Asturias en estado puro.<\/p><h3 data-start=\"3286\" data-end=\"3340\"><strong data-start=\"3290\" data-end=\"3340\">Rutas y actividades cerca del alojamiento<\/strong><\/h3><p data-start=\"3342\" data-end=\"3415\">Nuestra ubicaci\u00f3n permite disfrutar de actividades para todos los gustos:<\/p><ul data-start=\"3417\" data-end=\"3769\"><li data-start=\"3417\" data-end=\"3521\"><p data-start=\"3419\" data-end=\"3521\"><strong data-start=\"3419\" data-end=\"3456\">Senderismo por Las Ubi\u00f1as-La Mesa<\/strong>, uno de los espacios naturales m\u00e1s espectaculares de Asturias.<\/p><\/li><li data-start=\"3522\" data-end=\"3587\"><p data-start=\"3524\" data-end=\"3587\"><strong data-start=\"3524\" data-end=\"3546\">Rutas en bicicleta<\/strong>, ideales para quienes buscan aventura.<\/p><\/li><li data-start=\"3588\" data-end=\"3699\"><p data-start=\"3590\" data-end=\"3699\"><strong data-start=\"3590\" data-end=\"3612\">Visitas culturales<\/strong>, como la iglesia prerrom\u00e1nica de Santa Cristina de Lena, Patrimonio de la Humanidad.<\/p><\/li><li data-start=\"3700\" data-end=\"3769\"><p data-start=\"3702\" data-end=\"3769\"><strong data-start=\"3702\" data-end=\"3734\">Gastronom\u00eda t\u00edpica asturiana<\/strong> en restaurantes de Pola de Lena.<\/p><\/li><\/ul><p data-start=\"3771\" data-end=\"3884\">Todo ello hace que alojarse en Pola de Lena sea una experiencia completa, donde cada d\u00eda ofrece un plan distinto.<\/p>\t\t\t\t\t\t\t\t<\/div>\n\t\t\t\t<\/div>\n\t\t\t\t\t<\/div>\n\t\t\t\t<\/div>\n\t\t<div class=\"elementor-element elementor-element-7eeff02 e-flex e-con-boxed e-con e-parent\" data-id=\"7eeff02\" data-element_type=\"container\" data-e-type=\"container\">\n\t\t\t\t\t<div class=\"e-con-inner\">\n\t\t<div class=\"elementor-element elementor-element-b8086cc e-con-full e-flex e-con e-child\" data-id=\"b8086cc\" data-element_type=\"container\" data-e-type=\"container\">\n\t\t\t\t<div class=\"elementor-element elementor-element-560cae5 elementor-widget elementor-widget-image\" data-id=\"560cae5\" data-element_type=\"widget\" data-e-type=\"widget\" data-widget_type=\"image.default\">\n\t\t\t\t<div class=\"elementor-widget-container\">\n\t\t\t\t\t\t\t\t\t\t\t\t\t\t\t<img decoding=\"async\" src=\"https:\/\/sanfeliz.es\/wp-content\/uploads\/elementor\/thumbs\/r4-revpj8kfno24tc308fg3qniagmsfvxmemnkcsw6dfs.jpg\" title=\"r4\" alt=\"apartamentos rurales\" loading=\"lazy\" \/>\t\t\t\t\t\t\t\t\t\t\t\t\t\t\t<\/div>\n\t\t\t\t<\/div>\n\t\t\t\t<\/div>\n\t\t<div class=\"elementor-element elementor-element-27540b3 e-con-full e-flex e-con e-child\" data-id=\"27540b3\" data-element_type=\"container\" data-e-type=\"container\">\n\t\t\t\t<div class=\"elementor-element elementor-element-8770705 elementor-widget elementor-widget-text-editor\" data-id=\"8770705\" data-element_type=\"widget\" data-e-type=\"widget\" data-widget_type=\"text-editor.default\">\n\t\t\t\t<div class=\"elementor-widget-container\">\n\t\t\t\t\t\t\t\t\t<h2 data-start=\"6122\" data-end=\"6190\">Un alojamiento cercano a los principales puntos de inter\u00e9s asturianos<\/h2><p data-start=\"3974\" data-end=\"4263\">Pola de Lena se encuentra en el coraz\u00f3n de Asturias, lo que facilita desplazamientos r\u00e1pidos a Oviedo, Gij\u00f3n, Mieres, Valgrande-Pajares o al concejo de Aller. Su ubicaci\u00f3n estrat\u00e9gica convierte a nuestro alojamiento en una base perfecta tanto para escapadas como para estancias de trabajo.<\/p><p data-start=\"4265\" data-end=\"4473\">Nuestros hu\u00e9spedes valoran especialmente la calma del entorno rural combinada con la comodidad de tener Pola de Lena a un paso, con sus comercios, restaurantes, transporte y conexi\u00f3n con las principales v\u00edas.<\/p>\t\t\t\t\t\t\t\t<\/div>\n\t\t\t\t<\/div>\n\t\t\t\t<\/div>\n\t\t\t\t\t<\/div>\n\t\t\t\t<\/div>\n\t\t<div class=\"elementor-element elementor-element-6baae1e e-flex e-con-boxed e-con e-parent\" data-id=\"6baae1e\" data-element_type=\"container\" data-e-type=\"container\">\n\t\t\t\t\t<div class=\"e-con-inner\">\n\t\t<div class=\"elementor-element elementor-element-4048854 e-con-full e-flex e-con e-child\" data-id=\"4048854\" data-element_type=\"container\" data-e-type=\"container\">\n\t\t\t\t<div class=\"elementor-element elementor-element-1afb9dc elementor-widget elementor-widget-text-editor\" data-id=\"1afb9dc\" data-element_type=\"widget\" data-e-type=\"widget\" data-widget_type=\"text-editor.default\">\n\t\t\t\t<div class=\"elementor-widget-container\">\n\t\t\t\t\t\t\t\t\t<h2 data-start=\"5284\" data-end=\"5363\">Reserva tu alojamiento en Pola de Lena y vive una experiencia \u00fanica<\/h2><p data-start=\"5365\" data-end=\"5625\">En Espacio Rural San Feliz te ofrecemos mucho m\u00e1s que un lugar donde alojarte: te brindamos un espacio donde reconectar con la naturaleza, descansar y descubrir la esencia de Asturias. Te invitamos a reservar tu estancia y vivir una experiencia que recordar\u00e1s.<\/p>\t\t\t\t\t\t\t\t<\/div>\n\t\t\t\t<\/div>\n\t\t\t\t<\/div>\n\t\t\t\t<div class=\"elementor-element elementor-element-cd50674 elementor-widget elementor-widget-n-accordion\" data-id=\"cd50674\" data-element_type=\"widget\" data-e-type=\"widget\" data-settings=\"{&quot;default_state&quot;:&quot;expanded&quot;,&quot;max_items_expended&quot;:&quot;one&quot;,&quot;n_accordion_animation_duration&quot;:{&quot;unit&quot;:&quot;ms&quot;,&quot;size&quot;:400,&quot;sizes&quot;:[]}}\" data-widget_type=\"nested-accordion.default\">\n\t\t\t\t<div class=\"elementor-widget-container\">\n\t\t\t\t\t\t\t<div class=\"e-n-accordion\" aria-label=\"Accordion. Open links with Enter or Space, close with Escape, and navigate with Arrow Keys\">\n\t\t\t\t\t\t<details id=\"e-n-accordion-item-2150\" class=\"e-n-accordion-item\" open>\n\t\t\t\t<summary class=\"e-n-accordion-item-title\" data-accordion-index=\"1\" tabindex=\"0\" aria-expanded=\"true\" aria-controls=\"e-n-accordion-item-2150\" >\n\t\t\t\t\t<span class='e-n-accordion-item-title-header'><div class=\"e-n-accordion-item-title-text\"> \u00bfD\u00f3nde est\u00e1 ubicado Espacio Rural San Feliz respecto a Pola de Lena? <\/div><\/span>\n\t\t\t\t\t\t\t<span class='e-n-accordion-item-title-icon'>\n\t\t\t<span class='e-opened' ><i aria-hidden=\"true\" class=\"fas fa-minus\"><\/i><\/span>\n\t\t\t<span class='e-closed'><i aria-hidden=\"true\" class=\"fas fa-plus\"><\/i><\/span>\n\t\t<\/span>\n\n\t\t\t\t\t\t<\/summary>\n\t\t\t\t<div role=\"region\" aria-labelledby=\"e-n-accordion-item-2150\" class=\"elementor-element elementor-element-cabad48 e-con-full e-flex e-con e-child\" data-id=\"cabad48\" data-element_type=\"container\" data-e-type=\"container\">\n\t\t<div role=\"region\" aria-labelledby=\"e-n-accordion-item-2150\" class=\"elementor-element elementor-element-58ae74f e-flex e-con-boxed e-con e-child\" data-id=\"58ae74f\" data-element_type=\"container\" data-e-type=\"container\">\n\t\t\t\t\t<div class=\"e-con-inner\">\n\t\t\t\t<div class=\"elementor-element elementor-element-f77d8bb elementor-widget elementor-widget-text-editor\" data-id=\"f77d8bb\" data-element_type=\"widget\" data-e-type=\"widget\" data-widget_type=\"text-editor.default\">\n\t\t\t\t<div class=\"elementor-widget-container\">\n\t\t\t\t\t\t\t\t\t<p>Nos encontramos a pocos minutos de Pola de Lena, en un entorno rural tranquilo y rodeado de naturaleza. La ubicaci\u00f3n permite disfrutar del silencio del campo sin renunciar a la cercan\u00eda del centro urbano.<\/p>\t\t\t\t\t\t\t\t<\/div>\n\t\t\t\t<\/div>\n\t\t\t\t\t<\/div>\n\t\t\t\t<\/div>\n\t\t\t\t<\/div>\n\t\t\t\t\t<\/details>\n\t\t\t\t\t\t<details id=\"e-n-accordion-item-2151\" class=\"e-n-accordion-item\" >\n\t\t\t\t<summary class=\"e-n-accordion-item-title\" data-accordion-index=\"2\" tabindex=\"-1\" aria-expanded=\"false\" aria-controls=\"e-n-accordion-item-2151\" >\n\t\t\t\t\t<span class='e-n-accordion-item-title-header'><div class=\"e-n-accordion-item-title-text\"> \u00bfQu\u00e9 actividades puedo hacer cerca del alojamiento en Pola de Lena? <\/div><\/span>\n\t\t\t\t\t\t\t<span class='e-n-accordion-item-title-icon'>\n\t\t\t<span class='e-opened' ><i aria-hidden=\"true\" class=\"fas fa-minus\"><\/i><\/span>\n\t\t\t<span class='e-closed'><i aria-hidden=\"true\" class=\"fas fa-plus\"><\/i><\/span>\n\t\t<\/span>\n\n\t\t\t\t\t\t<\/summary>\n\t\t\t\t<div role=\"region\" aria-labelledby=\"e-n-accordion-item-2151\" class=\"elementor-element elementor-element-48404a9 e-con-full e-flex e-con e-child\" data-id=\"48404a9\" data-element_type=\"container\" data-e-type=\"container\">\n\t\t<div role=\"region\" aria-labelledby=\"e-n-accordion-item-2151\" class=\"elementor-element elementor-element-93dd892 e-flex e-con-boxed e-con e-child\" data-id=\"93dd892\" data-element_type=\"container\" data-e-type=\"container\">\n\t\t\t\t\t<div class=\"e-con-inner\">\n\t\t\t\t<div class=\"elementor-element elementor-element-56e78aa elementor-widget elementor-widget-text-editor\" data-id=\"56e78aa\" data-element_type=\"widget\" data-e-type=\"widget\" data-widget_type=\"text-editor.default\">\n\t\t\t\t<div class=\"elementor-widget-container\">\n\t\t\t\t\t\t\t\t\t<p>Podr\u00e1s disfrutar de senderismo, rutas en bicicleta, visitas culturales como Santa Cristina de Lena y excursiones al Parque Natural de Las Ubi\u00f1as-La Mesa. Tambi\u00e9n tendr\u00e1s acceso a gastronom\u00eda t\u00edpica asturiana y zonas de relax<\/p>\t\t\t\t\t\t\t\t<\/div>\n\t\t\t\t<\/div>\n\t\t\t\t\t<\/div>\n\t\t\t\t<\/div>\n\t\t\t\t<\/div>\n\t\t\t\t\t<\/details>\n\t\t\t\t\t\t<details id=\"e-n-accordion-item-2152\" class=\"e-n-accordion-item\" >\n\t\t\t\t<summary class=\"e-n-accordion-item-title\" data-accordion-index=\"3\" tabindex=\"-1\" aria-expanded=\"false\" aria-controls=\"e-n-accordion-item-2152\" >\n\t\t\t\t\t<span class='e-n-accordion-item-title-header'><div class=\"e-n-accordion-item-title-text\"> \u00bfEl alojamiento es adecuado para familias o grupos? <\/div><\/span>\n\t\t\t\t\t\t\t<span class='e-n-accordion-item-title-icon'>\n\t\t\t<span class='e-opened' ><i aria-hidden=\"true\" class=\"fas fa-minus\"><\/i><\/span>\n\t\t\t<span class='e-closed'><i aria-hidden=\"true\" class=\"fas fa-plus\"><\/i><\/span>\n\t\t<\/span>\n\n\t\t\t\t\t\t<\/summary>\n\t\t\t\t<div role=\"region\" aria-labelledby=\"e-n-accordion-item-2152\" class=\"elementor-element elementor-element-dc9acab e-con-full e-flex e-con e-child\" data-id=\"dc9acab\" data-element_type=\"container\" data-e-type=\"container\">\n\t\t<div role=\"region\" aria-labelledby=\"e-n-accordion-item-2152\" class=\"elementor-element elementor-element-22d0547 e-flex e-con-boxed e-con e-child\" data-id=\"22d0547\" data-element_type=\"container\" data-e-type=\"container\">\n\t\t\t\t\t<div class=\"e-con-inner\">\n\t\t\t\t<div class=\"elementor-element elementor-element-e196062 elementor-widget elementor-widget-text-editor\" data-id=\"e196062\" data-element_type=\"widget\" data-e-type=\"widget\" data-widget_type=\"text-editor.default\">\n\t\t\t\t<div class=\"elementor-widget-container\">\n\t\t\t\t\t\t\t\t\t<p>S\u00ed, Espacio Rural San Feliz est\u00e1 preparado para recibir a parejas, familias o grupos. Contamos con habitaciones amplias, zonas comunes y un entorno perfecto para disfrutar de una estancia agradable.<\/p>\t\t\t\t\t\t\t\t<\/div>\n\t\t\t\t<\/div>\n\t\t\t\t\t<\/div>\n\t\t\t\t<\/div>\n\t\t\t\t<\/div>\n\t\t\t\t\t<\/details>\n\t\t\t\t\t<\/div>\n\t\t\t\t\t<script type=\"application\/ld+json\">{\"@context\":\"https:\\\/\\\/schema.org\",\"@type\":\"FAQPage\",\"mainEntity\":[{\"@type\":\"Question\",\"name\":\"\\u00bfD\\u00f3nde est\\u00e1 ubicado Espacio Rural San Feliz respecto a Pola de Lena?\",\"acceptedAnswer\":{\"@type\":\"Answer\",\"text\":\"Nos encontramos a pocos minutos de Pola de Lena, en un entorno rural tranquilo y rodeado de naturaleza. La ubicaci\\u00f3n permite disfrutar del silencio del campo sin renunciar a la cercan\\u00eda del centro urbano.\"}},{\"@type\":\"Question\",\"name\":\"\\u00bfQu\\u00e9 actividades puedo hacer cerca del alojamiento en Pola de Lena?\",\"acceptedAnswer\":{\"@type\":\"Answer\",\"text\":\"Podr\\u00e1s disfrutar de senderismo, rutas en bicicleta, visitas culturales como Santa Cristina de Lena y excursiones al Parque Natural de Las Ubi\\u00f1as-La Mesa. Tambi\\u00e9n tendr\\u00e1s acceso a gastronom\\u00eda t\\u00edpica asturiana y zonas de relax\"}},{\"@type\":\"Question\",\"name\":\"\\u00bfEl alojamiento es adecuado para familias o grupos?\",\"acceptedAnswer\":{\"@type\":\"Answer\",\"text\":\"S\\u00ed, Espacio Rural San Feliz est\\u00e1 preparado para recibir a parejas, familias o grupos. Contamos con habitaciones amplias, zonas comunes y un entorno perfecto para disfrutar de una estancia agradable.\"}}]}<\/script>\n\t\t\t\t\t\t\t<\/div>\n\t\t\t\t<\/div>\n\t\t\t\t\t<\/div>\n\t\t\t\t<\/div>\n\t\t<div class=\"elementor-element elementor-element-a23630e e-flex e-con-boxed e-con e-parent\" data-id=\"a23630e\" data-element_type=\"container\" data-e-type=\"container\">\n\t\t\t\t\t<div class=\"e-con-inner\">\n\t\t\t\t<div class=\"elementor-element elementor-element-651db67 elementor-widget elementor-widget-heading\" data-id=\"651db67\" data-element_type=\"widget\" data-e-type=\"widget\" data-widget_type=\"heading.default\">\n\t\t\t\t<div class=\"elementor-widget-container\">\n\t\t\t\t\t<h2 class=\"elementor-heading-title elementor-size-default\">Opiniones de nuestros hu\u00e9spedes<\/h2>\t\t\t\t<\/div>\n\t\t\t\t<\/div>\n\t\t\t\t<div class=\"elementor-element elementor-element-64b3d49 elementor-widget elementor-widget-shortcode\" data-id=\"64b3d49\" data-element_type=\"widget\" data-e-type=\"widget\" data-widget_type=\"shortcode.default\">\n\t\t\t\t<div class=\"elementor-widget-container\">\n\t\t\t\t\t\t\t<div class=\"elementor-shortcode\"><pre class=\"ti-widget\"><template id=\"trustindex-google-widget-html\"><div class=\" ti-widget  ti-goog ti-review-text-mode-readmore ti-text-align-left\" data-no-translation=\"true\" data-time-locale=\"hace %d %s|hoy|d\u00eda|d\u00edas|semana|semanas|mes|meses|a\u00f1o|a\u00f1os\" data-plugin-version=\"13.2.9\" data-layout-id=\"4\" data-layout-category=\"slider\" data-set-id=\"light-background\" data-pid=\"\" data-language=\"es\" data-close-locale=\"Cerca\" data-review-target-width=\"300\" data-css-version=\"2\" data-reply-by-locale=\"Respuesta del propietario\" data-only-rating-locale=\"Esta usuario solo dej\u00f3 una calificaci\u00f3n.\" data-pager-autoplay-timeout=\"6\"> <div class=\"ti-widget-container ti-col-3\"> <div class=\"ti-reviews-container\"> <div class=\"ti-controls\"> <div class=\"ti-next\" aria-label=\"Siguiente rese\u00f1a\" role=\"button\" tabindex=\"0\"><\/div> <div class=\"ti-prev\" aria-label=\"Rese\u00f1a anterior\" role=\"button\" tabindex=\"0\"><\/div> <\/div> <div class=\"ti-reviews-container-wrapper\">  <div data-empty=\"0\" data-time=\"1735948800\" class=\"ti-review-item source-Google ti-image-layout-thumbnail\" data-id=\"cfcd208495d565ef66e7dff9f98764da\"> <div class=\"ti-inner\"> <div class=\"ti-review-header\"> <div class=\"ti-platform-icon ti-with-tooltip\"> <span class=\"ti-tooltip\">Publicado en <\/span> <trustindex-image data-imgurl=\"https:\/\/cdn.trustindex.io\/assets\/platform\/Google\/icon.svg\" alt=\"\" width=\"20\" height=\"20\" loading=\"lazy\"><\/trustindex-image> <\/div> <div class=\"ti-profile-img\"> <trustindex-image data-imgurl=\"https:\/\/lh3.googleusercontent.com\/a-\/ALV-UjWsclChffKQHyfSjocYo7B979Q1UhlYyMKRRyhOaPEb8r0VkLE=w40-h40-c-rp-mo-ba2-br100\" alt=\"Rina Eliseva profile picture\" loading=\"lazy\"><\/trustindex-image> <\/div> <div class=\"ti-profile-details\"> <div class=\"ti-name\"> Rina Eliseva <\/div> <div class=\"ti-date\"><\/div> <\/div> <\/div> <span class=\"ti-stars\"><trustindex-image class=\"ti-star\" data-imgurl=\"https:\/\/cdn.trustindex.io\/assets\/platform\/Google\/star\/f.svg\" alt=\"Google star 1\" width=\"17\" height=\"17\" loading=\"lazy\"><\/trustindex-image><trustindex-image class=\"ti-star\" data-imgurl=\"https:\/\/cdn.trustindex.io\/assets\/platform\/Google\/star\/f.svg\" alt=\"Google star 2\" width=\"17\" height=\"17\" loading=\"lazy\"><\/trustindex-image><trustindex-image class=\"ti-star\" data-imgurl=\"https:\/\/cdn.trustindex.io\/assets\/platform\/Google\/star\/f.svg\" alt=\"Google star 3\" width=\"17\" height=\"17\" loading=\"lazy\"><\/trustindex-image><trustindex-image class=\"ti-star\" data-imgurl=\"https:\/\/cdn.trustindex.io\/assets\/platform\/Google\/star\/f.svg\" alt=\"Google star 4\" width=\"17\" height=\"17\" loading=\"lazy\"><\/trustindex-image><trustindex-image class=\"ti-star\" data-imgurl=\"https:\/\/cdn.trustindex.io\/assets\/platform\/Google\/star\/f.svg\" alt=\"Google star 5\" width=\"17\" height=\"17\" loading=\"lazy\"><\/trustindex-image><span class=\"ti-verified-review ti-verified-platform\"><span class=\"ti-verified-tooltip\">Trustindex verifica que la fuente original de la rese\u00f1a sea Google.<\/span><\/span><\/span> <div class=\"ti-review-text-container ti-review-content\"><!-- R-CONTENT -->It was amazing experience to stay in Espacio Rural San Feliz for the celebration of New Year 2025. We are a couple and we came with our dog. We brought everything for our dog, but you can find plates for your pet inside of the house. Everything is cosy and clean, bedroom was warm, the beds and  blankets were comfortable. We brought our pillows, but we didn\u2019t use it, because their pillows were nice. Elena is the magic owner, she helped us with everything, she gave us recommendations when we were looking for a good SPA. So, we spent wonderful holidays here. Thank you a lot, Elena. Obviously, we recommend this house to others, and we\u2019ll be glad to stay here again. I liked everything, Espacio Rural San Feliz, ski resort Fuentes de Invierno, local cuisine, people, so I hope we will come back\ud83d\ude4f\u2764\ufe0f<!-- R-CONTENT --><\/div> <span class=\"ti-read-more\" data-container=\".ti-review-content\" data-collapse-text=\"Ocultar\" data-open-text=\"Leer m\u00e1s\"><\/span> <\/div> <\/div>  <div data-empty=\"0\" data-time=\"1728691200\" class=\"ti-review-item source-Google ti-image-layout-thumbnail\" data-id=\"cfcd208495d565ef66e7dff9f98764da\"> <div class=\"ti-inner\"> <div class=\"ti-review-header\"> <div class=\"ti-platform-icon ti-with-tooltip\"> <span class=\"ti-tooltip\">Publicado en <\/span> <trustindex-image data-imgurl=\"https:\/\/cdn.trustindex.io\/assets\/platform\/Google\/icon.svg\" alt=\"\" width=\"20\" height=\"20\" loading=\"lazy\"><\/trustindex-image> <\/div> <div class=\"ti-profile-img\"> <trustindex-image data-imgurl=\"https:\/\/lh3.googleusercontent.com\/a-\/ALV-UjXktCivpWNhs8Lqx8YTbXIN8aEzBVHehnZfFD8n5gOeJZyDKJQw=w40-h40-c-rp-mo-ba4-br100\" alt=\"Angel Mayol profile picture\" loading=\"lazy\"><\/trustindex-image> <\/div> <div class=\"ti-profile-details\"> <div class=\"ti-name\"> Angel Mayol <\/div> <div class=\"ti-date\"><\/div> <\/div> <\/div> <span class=\"ti-stars\"><trustindex-image class=\"ti-star\" data-imgurl=\"https:\/\/cdn.trustindex.io\/assets\/platform\/Google\/star\/f.svg\" alt=\"Google star 1\" width=\"17\" height=\"17\" loading=\"lazy\"><\/trustindex-image><trustindex-image class=\"ti-star\" data-imgurl=\"https:\/\/cdn.trustindex.io\/assets\/platform\/Google\/star\/f.svg\" alt=\"Google star 2\" width=\"17\" height=\"17\" loading=\"lazy\"><\/trustindex-image><trustindex-image class=\"ti-star\" data-imgurl=\"https:\/\/cdn.trustindex.io\/assets\/platform\/Google\/star\/f.svg\" alt=\"Google star 3\" width=\"17\" height=\"17\" loading=\"lazy\"><\/trustindex-image><trustindex-image class=\"ti-star\" data-imgurl=\"https:\/\/cdn.trustindex.io\/assets\/platform\/Google\/star\/f.svg\" alt=\"Google star 4\" width=\"17\" height=\"17\" loading=\"lazy\"><\/trustindex-image><trustindex-image class=\"ti-star\" data-imgurl=\"https:\/\/cdn.trustindex.io\/assets\/platform\/Google\/star\/f.svg\" alt=\"Google star 5\" width=\"17\" height=\"17\" loading=\"lazy\"><\/trustindex-image><span class=\"ti-verified-review ti-verified-platform\"><span class=\"ti-verified-tooltip\">Trustindex verifica que la fuente original de la rese\u00f1a sea Google.<\/span><\/span><\/span> <div class=\"ti-review-text-container ti-review-content\"><!-- R-CONTENT -->Aldea peque\u00f1a pero muy bonita.\nApartamentos con muy buenas vistas.\nRecepci\u00f3n de personas a persona \ud83d\ude00.\nTrato muy agradable.\nRestaurante con estrella michel\u00edn.<!-- R-CONTENT --><\/div> <span class=\"ti-read-more\" data-container=\".ti-review-content\" data-collapse-text=\"Ocultar\" data-open-text=\"Leer m\u00e1s\"><\/span> <\/div> <\/div>  <div data-empty=\"0\" data-time=\"1726099200\" class=\"ti-review-item source-Google ti-image-layout-thumbnail\" data-id=\"cfcd208495d565ef66e7dff9f98764da\"> <div class=\"ti-inner\"> <div class=\"ti-review-header\"> <div class=\"ti-platform-icon ti-with-tooltip\"> <span class=\"ti-tooltip\">Publicado en <\/span> <trustindex-image data-imgurl=\"https:\/\/cdn.trustindex.io\/assets\/platform\/Google\/icon.svg\" alt=\"\" width=\"20\" height=\"20\" loading=\"lazy\"><\/trustindex-image> <\/div> <div class=\"ti-profile-img\"> <trustindex-image data-imgurl=\"https:\/\/lh3.googleusercontent.com\/a\/ACg8ocKjNBkKi4BlKZdKahNmRBsaotSd-I77GAhYs7Ryoww_D8YmSA=w40-h40-c-rp-mo-ba3-br100\" alt=\"Francisca Bravo Sanchez profile picture\" loading=\"lazy\"><\/trustindex-image> <\/div> <div class=\"ti-profile-details\"> <div class=\"ti-name\"> Francisca Bravo Sanchez <\/div> <div class=\"ti-date\"><\/div> <\/div> <\/div> <span class=\"ti-stars\"><trustindex-image class=\"ti-star\" data-imgurl=\"https:\/\/cdn.trustindex.io\/assets\/platform\/Google\/star\/f.svg\" alt=\"Google star 1\" width=\"17\" height=\"17\" loading=\"lazy\"><\/trustindex-image><trustindex-image class=\"ti-star\" data-imgurl=\"https:\/\/cdn.trustindex.io\/assets\/platform\/Google\/star\/f.svg\" alt=\"Google star 2\" width=\"17\" height=\"17\" loading=\"lazy\"><\/trustindex-image><trustindex-image class=\"ti-star\" data-imgurl=\"https:\/\/cdn.trustindex.io\/assets\/platform\/Google\/star\/f.svg\" alt=\"Google star 3\" width=\"17\" height=\"17\" loading=\"lazy\"><\/trustindex-image><trustindex-image class=\"ti-star\" data-imgurl=\"https:\/\/cdn.trustindex.io\/assets\/platform\/Google\/star\/f.svg\" alt=\"Google star 4\" width=\"17\" height=\"17\" loading=\"lazy\"><\/trustindex-image><trustindex-image class=\"ti-star\" data-imgurl=\"https:\/\/cdn.trustindex.io\/assets\/platform\/Google\/star\/f.svg\" alt=\"Google star 5\" width=\"17\" height=\"17\" loading=\"lazy\"><\/trustindex-image><span class=\"ti-verified-review ti-verified-platform\"><span class=\"ti-verified-tooltip\">Trustindex verifica que la fuente original de la rese\u00f1a sea Google.<\/span><\/span><\/span> <div class=\"ti-review-text-container ti-review-content\"><!-- R-CONTENT -->Apartamentos super c\u00f3modos, limpios, completos, lugar tranquilo y seguro. Elena es un encanto, que nos facilito todo lo que le pedimos. Es la segunda vez que vamos un grupo de deportistas. Super mega recomendable.<!-- R-CONTENT --><\/div> <span class=\"ti-read-more\" data-container=\".ti-review-content\" data-collapse-text=\"Ocultar\" data-open-text=\"Leer m\u00e1s\"><\/span> <\/div> <\/div>  <div data-empty=\"0\" data-time=\"1725148800\" class=\"ti-review-item source-Google ti-image-layout-thumbnail\" data-id=\"cfcd208495d565ef66e7dff9f98764da\"> <div class=\"ti-inner\"> <div class=\"ti-review-header\"> <div class=\"ti-platform-icon ti-with-tooltip\"> <span class=\"ti-tooltip\">Publicado en <\/span> <trustindex-image data-imgurl=\"https:\/\/cdn.trustindex.io\/assets\/platform\/Google\/icon.svg\" alt=\"\" width=\"20\" height=\"20\" loading=\"lazy\"><\/trustindex-image> <\/div> <div class=\"ti-profile-img\"> <trustindex-image data-imgurl=\"https:\/\/lh3.googleusercontent.com\/a-\/ALV-UjVcSoYX2a6HwOYQJEGAyCzGsYAq5K9YlsqQ-BqOnLoUvSnFHhkC=w40-h40-c-rp-mo-ba3-br100\" alt=\"Antonio Jos\u00e9 Alcal\u00e1 profile picture\" loading=\"lazy\"><\/trustindex-image> <\/div> <div class=\"ti-profile-details\"> <div class=\"ti-name\"> Antonio Jos\u00e9 Alcal\u00e1 <\/div> <div class=\"ti-date\"><\/div> <\/div> <\/div> <span class=\"ti-stars\"><trustindex-image class=\"ti-star\" data-imgurl=\"https:\/\/cdn.trustindex.io\/assets\/platform\/Google\/star\/f.svg\" alt=\"Google star 1\" width=\"17\" height=\"17\" loading=\"lazy\"><\/trustindex-image><trustindex-image class=\"ti-star\" data-imgurl=\"https:\/\/cdn.trustindex.io\/assets\/platform\/Google\/star\/f.svg\" alt=\"Google star 2\" width=\"17\" height=\"17\" loading=\"lazy\"><\/trustindex-image><trustindex-image class=\"ti-star\" data-imgurl=\"https:\/\/cdn.trustindex.io\/assets\/platform\/Google\/star\/f.svg\" alt=\"Google star 3\" width=\"17\" height=\"17\" loading=\"lazy\"><\/trustindex-image><trustindex-image class=\"ti-star\" data-imgurl=\"https:\/\/cdn.trustindex.io\/assets\/platform\/Google\/star\/f.svg\" alt=\"Google star 4\" width=\"17\" height=\"17\" loading=\"lazy\"><\/trustindex-image><trustindex-image class=\"ti-star\" data-imgurl=\"https:\/\/cdn.trustindex.io\/assets\/platform\/Google\/star\/f.svg\" alt=\"Google star 5\" width=\"17\" height=\"17\" loading=\"lazy\"><\/trustindex-image><span class=\"ti-verified-review ti-verified-platform\"><span class=\"ti-verified-tooltip\">Trustindex verifica que la fuente original de la rese\u00f1a sea Google.<\/span><\/span><\/span> <div class=\"ti-review-text-container ti-review-content\"><!-- R-CONTENT -->De bien nacidos... Much\u00edsimas gracias por todo. Se lo dije a Elena, la due\u00f1a o administradora: si tuviera alguna opini\u00f3n para mejorar sus apartamentos, se lo dir\u00eda, mas no la tengo. Hemos estado una semana dos personas con dos perras de caza: todo perfecto, limp\u00edsimo, bien dotada la cocina, el aseo, los dormitorios... de todo lo necesario, detalles de delicadeza y amabilidad... El paisaje visto desde el apartamento es precioso. Calma y tranquilidad. El pasar de los trenes por el valle, a lo lejos... El trato con Elena y sus padres... por impagable, solo se cumple dando las gracias de coraz\u00f3n.\nVolveremos, Dios queriendo. Con afecto,<!-- R-CONTENT --><\/div> <span class=\"ti-read-more\" data-container=\".ti-review-content\" data-collapse-text=\"Ocultar\" data-open-text=\"Leer m\u00e1s\"><\/span> <\/div> <\/div>  <div data-empty=\"0\" data-time=\"1724457600\" class=\"ti-review-item source-Google ti-image-layout-thumbnail\" data-id=\"cfcd208495d565ef66e7dff9f98764da\"> <div class=\"ti-inner\"> <div class=\"ti-review-header\"> <div class=\"ti-platform-icon ti-with-tooltip\"> <span class=\"ti-tooltip\">Publicado en <\/span> <trustindex-image data-imgurl=\"https:\/\/cdn.trustindex.io\/assets\/platform\/Google\/icon.svg\" alt=\"\" width=\"20\" height=\"20\" loading=\"lazy\"><\/trustindex-image> <\/div> <div class=\"ti-profile-img\"> <trustindex-image data-imgurl=\"https:\/\/lh3.googleusercontent.com\/a\/ACg8ocI55ChNJNT9FppPXzHGAfniUUh3fSdKg0301XECopoygojYWw=w40-h40-c-rp-mo-br100\" alt=\"(:;) profile picture\" loading=\"lazy\"><\/trustindex-image> <\/div> <div class=\"ti-profile-details\"> <div class=\"ti-name\"> (:;) <\/div> <div class=\"ti-date\"><\/div> <\/div> <\/div> <span class=\"ti-stars\"><trustindex-image class=\"ti-star\" data-imgurl=\"https:\/\/cdn.trustindex.io\/assets\/platform\/Google\/star\/f.svg\" alt=\"Google star 1\" width=\"17\" height=\"17\" loading=\"lazy\"><\/trustindex-image><trustindex-image class=\"ti-star\" data-imgurl=\"https:\/\/cdn.trustindex.io\/assets\/platform\/Google\/star\/f.svg\" alt=\"Google star 2\" width=\"17\" height=\"17\" loading=\"lazy\"><\/trustindex-image><trustindex-image class=\"ti-star\" data-imgurl=\"https:\/\/cdn.trustindex.io\/assets\/platform\/Google\/star\/f.svg\" alt=\"Google star 3\" width=\"17\" height=\"17\" loading=\"lazy\"><\/trustindex-image><trustindex-image class=\"ti-star\" data-imgurl=\"https:\/\/cdn.trustindex.io\/assets\/platform\/Google\/star\/f.svg\" alt=\"Google star 4\" width=\"17\" height=\"17\" loading=\"lazy\"><\/trustindex-image><trustindex-image class=\"ti-star\" data-imgurl=\"https:\/\/cdn.trustindex.io\/assets\/platform\/Google\/star\/f.svg\" alt=\"Google star 5\" width=\"17\" height=\"17\" loading=\"lazy\"><\/trustindex-image><span class=\"ti-verified-review ti-verified-platform\"><span class=\"ti-verified-tooltip\">Trustindex verifica que la fuente original de la rese\u00f1a sea Google.<\/span><\/span><\/span> <div class=\"ti-review-text-container ti-review-content\"><!-- R-CONTENT -->Ha sido una gran experiencia! Un ambiente id\u00edlico en plena naturaleza asturiana y un servicio y personal insuperables. Volver\u00e9 a repetir sin duda alguna.<!-- R-CONTENT --><\/div> <span class=\"ti-read-more\" data-container=\".ti-review-content\" data-collapse-text=\"Ocultar\" data-open-text=\"Leer m\u00e1s\"><\/span> <\/div> <\/div>  <div data-empty=\"0\" data-time=\"1724457600\" class=\"ti-review-item source-Google ti-image-layout-thumbnail\" data-id=\"cfcd208495d565ef66e7dff9f98764da\"> <div class=\"ti-inner\"> <div class=\"ti-review-header\"> <div class=\"ti-platform-icon ti-with-tooltip\"> <span class=\"ti-tooltip\">Publicado en <\/span> <trustindex-image data-imgurl=\"https:\/\/cdn.trustindex.io\/assets\/platform\/Google\/icon.svg\" alt=\"\" width=\"20\" height=\"20\" loading=\"lazy\"><\/trustindex-image> <\/div> <div class=\"ti-profile-img\"> <trustindex-image data-imgurl=\"https:\/\/lh3.googleusercontent.com\/a-\/ALV-UjVGFnHbMD8NuVepFLcCr8eXl2BsvwimmbfLDPlNqyZQp6MuP5cp=w40-h40-c-rp-mo-ba2-br100\" alt=\"c miyar profile picture\" loading=\"lazy\"><\/trustindex-image> <\/div> <div class=\"ti-profile-details\"> <div class=\"ti-name\"> c miyar <\/div> <div class=\"ti-date\"><\/div> <\/div> <\/div> <span class=\"ti-stars\"><trustindex-image class=\"ti-star\" data-imgurl=\"https:\/\/cdn.trustindex.io\/assets\/platform\/Google\/star\/f.svg\" alt=\"Google star 1\" width=\"17\" height=\"17\" loading=\"lazy\"><\/trustindex-image><trustindex-image class=\"ti-star\" data-imgurl=\"https:\/\/cdn.trustindex.io\/assets\/platform\/Google\/star\/f.svg\" alt=\"Google star 2\" width=\"17\" height=\"17\" loading=\"lazy\"><\/trustindex-image><trustindex-image class=\"ti-star\" data-imgurl=\"https:\/\/cdn.trustindex.io\/assets\/platform\/Google\/star\/f.svg\" alt=\"Google star 3\" width=\"17\" height=\"17\" loading=\"lazy\"><\/trustindex-image><trustindex-image class=\"ti-star\" data-imgurl=\"https:\/\/cdn.trustindex.io\/assets\/platform\/Google\/star\/f.svg\" alt=\"Google star 4\" width=\"17\" height=\"17\" loading=\"lazy\"><\/trustindex-image><trustindex-image class=\"ti-star\" data-imgurl=\"https:\/\/cdn.trustindex.io\/assets\/platform\/Google\/star\/f.svg\" alt=\"Google star 5\" width=\"17\" height=\"17\" loading=\"lazy\"><\/trustindex-image><span class=\"ti-verified-review ti-verified-platform\"><span class=\"ti-verified-tooltip\">Trustindex verifica que la fuente original de la rese\u00f1a sea Google.<\/span><\/span><\/span> <div class=\"ti-review-text-container ti-review-content\"><!-- R-CONTENT -->Un maravilloso hotel en medio de la monta\u00f1a. Estaba todo s\u00faper limpio, la due\u00f1a es un amor, s\u00faper atenta y cuidadosa, adem\u00e1s de dar los mejores t\u00edps. Si encima reservas para comer en Monte con 2 estrellas michelin y haces una ruta por el maravilloso concejo de Lena, tienes el fin de semana hecho. Una maravilla. Volveremos seguro. Gracias por la gran estancia Elena!<!-- R-CONTENT --><\/div> <span class=\"ti-read-more\" data-container=\".ti-review-content\" data-collapse-text=\"Ocultar\" data-open-text=\"Leer m\u00e1s\"><\/span> <\/div> <\/div>  <div data-empty=\"0\" data-time=\"1724457600\" class=\"ti-review-item source-Google ti-image-layout-thumbnail\" data-id=\"cfcd208495d565ef66e7dff9f98764da\"> <div class=\"ti-inner\"> <div class=\"ti-review-header\"> <div class=\"ti-platform-icon ti-with-tooltip\"> <span class=\"ti-tooltip\">Publicado en <\/span> <trustindex-image data-imgurl=\"https:\/\/cdn.trustindex.io\/assets\/platform\/Google\/icon.svg\" alt=\"\" width=\"20\" height=\"20\" loading=\"lazy\"><\/trustindex-image> <\/div> <div class=\"ti-profile-img\"> <trustindex-image data-imgurl=\"https:\/\/lh3.googleusercontent.com\/a\/ACg8ocJZJvkE9XqgaMFB73ImSiuDlgkwAXivd9G-0B952OJr5YQMjQ=w40-h40-c-rp-mo-br100\" alt=\"Mercedes Montero profile picture\" loading=\"lazy\"><\/trustindex-image> <\/div> <div class=\"ti-profile-details\"> <div class=\"ti-name\"> Mercedes Montero <\/div> <div class=\"ti-date\"><\/div> <\/div> <\/div> <span class=\"ti-stars\"><trustindex-image class=\"ti-star\" data-imgurl=\"https:\/\/cdn.trustindex.io\/assets\/platform\/Google\/star\/f.svg\" alt=\"Google star 1\" width=\"17\" height=\"17\" loading=\"lazy\"><\/trustindex-image><trustindex-image class=\"ti-star\" data-imgurl=\"https:\/\/cdn.trustindex.io\/assets\/platform\/Google\/star\/f.svg\" alt=\"Google star 2\" width=\"17\" height=\"17\" loading=\"lazy\"><\/trustindex-image><trustindex-image class=\"ti-star\" data-imgurl=\"https:\/\/cdn.trustindex.io\/assets\/platform\/Google\/star\/f.svg\" alt=\"Google star 3\" width=\"17\" height=\"17\" loading=\"lazy\"><\/trustindex-image><trustindex-image class=\"ti-star\" data-imgurl=\"https:\/\/cdn.trustindex.io\/assets\/platform\/Google\/star\/f.svg\" alt=\"Google star 4\" width=\"17\" height=\"17\" loading=\"lazy\"><\/trustindex-image><trustindex-image class=\"ti-star\" data-imgurl=\"https:\/\/cdn.trustindex.io\/assets\/platform\/Google\/star\/f.svg\" alt=\"Google star 5\" width=\"17\" height=\"17\" loading=\"lazy\"><\/trustindex-image><span class=\"ti-verified-review ti-verified-platform\"><span class=\"ti-verified-tooltip\">Trustindex verifica que la fuente original de la rese\u00f1a sea Google.<\/span><\/span><\/span> <div class=\"ti-review-text-container ti-review-content\"><!-- R-CONTENT -->Hemos estado 8 d\u00edas en el apartamento Rebonchal, 5 adultos y una perrita. Ha sido una experiencia muy buena, el apartamento es precioso, y tiene de todo. La limpieza es impecable. Tiene una terraza impresionante en la que hemos pasado la mayor parte del tiempo que est\u00e1bamos en la casa. Nuestra perrita tambi\u00e9n la ha disfrutado much\u00edsimo. Elena es una anfitriona estupenda, siempre pendiente de los huespedes. Solemos viajar a Asturias y Cantabria todos los veranos, y aunque vamos variando las zonas para as\u00ed conocerlo todo, si volvemos a repetir esa zona sin duda volver\u00edamos a confiar en Elena.\nMuch\u00edsimas gracias por todo Elena, un beso enorme.<!-- R-CONTENT --><\/div> <span class=\"ti-read-more\" data-container=\".ti-review-content\" data-collapse-text=\"Ocultar\" data-open-text=\"Leer m\u00e1s\"><\/span> <\/div> <\/div>  <div data-empty=\"0\" data-time=\"1720742400\" class=\"ti-review-item source-Google ti-image-layout-thumbnail\" data-id=\"cfcd208495d565ef66e7dff9f98764da\"> <div class=\"ti-inner\"> <div class=\"ti-review-header\"> <div class=\"ti-platform-icon ti-with-tooltip\"> <span class=\"ti-tooltip\">Publicado en <\/span> <trustindex-image data-imgurl=\"https:\/\/cdn.trustindex.io\/assets\/platform\/Google\/icon.svg\" alt=\"\" width=\"20\" height=\"20\" loading=\"lazy\"><\/trustindex-image> <\/div> <div class=\"ti-profile-img\"> <trustindex-image data-imgurl=\"https:\/\/lh3.googleusercontent.com\/a\/ACg8ocIKY7oKZUcQAsHJz6WQg05sSn-rswdYoCtixZTsIQyVG2BE4Q=w40-h40-c-rp-mo-ba4-br100\" alt=\"Alberto De Rus profile picture\" loading=\"lazy\"><\/trustindex-image> <\/div> <div class=\"ti-profile-details\"> <div class=\"ti-name\"> Alberto De Rus <\/div> <div class=\"ti-date\"><\/div> <\/div> <\/div> <span class=\"ti-stars\"><trustindex-image class=\"ti-star\" data-imgurl=\"https:\/\/cdn.trustindex.io\/assets\/platform\/Google\/star\/f.svg\" alt=\"Google star 1\" width=\"17\" height=\"17\" loading=\"lazy\"><\/trustindex-image><trustindex-image class=\"ti-star\" data-imgurl=\"https:\/\/cdn.trustindex.io\/assets\/platform\/Google\/star\/f.svg\" alt=\"Google star 2\" width=\"17\" height=\"17\" loading=\"lazy\"><\/trustindex-image><trustindex-image class=\"ti-star\" data-imgurl=\"https:\/\/cdn.trustindex.io\/assets\/platform\/Google\/star\/f.svg\" alt=\"Google star 3\" width=\"17\" height=\"17\" loading=\"lazy\"><\/trustindex-image><trustindex-image class=\"ti-star\" data-imgurl=\"https:\/\/cdn.trustindex.io\/assets\/platform\/Google\/star\/f.svg\" alt=\"Google star 4\" width=\"17\" height=\"17\" loading=\"lazy\"><\/trustindex-image><trustindex-image class=\"ti-star\" data-imgurl=\"https:\/\/cdn.trustindex.io\/assets\/platform\/Google\/star\/f.svg\" alt=\"Google star 5\" width=\"17\" height=\"17\" loading=\"lazy\"><\/trustindex-image><span class=\"ti-verified-review ti-verified-platform\"><span class=\"ti-verified-tooltip\">Trustindex verifica que la fuente original de la rese\u00f1a sea Google.<\/span><\/span><\/span> <div class=\"ti-review-text-container ti-review-content\"><!-- R-CONTENT -->Maravilloso<!-- R-CONTENT --><\/div> <span class=\"ti-read-more\" data-container=\".ti-review-content\" data-collapse-text=\"Ocultar\" data-open-text=\"Leer m\u00e1s\"><\/span> <\/div> <\/div>  <div data-empty=\"0\" data-time=\"1714089600\" class=\"ti-review-item source-Google ti-image-layout-thumbnail\" data-id=\"cfcd208495d565ef66e7dff9f98764da\"> <div class=\"ti-inner\"> <div class=\"ti-review-header\"> <div class=\"ti-platform-icon ti-with-tooltip\"> <span class=\"ti-tooltip\">Publicado en <\/span> <trustindex-image data-imgurl=\"https:\/\/cdn.trustindex.io\/assets\/platform\/Google\/icon.svg\" alt=\"\" width=\"20\" height=\"20\" loading=\"lazy\"><\/trustindex-image> <\/div> <div class=\"ti-profile-img\"> <trustindex-image data-imgurl=\"https:\/\/lh3.googleusercontent.com\/a-\/ALV-UjX-1DvwtxLb_YQBwgCTILC0ScTQU5dAg6L2doFQFy5JwL1YhGybLA=w40-h40-c-rp-mo-ba3-br100\" alt=\"Pedro Mu\u00f1oz Dom\u00ednguez profile picture\" loading=\"lazy\"><\/trustindex-image> <\/div> <div class=\"ti-profile-details\"> <div class=\"ti-name\"> Pedro Mu\u00f1oz Dom\u00ednguez <\/div> <div class=\"ti-date\"><\/div> <\/div> <\/div> <span class=\"ti-stars\"><trustindex-image class=\"ti-star\" data-imgurl=\"https:\/\/cdn.trustindex.io\/assets\/platform\/Google\/star\/f.svg\" alt=\"Google star 1\" width=\"17\" height=\"17\" loading=\"lazy\"><\/trustindex-image><trustindex-image class=\"ti-star\" data-imgurl=\"https:\/\/cdn.trustindex.io\/assets\/platform\/Google\/star\/f.svg\" alt=\"Google star 2\" width=\"17\" height=\"17\" loading=\"lazy\"><\/trustindex-image><trustindex-image class=\"ti-star\" data-imgurl=\"https:\/\/cdn.trustindex.io\/assets\/platform\/Google\/star\/f.svg\" alt=\"Google star 3\" width=\"17\" height=\"17\" loading=\"lazy\"><\/trustindex-image><trustindex-image class=\"ti-star\" data-imgurl=\"https:\/\/cdn.trustindex.io\/assets\/platform\/Google\/star\/f.svg\" alt=\"Google star 4\" width=\"17\" height=\"17\" loading=\"lazy\"><\/trustindex-image><trustindex-image class=\"ti-star\" data-imgurl=\"https:\/\/cdn.trustindex.io\/assets\/platform\/Google\/star\/f.svg\" alt=\"Google star 5\" width=\"17\" height=\"17\" loading=\"lazy\"><\/trustindex-image><span class=\"ti-verified-review ti-verified-platform\"><span class=\"ti-verified-tooltip\">Trustindex verifica que la fuente original de la rese\u00f1a sea Google.<\/span><\/span><\/span> <div class=\"ti-review-text-container ti-review-content\"><!-- R-CONTENT -->Opci\u00f3n de \ud83d\udd1f! En nuestro caso viajamos por ciclismo y busc\u00e1bamos un alojamiento con encanto natural y tranquilidad, que no fuera unas simples camas y ya. Y acertamos :)\n\nAdem\u00e1s la propietaria estuvo atenta de todo, fue un gusto tratar con ella\n\nGracias \ud83d\ude42<!-- R-CONTENT --><\/div> <span class=\"ti-read-more\" data-container=\".ti-review-content\" data-collapse-text=\"Ocultar\" data-open-text=\"Leer m\u00e1s\"><\/span> <\/div> <\/div>  <\/div> <div class=\"ti-controls-line\"> <div class=\"dot\"><\/div> <\/div> <\/div>    <\/div> <\/div> <\/template><\/pre><div data-src=\"https:\/\/cdn.trustindex.io\/loader.js?wp-widget\" data-template-id=\"trustindex-google-widget-html\" data-css-url=\"https:\/\/sanfeliz.es\/wp-content\/uploads\/trustindex-google-widget.css?1774877981\"><\/div><\/div>\n\t\t\t\t\t\t<\/div>\n\t\t\t\t<\/div>\n\t\t\t\t\t<\/div>\n\t\t\t\t<\/div>\n\t\t\t\t<\/div>\n\t\t","protected":false},"excerpt":{"rendered":"<p>Un alojamiento en Pola de Lena con encanto y esencia asturiana Elegir un alojamiento en Pola de Lena es apostar por un entorno donde la naturaleza, la tranquilidad y la tradici\u00f3n asturiana se combinan a la perfecci\u00f3n. En Espacio Rural San Feliz, ubicado en un peque\u00f1o y cuidado n\u00facleo rural, te ofrecemos una experiencia aut\u00e9ntica, [&hellip;]<\/p>\n","protected":false},"author":5,"featured_media":0,"parent":0,"menu_order":0,"comment_status":"closed","ping_status":"closed","template":"","meta":{"footnotes":""},"class_list":["post-3145","page","type-page","status-publish","hentry"],"yoast_head":"<!-- This site is optimized with the Yoast SEO plugin v27.4 - https:\/\/yoast.com\/product\/yoast-seo-wordpress\/ -->\n<title>San Feliz | Alojamiento en Pola de Lena - Espacio Rural San Feliz<\/title>\n<meta name=\"description\" content=\"Apartamentos rurales en un entorno natural \u00fanico en Asturias. Tranquilidad y encanto para una escapada perfecta. Descubre San Feliz.\" \/>\n<meta name=\"robots\" content=\"index, follow, max-snippet:-1, max-image-preview:large, max-video-preview:-1\" \/>\n<link rel=\"canonical\" href=\"https:\/\/sanfeliz.es\/en\/alojamientos-pola-de-lena-san-feliz\/\" \/>\n<meta property=\"og:locale\" content=\"en_GB\" \/>\n<meta property=\"og:type\" content=\"article\" \/>\n<meta property=\"og:title\" content=\"San Feliz | Alojamiento en Pola de Lena - Espacio Rural San Feliz\" \/>\n<meta property=\"og:description\" content=\"Apartamentos rurales en un entorno natural \u00fanico en Asturias. Tranquilidad y encanto para una escapada perfecta. Descubre San Feliz.\" \/>\n<meta property=\"og:url\" content=\"https:\/\/sanfeliz.es\/en\/alojamientos-pola-de-lena-san-feliz\/\" \/>\n<meta property=\"og:site_name\" content=\"Espacio Rural San Feliz\" \/>\n<meta property=\"article:modified_time\" content=\"2026-01-21T15:12:21+00:00\" \/>\n<meta property=\"og:image\" content=\"https:\/\/sanfeliz.es\/wp-content\/uploads\/2025\/11\/P1221910.jpg\" \/>\n\t<meta property=\"og:image:width\" content=\"1920\" \/>\n\t<meta property=\"og:image:height\" content=\"1280\" \/>\n\t<meta property=\"og:image:type\" content=\"image\/jpeg\" \/>\n<meta name=\"twitter:card\" content=\"summary_large_image\" \/>\n<meta name=\"twitter:label1\" content=\"Estimated reading time\" \/>\n\t<meta name=\"twitter:data1\" content=\"5 minutes\" \/>\n<script type=\"application\/ld+json\" class=\"yoast-schema-graph\">{\"@context\":\"https:\\\/\\\/schema.org\",\"@graph\":[{\"@type\":\"WebPage\",\"@id\":\"https:\\\/\\\/sanfeliz.es\\\/alojamientos-pola-de-lena-san-feliz\\\/\",\"url\":\"https:\\\/\\\/sanfeliz.es\\\/alojamientos-pola-de-lena-san-feliz\\\/\",\"name\":\"San Feliz | Alojamiento en Pola de Lena - Espacio Rural San Feliz\",\"isPartOf\":{\"@id\":\"https:\\\/\\\/sanfeliz.es\\\/#website\"},\"primaryImageOfPage\":{\"@id\":\"https:\\\/\\\/sanfeliz.es\\\/alojamientos-pola-de-lena-san-feliz\\\/#primaryimage\"},\"image\":{\"@id\":\"https:\\\/\\\/sanfeliz.es\\\/alojamientos-pola-de-lena-san-feliz\\\/#primaryimage\"},\"thumbnailUrl\":\"https:\\\/\\\/sanfeliz.es\\\/wp-content\\\/uploads\\\/2025\\\/11\\\/P1221910-768x512.jpg\",\"datePublished\":\"2025-12-09T14:33:19+00:00\",\"dateModified\":\"2026-01-21T15:12:21+00:00\",\"description\":\"Apartamentos rurales en un entorno natural \u00fanico en Asturias. Tranquilidad y encanto para una escapada perfecta. Descubre San Feliz.\",\"breadcrumb\":{\"@id\":\"https:\\\/\\\/sanfeliz.es\\\/alojamientos-pola-de-lena-san-feliz\\\/#breadcrumb\"},\"inLanguage\":\"en-GB\",\"potentialAction\":[{\"@type\":\"ReadAction\",\"target\":[\"https:\\\/\\\/sanfeliz.es\\\/alojamientos-pola-de-lena-san-feliz\\\/\"]}]},{\"@type\":\"ImageObject\",\"inLanguage\":\"en-GB\",\"@id\":\"https:\\\/\\\/sanfeliz.es\\\/alojamientos-pola-de-lena-san-feliz\\\/#primaryimage\",\"url\":\"https:\\\/\\\/sanfeliz.es\\\/wp-content\\\/uploads\\\/2025\\\/11\\\/P1221910-768x512.jpg\",\"contentUrl\":\"https:\\\/\\\/sanfeliz.es\\\/wp-content\\\/uploads\\\/2025\\\/11\\\/P1221910-768x512.jpg\"},{\"@type\":\"BreadcrumbList\",\"@id\":\"https:\\\/\\\/sanfeliz.es\\\/alojamientos-pola-de-lena-san-feliz\\\/#breadcrumb\",\"itemListElement\":[{\"@type\":\"ListItem\",\"position\":1,\"name\":\"Portada\",\"item\":\"https:\\\/\\\/sanfeliz.es\\\/\"},{\"@type\":\"ListItem\",\"position\":2,\"name\":\"Alojamiento en Pola de Lena &#8211; San Feliz\"}]},{\"@type\":\"WebSite\",\"@id\":\"https:\\\/\\\/sanfeliz.es\\\/#website\",\"url\":\"https:\\\/\\\/sanfeliz.es\\\/\",\"name\":\"Espacio Rural San Feliz\",\"description\":\"Apartamentos rurales San feliz\",\"publisher\":{\"@id\":\"https:\\\/\\\/sanfeliz.es\\\/#organization\"},\"potentialAction\":[{\"@type\":\"SearchAction\",\"target\":{\"@type\":\"EntryPoint\",\"urlTemplate\":\"https:\\\/\\\/sanfeliz.es\\\/?s={search_term_string}\"},\"query-input\":{\"@type\":\"PropertyValueSpecification\",\"valueRequired\":true,\"valueName\":\"search_term_string\"}}],\"inLanguage\":\"en-GB\"},{\"@type\":\"Organization\",\"@id\":\"https:\\\/\\\/sanfeliz.es\\\/#organization\",\"name\":\"Espacio Rural San Feliz\",\"url\":\"https:\\\/\\\/sanfeliz.es\\\/\",\"logo\":{\"@type\":\"ImageObject\",\"inLanguage\":\"en-GB\",\"@id\":\"https:\\\/\\\/sanfeliz.es\\\/#\\\/schema\\\/logo\\\/image\\\/\",\"url\":\"https:\\\/\\\/sanfeliz.es\\\/wp-content\\\/uploads\\\/2023\\\/09\\\/logo-san-feliz-web.png\",\"contentUrl\":\"https:\\\/\\\/sanfeliz.es\\\/wp-content\\\/uploads\\\/2023\\\/09\\\/logo-san-feliz-web.png\",\"width\":350,\"height\":124,\"caption\":\"Espacio Rural San Feliz\"},\"image\":{\"@id\":\"https:\\\/\\\/sanfeliz.es\\\/#\\\/schema\\\/logo\\\/image\\\/\"}}]}<\/script>\n<!-- \/ Yoast SEO plugin. -->","yoast_head_json":{"title":"San Feliz | Alojamiento en Pola de Lena - Espacio Rural San Feliz","description":"Apartamentos rurales en un entorno natural \u00fanico en Asturias. Tranquilidad y encanto para una escapada perfecta. Descubre San Feliz.","robots":{"index":"index","follow":"follow","max-snippet":"max-snippet:-1","max-image-preview":"max-image-preview:large","max-video-preview":"max-video-preview:-1"},"canonical":"https:\/\/sanfeliz.es\/en\/alojamientos-pola-de-lena-san-feliz\/","og_locale":"en_GB","og_type":"article","og_title":"San Feliz | Alojamiento en Pola de Lena - Espacio Rural San Feliz","og_description":"Apartamentos rurales en un entorno natural \u00fanico en Asturias. Tranquilidad y encanto para una escapada perfecta. Descubre San Feliz.","og_url":"https:\/\/sanfeliz.es\/en\/alojamientos-pola-de-lena-san-feliz\/","og_site_name":"Espacio Rural San Feliz","article_modified_time":"2026-01-21T15:12:21+00:00","og_image":[{"width":1920,"height":1280,"url":"https:\/\/sanfeliz.es\/wp-content\/uploads\/2025\/11\/P1221910.jpg","type":"image\/jpeg"}],"twitter_card":"summary_large_image","twitter_misc":{"Estimated reading time":"5 minutes"},"schema":{"@context":"https:\/\/schema.org","@graph":[{"@type":"WebPage","@id":"https:\/\/sanfeliz.es\/alojamientos-pola-de-lena-san-feliz\/","url":"https:\/\/sanfeliz.es\/alojamientos-pola-de-lena-san-feliz\/","name":"San Feliz | Alojamiento en Pola de Lena - Espacio Rural San Feliz","isPartOf":{"@id":"https:\/\/sanfeliz.es\/#website"},"primaryImageOfPage":{"@id":"https:\/\/sanfeliz.es\/alojamientos-pola-de-lena-san-feliz\/#primaryimage"},"image":{"@id":"https:\/\/sanfeliz.es\/alojamientos-pola-de-lena-san-feliz\/#primaryimage"},"thumbnailUrl":"https:\/\/sanfeliz.es\/wp-content\/uploads\/2025\/11\/P1221910-768x512.jpg","datePublished":"2025-12-09T14:33:19+00:00","dateModified":"2026-01-21T15:12:21+00:00","description":"Apartamentos rurales en un entorno natural \u00fanico en Asturias. Tranquilidad y encanto para una escapada perfecta. Descubre San Feliz.","breadcrumb":{"@id":"https:\/\/sanfeliz.es\/alojamientos-pola-de-lena-san-feliz\/#breadcrumb"},"inLanguage":"en-GB","potentialAction":[{"@type":"ReadAction","target":["https:\/\/sanfeliz.es\/alojamientos-pola-de-lena-san-feliz\/"]}]},{"@type":"ImageObject","inLanguage":"en-GB","@id":"https:\/\/sanfeliz.es\/alojamientos-pola-de-lena-san-feliz\/#primaryimage","url":"https:\/\/sanfeliz.es\/wp-content\/uploads\/2025\/11\/P1221910-768x512.jpg","contentUrl":"https:\/\/sanfeliz.es\/wp-content\/uploads\/2025\/11\/P1221910-768x512.jpg"},{"@type":"BreadcrumbList","@id":"https:\/\/sanfeliz.es\/alojamientos-pola-de-lena-san-feliz\/#breadcrumb","itemListElement":[{"@type":"ListItem","position":1,"name":"Portada","item":"https:\/\/sanfeliz.es\/"},{"@type":"ListItem","position":2,"name":"Alojamiento en Pola de Lena &#8211; San Feliz"}]},{"@type":"WebSite","@id":"https:\/\/sanfeliz.es\/#website","url":"https:\/\/sanfeliz.es\/","name":"Espacio Rural San Feliz","description":"Apartamentos rurales San feliz","publisher":{"@id":"https:\/\/sanfeliz.es\/#organization"},"potentialAction":[{"@type":"SearchAction","target":{"@type":"EntryPoint","urlTemplate":"https:\/\/sanfeliz.es\/?s={search_term_string}"},"query-input":{"@type":"PropertyValueSpecification","valueRequired":true,"valueName":"search_term_string"}}],"inLanguage":"en-GB"},{"@type":"Organization","@id":"https:\/\/sanfeliz.es\/#organization","name":"Espacio Rural San Feliz","url":"https:\/\/sanfeliz.es\/","logo":{"@type":"ImageObject","inLanguage":"en-GB","@id":"https:\/\/sanfeliz.es\/#\/schema\/logo\/image\/","url":"https:\/\/sanfeliz.es\/wp-content\/uploads\/2023\/09\/logo-san-feliz-web.png","contentUrl":"https:\/\/sanfeliz.es\/wp-content\/uploads\/2023\/09\/logo-san-feliz-web.png","width":350,"height":124,"caption":"Espacio Rural San Feliz"},"image":{"@id":"https:\/\/sanfeliz.es\/#\/schema\/logo\/image\/"}}]}},"_links":{"self":[{"href":"https:\/\/sanfeliz.es\/en\/wp-json\/wp\/v2\/pages\/3145","targetHints":{"allow":["GET"]}}],"collection":[{"href":"https:\/\/sanfeliz.es\/en\/wp-json\/wp\/v2\/pages"}],"about":[{"href":"https:\/\/sanfeliz.es\/en\/wp-json\/wp\/v2\/types\/page"}],"author":[{"embeddable":true,"href":"https:\/\/sanfeliz.es\/en\/wp-json\/wp\/v2\/users\/5"}],"replies":[{"embeddable":true,"href":"https:\/\/sanfeliz.es\/en\/wp-json\/wp\/v2\/comments?post=3145"}],"version-history":[{"count":0,"href":"https:\/\/sanfeliz.es\/en\/wp-json\/wp\/v2\/pages\/3145\/revisions"}],"wp:attachment":[{"href":"https:\/\/sanfeliz.es\/en\/wp-json\/wp\/v2\/media?parent=3145"}],"curies":[{"name":"wp","href":"https:\/\/api.w.org\/{rel}","templated":true}]}}