{"id":574,"date":"2023-10-09T16:44:40","date_gmt":"2023-10-09T14:44:40","guid":{"rendered":"https:\/\/sanfeliz.es\/?page_id=574"},"modified":"2024-11-21T12:48:08","modified_gmt":"2024-11-21T11:48:08","slug":"apartamento-rural-rebochal","status":"publish","type":"page","link":"https:\/\/sanfeliz.es\/en\/apartamento-rural-rebochal\/","title":{"rendered":"Rebochal"},"content":{"rendered":"<div data-elementor-type=\"wp-page\" data-elementor-id=\"574\" class=\"elementor elementor-574\" data-elementor-post-type=\"page\">\n\t\t\t\t<div class=\"elementor-element elementor-element-d5cfde3 e-con-full e-flex e-con e-parent\" data-id=\"d5cfde3\" data-element_type=\"container\" data-e-type=\"container\" data-settings=\"{&quot;background_background&quot;:&quot;classic&quot;}\">\n\t\t\t\t<\/div>\n\t\t<div class=\"elementor-element elementor-element-76b52626 e-flex e-con-boxed e-con e-parent\" data-id=\"76b52626\" data-element_type=\"container\" data-e-type=\"container\" id=\"apartamentos\">\n\t\t\t\t\t<div class=\"e-con-inner\">\n\t\t\t\t<div class=\"elementor-element elementor-element-30e5297 elementor-widget elementor-widget-heading\" data-id=\"30e5297\" data-element_type=\"widget\" data-e-type=\"widget\" data-widget_type=\"heading.default\">\n\t\t\t\t<div class=\"elementor-widget-container\">\n\t\t\t\t\t<h2 class=\"elementor-heading-title elementor-size-xxl\">Apartamento Rural Rebochal<\/h2>\t\t\t\t<\/div>\n\t\t\t\t<\/div>\n\t\t<div class=\"elementor-element elementor-element-10e99e1 e-flex e-con-boxed e-con e-child\" data-id=\"10e99e1\" data-element_type=\"container\" data-e-type=\"container\">\n\t\t\t\t\t<div class=\"e-con-inner\">\n\t\t<div class=\"elementor-element elementor-element-7b9d021 e-flex e-con-boxed e-con e-child\" data-id=\"7b9d021\" data-element_type=\"container\" data-e-type=\"container\">\n\t\t\t\t\t<div class=\"e-con-inner\">\n\t\t\t\t<div class=\"elementor-element elementor-element-e821880 elementor-widget elementor-widget-text-editor\" data-id=\"e821880\" data-element_type=\"widget\" data-e-type=\"widget\" data-widget_type=\"text-editor.default\">\n\t\t\t\t<div class=\"elementor-widget-container\">\n\t\t\t\t\t\t\t\t\t<p>Todos los apartamentos rurales mantienen la arquitectura t\u00edpica asturiana. Cada <b>apartamento rural <\/b>est\u00e1 construido con paredes de piedra en el exterior y acabado con madera en el interior, es a un tiempo<b> r\u00fastico, amplio, c\u00f3modo y acogedor. <\/b>Con vistas a las monta\u00f1as, tiene una capacidad id\u00f3nea para viajar en familia o en grupo de amigos, para 4 personas.\u00a0<\/p><p>Es una <b>casa rural<\/b> de dos plantas totalmente equipada y acondicionada con su propia terraza privada cubierta, donde pod\u00e9is reuniros la familia o con amigos en una comida con vistas a la Sierra del Aramo.<\/p><p>En la primera planta tenemos el sal\u00f3n \u2013 comedor en el que vivir la sensaci\u00f3n de hogar con chimenea, sof\u00e1 cama y una cocina en la que encontrar\u00e1s todo lo que necesitas para pasar tus vacaciones.<\/p><p>En la segunda planta, se encuentran dos habitaciones y un ba\u00f1o con ba\u00f1era.<\/p><p>Para que la\u00a0<a href=\"https:\/\/sanfeliz.es\/en\/alojamiento-ideal-para-familias\/\" target=\"_blank\" rel=\"noopener\">estancia en familia<\/a>\u00a0sea lo m\u00e1s agradable posible, si se necesita, tambi\u00e9n disponemos de cuna, ba\u00f1era para beb\u00e9s y barrera para la cama, totalmente gratuito.<\/p><p>Para tu comodidad, el alojamiento rural dispone de espacio espec\u00edfico para que puedas guardar tus esqu\u00eds o tablas de snowboard y bicicletas, ya que estamos ubicados en una zona muy cerca de las <a href=\"https:\/\/sanfeliz.es\/en\/alojamiento-ideal-para-esquiadores\/\">estaciones de esqu\u00ed<\/a> de <strong>Pajares y Fuentes de Invierno<\/strong> y as\u00ed como del <a href=\"https:\/\/sanfeliz.es\/en\/alojamiento-ideal-para-ciclistas\/\">Anillo Ciclista de la Monta\u00f1a Central.<\/a><\/p><p>No dispone de aparcamiento privado, ya que al ser una aldea peque\u00f1a se puede aparcar perfectamente en cualquier sitio.<\/p>\t\t\t\t\t\t\t\t<\/div>\n\t\t\t\t<\/div>\n\t\t\t\t\t<\/div>\n\t\t\t\t<\/div>\n\t\t<div class=\"elementor-element elementor-element-1a1985f e-flex e-con-boxed e-con e-child\" data-id=\"1a1985f\" data-element_type=\"container\" data-e-type=\"container\">\n\t\t\t\t\t<div class=\"e-con-inner\">\n\t\t\t\t<div class=\"elementor-element elementor-element-200967a elementor-widget elementor-widget-gallery\" data-id=\"200967a\" data-element_type=\"widget\" data-e-type=\"widget\" data-settings=\"{&quot;columns&quot;:3,&quot;aspect_ratio&quot;:&quot;4:3&quot;,&quot;lazyload&quot;:&quot;yes&quot;,&quot;gallery_layout&quot;:&quot;grid&quot;,&quot;columns_tablet&quot;:2,&quot;columns_mobile&quot;:1,&quot;gap&quot;:{&quot;unit&quot;:&quot;px&quot;,&quot;size&quot;:10,&quot;sizes&quot;:[]},&quot;gap_tablet&quot;:{&quot;unit&quot;:&quot;px&quot;,&quot;size&quot;:10,&quot;sizes&quot;:[]},&quot;gap_mobile&quot;:{&quot;unit&quot;:&quot;px&quot;,&quot;size&quot;:10,&quot;sizes&quot;:[]},&quot;link_to&quot;:&quot;file&quot;,&quot;overlay_background&quot;:&quot;yes&quot;,&quot;content_hover_animation&quot;:&quot;fade-in&quot;}\" data-widget_type=\"gallery.default\">\n\t\t\t\t<div class=\"elementor-widget-container\">\n\t\t\t\t\t\t\t<div class=\"elementor-gallery__container\">\n\t\t\t\t\t\t\t<a class=\"e-gallery-item elementor-gallery-item elementor-animated-content\" href=\"https:\/\/sanfeliz.es\/wp-content\/uploads\/2023\/10\/rebo4.jpg\" data-elementor-open-lightbox=\"yes\" data-elementor-lightbox-slideshow=\"200967a\" data-elementor-lightbox-title=\"rebo4\" data-e-action-hash=\"#elementor-action%3Aaction%3Dlightbox%26settings%3DeyJpZCI6NTk1LCJ1cmwiOiJodHRwczpcL1wvc2FuZmVsaXouZXNcL3dwLWNvbnRlbnRcL3VwbG9hZHNcLzIwMjNcLzEwXC9yZWJvNC5qcGciLCJzbGlkZXNob3ciOiIyMDA5NjdhIn0%3D\">\n\t\t\t\t\t<div class=\"e-gallery-image elementor-gallery-item__image\" data-thumbnail=\"https:\/\/sanfeliz.es\/wp-content\/uploads\/2023\/10\/rebo4-300x200.jpg\" data-width=\"300\" data-height=\"200\" aria-label=\"Apartamento rural rebochal\" role=\"img\" ><\/div>\n\t\t\t\t\t\t\t\t\t\t\t<div class=\"elementor-gallery-item__overlay\"><\/div>\n\t\t\t\t\t\t\t\t\t\t\t\t\t\t<\/a>\n\t\t\t\t\t\t\t<a class=\"e-gallery-item elementor-gallery-item elementor-animated-content\" href=\"https:\/\/sanfeliz.es\/wp-content\/uploads\/2024\/05\/P1221910.jpg\" data-elementor-open-lightbox=\"yes\" data-elementor-lightbox-slideshow=\"200967a\" data-elementor-lightbox-title=\"P1221910\" data-elementor-lightbox-description=\"Sal\u00f3n - comedor del apartamento Rebochal\" data-e-action-hash=\"#elementor-action%3Aaction%3Dlightbox%26settings%3DeyJpZCI6MTg0NywidXJsIjoiaHR0cHM6XC9cL3NhbmZlbGl6LmVzXC93cC1jb250ZW50XC91cGxvYWRzXC8yMDI0XC8wNVwvUDEyMjE5MTAuanBnIiwic2xpZGVzaG93IjoiMjAwOTY3YSJ9\">\n\t\t\t\t\t<div class=\"e-gallery-image elementor-gallery-item__image\" data-thumbnail=\"https:\/\/sanfeliz.es\/wp-content\/uploads\/2024\/05\/P1221910-300x200.jpg\" data-width=\"300\" data-height=\"200\" aria-label=\"Casa rural en Asturias\" role=\"img\" ><\/div>\n\t\t\t\t\t\t\t\t\t\t\t<div class=\"elementor-gallery-item__overlay\"><\/div>\n\t\t\t\t\t\t\t\t\t\t\t\t\t\t<\/a>\n\t\t\t\t\t\t\t<a class=\"e-gallery-item elementor-gallery-item elementor-animated-content\" href=\"https:\/\/sanfeliz.es\/wp-content\/uploads\/2024\/05\/P1221864.jpg\" data-elementor-open-lightbox=\"yes\" data-elementor-lightbox-slideshow=\"200967a\" data-elementor-lightbox-title=\"P1221864\" data-elementor-lightbox-description=\"Sal\u00f3n del apartamento Rebochal\" data-e-action-hash=\"#elementor-action%3Aaction%3Dlightbox%26settings%3DeyJpZCI6MTg0NiwidXJsIjoiaHR0cHM6XC9cL3NhbmZlbGl6LmVzXC93cC1jb250ZW50XC91cGxvYWRzXC8yMDI0XC8wNVwvUDEyMjE4NjQuanBnIiwic2xpZGVzaG93IjoiMjAwOTY3YSJ9\">\n\t\t\t\t\t<div class=\"e-gallery-image elementor-gallery-item__image\" data-thumbnail=\"https:\/\/sanfeliz.es\/wp-content\/uploads\/2024\/05\/P1221864-300x200.jpg\" data-width=\"300\" data-height=\"200\" aria-label=\"Sal\u00f3n de alojamiento rural en Asturias\" role=\"img\" ><\/div>\n\t\t\t\t\t\t\t\t\t\t\t<div class=\"elementor-gallery-item__overlay\"><\/div>\n\t\t\t\t\t\t\t\t\t\t\t\t\t\t<\/a>\n\t\t\t\t\t\t\t<a class=\"e-gallery-item elementor-gallery-item elementor-animated-content\" href=\"https:\/\/sanfeliz.es\/wp-content\/uploads\/2024\/05\/P1221911.jpg\" data-elementor-open-lightbox=\"yes\" data-elementor-lightbox-slideshow=\"200967a\" data-elementor-lightbox-title=\"P1221911\" data-elementor-lightbox-description=\"Cocina completamente equipada en el apartamento Rebochal\" data-e-action-hash=\"#elementor-action%3Aaction%3Dlightbox%26settings%3DeyJpZCI6MTg0OCwidXJsIjoiaHR0cHM6XC9cL3NhbmZlbGl6LmVzXC93cC1jb250ZW50XC91cGxvYWRzXC8yMDI0XC8wNVwvUDEyMjE5MTEuanBnIiwic2xpZGVzaG93IjoiMjAwOTY3YSJ9\">\n\t\t\t\t\t<div class=\"e-gallery-image elementor-gallery-item__image\" data-thumbnail=\"https:\/\/sanfeliz.es\/wp-content\/uploads\/2024\/05\/P1221911-300x200.jpg\" data-width=\"300\" data-height=\"200\" aria-label=\"Casa rural con cocina en Asturias\" role=\"img\" ><\/div>\n\t\t\t\t\t\t\t\t\t\t\t<div class=\"elementor-gallery-item__overlay\"><\/div>\n\t\t\t\t\t\t\t\t\t\t\t\t\t\t<\/a>\n\t\t\t\t\t\t\t<a class=\"e-gallery-item elementor-gallery-item elementor-animated-content\" href=\"https:\/\/sanfeliz.es\/wp-content\/uploads\/2024\/05\/P1221974.jpg\" data-elementor-open-lightbox=\"yes\" data-elementor-lightbox-slideshow=\"200967a\" data-elementor-lightbox-title=\"P1221974\" data-elementor-lightbox-description=\"Habitaci\u00f3n principal del apartamento Rebochal\" data-e-action-hash=\"#elementor-action%3Aaction%3Dlightbox%26settings%3DeyJpZCI6MTg1MiwidXJsIjoiaHR0cHM6XC9cL3NhbmZlbGl6LmVzXC93cC1jb250ZW50XC91cGxvYWRzXC8yMDI0XC8wNVwvUDEyMjE5NzQuanBnIiwic2xpZGVzaG93IjoiMjAwOTY3YSJ9\">\n\t\t\t\t\t<div class=\"e-gallery-image elementor-gallery-item__image\" data-thumbnail=\"https:\/\/sanfeliz.es\/wp-content\/uploads\/2024\/05\/P1221974-300x200.jpg\" data-width=\"300\" data-height=\"200\" aria-label=\"Casa rural para 4 personas en Asturias\" role=\"img\" ><\/div>\n\t\t\t\t\t\t\t\t\t\t\t<div class=\"elementor-gallery-item__overlay\"><\/div>\n\t\t\t\t\t\t\t\t\t\t\t\t\t\t<\/a>\n\t\t\t\t\t\t\t<a class=\"e-gallery-item elementor-gallery-item elementor-animated-content\" href=\"https:\/\/sanfeliz.es\/wp-content\/uploads\/2024\/05\/P1221963.jpg\" data-elementor-open-lightbox=\"yes\" data-elementor-lightbox-slideshow=\"200967a\" data-elementor-lightbox-title=\"P1221963\" data-elementor-lightbox-description=\"Habitaci\u00f3n principal del apartamento Rebochal con vistas a la Sierra de Bra\u00f1avalera\" data-e-action-hash=\"#elementor-action%3Aaction%3Dlightbox%26settings%3DeyJpZCI6MTg1MSwidXJsIjoiaHR0cHM6XC9cL3NhbmZlbGl6LmVzXC93cC1jb250ZW50XC91cGxvYWRzXC8yMDI0XC8wNVwvUDEyMjE5NjMuanBnIiwic2xpZGVzaG93IjoiMjAwOTY3YSJ9\">\n\t\t\t\t\t<div class=\"e-gallery-image elementor-gallery-item__image\" data-thumbnail=\"https:\/\/sanfeliz.es\/wp-content\/uploads\/2024\/05\/P1221963-300x200.jpg\" data-width=\"300\" data-height=\"200\" aria-label=\"Casa rural enfrente de restaurante con Estrella Michelin\" role=\"img\" ><\/div>\n\t\t\t\t\t\t\t\t\t\t\t<div class=\"elementor-gallery-item__overlay\"><\/div>\n\t\t\t\t\t\t\t\t\t\t\t\t\t\t<\/a>\n\t\t\t\t\t\t\t<a class=\"e-gallery-item elementor-gallery-item elementor-animated-content\" href=\"https:\/\/sanfeliz.es\/wp-content\/uploads\/2024\/05\/P1222001.jpg\" data-elementor-open-lightbox=\"yes\" data-elementor-lightbox-slideshow=\"200967a\" data-elementor-lightbox-title=\"P1222001\" data-elementor-lightbox-description=\"Ba\u00f1o del apartamento Rebochal\" data-e-action-hash=\"#elementor-action%3Aaction%3Dlightbox%26settings%3DeyJpZCI6MTg1MywidXJsIjoiaHR0cHM6XC9cL3NhbmZlbGl6LmVzXC93cC1jb250ZW50XC91cGxvYWRzXC8yMDI0XC8wNVwvUDEyMjIwMDEuanBnIiwic2xpZGVzaG93IjoiMjAwOTY3YSJ9\">\n\t\t\t\t\t<div class=\"e-gallery-image elementor-gallery-item__image\" data-thumbnail=\"https:\/\/sanfeliz.es\/wp-content\/uploads\/2024\/05\/P1222001-300x200.jpg\" data-width=\"300\" data-height=\"200\" aria-label=\"Casa rural en Asturias\" role=\"img\" ><\/div>\n\t\t\t\t\t\t\t\t\t\t\t<div class=\"elementor-gallery-item__overlay\"><\/div>\n\t\t\t\t\t\t\t\t\t\t\t\t\t\t<\/a>\n\t\t\t\t\t<\/div>\n\t\t\t\t\t<\/div>\n\t\t\t\t<\/div>\n\t\t\t\t\t<\/div>\n\t\t\t\t<\/div>\n\t\t\t\t\t<\/div>\n\t\t\t\t<\/div>\n\t\t\t\t<div class=\"elementor-element elementor-element-00a62da elementor-widget elementor-widget-heading\" data-id=\"00a62da\" data-element_type=\"widget\" data-e-type=\"widget\" data-widget_type=\"heading.default\">\n\t\t\t\t<div class=\"elementor-widget-container\">\n\t\t\t\t\t<h1 class=\"elementor-heading-title elementor-size-xxl\">Otros Apartamentos Rurales San Feliz<\/h1>\t\t\t\t<\/div>\n\t\t\t\t<\/div>\n\t\t<div class=\"elementor-element elementor-element-b2d7dbe e-con-full e-flex e-con e-child\" data-id=\"b2d7dbe\" data-element_type=\"container\" data-e-type=\"container\">\n\t\t\t\t<div class=\"elementor-element elementor-element-43ed2439 elementor-widget-tablet__width-initial elementor-widget-mobile__width-inherit elementor-widget__width-initial elementor-position-top elementor-widget elementor-widget-image-box\" data-id=\"43ed2439\" data-element_type=\"widget\" data-e-type=\"widget\" data-widget_type=\"image-box.default\">\n\t\t\t\t<div class=\"elementor-widget-container\">\n\t\t\t\t\t<div class=\"elementor-image-box-wrapper\"><figure class=\"elementor-image-box-img\"><img fetchpriority=\"high\" decoding=\"async\" width=\"683\" height=\"600\" src=\"https:\/\/sanfeliz.es\/wp-content\/uploads\/2023\/09\/rebochal3-1.jpg\" class=\"elementor-animation-grow attachment-full size-full wp-image-258\" alt=\"apartamento rural rebochal\" srcset=\"https:\/\/sanfeliz.es\/wp-content\/uploads\/2023\/09\/rebochal3-1.jpg 683w, https:\/\/sanfeliz.es\/wp-content\/uploads\/2023\/09\/rebochal3-1-300x264.jpg 300w\" sizes=\"(max-width: 683px) 100vw, 683px\" \/><\/figure><div class=\"elementor-image-box-content\"><h3 class=\"elementor-image-box-title\">Apartamento Rural<br>Rebochal<\/h3><p class=\"elementor-image-box-description\">Apartamento con capacidad para 4 personas.<\/p><\/div><\/div>\t\t\t\t<\/div>\n\t\t\t\t<\/div>\n\t\t\t\t<div class=\"elementor-element elementor-element-6bf9cfa elementor-widget-tablet__width-initial elementor-widget-mobile__width-inherit elementor-widget__width-initial elementor-position-top elementor-widget elementor-widget-image-box\" data-id=\"6bf9cfa\" data-element_type=\"widget\" data-e-type=\"widget\" data-widget_type=\"image-box.default\">\n\t\t\t\t<div class=\"elementor-widget-container\">\n\t\t\t\t\t<div class=\"elementor-image-box-wrapper\"><figure class=\"elementor-image-box-img\"><img decoding=\"async\" width=\"683\" height=\"600\" src=\"https:\/\/sanfeliz.es\/wp-content\/uploads\/2023\/09\/reguera.jpg\" class=\"elementor-animation-grow attachment-full size-full wp-image-265\" alt=\"apartamento rural reguera\" srcset=\"https:\/\/sanfeliz.es\/wp-content\/uploads\/2023\/09\/reguera.jpg 683w, https:\/\/sanfeliz.es\/wp-content\/uploads\/2023\/09\/reguera-300x264.jpg 300w\" sizes=\"(max-width: 683px) 100vw, 683px\" \/><\/figure><div class=\"elementor-image-box-content\"><h3 class=\"elementor-image-box-title\">Apartamento Rural<br>Reguera<\/h3><p class=\"elementor-image-box-description\">Apartamento con capacidad para 3 personas.<\/p><\/div><\/div>\t\t\t\t<\/div>\n\t\t\t\t<\/div>\n\t\t\t\t<div class=\"elementor-element elementor-element-0c132a2 elementor-widget-tablet__width-initial elementor-widget-mobile__width-inherit elementor-widget__width-initial elementor-position-top elementor-widget elementor-widget-image-box\" data-id=\"0c132a2\" data-element_type=\"widget\" data-e-type=\"widget\" data-widget_type=\"image-box.default\">\n\t\t\t\t<div class=\"elementor-widget-container\">\n\t\t\t\t\t<div class=\"elementor-image-box-wrapper\"><figure class=\"elementor-image-box-img\"><img decoding=\"async\" width=\"683\" height=\"600\" src=\"https:\/\/sanfeliz.es\/wp-content\/uploads\/2023\/09\/ribo.jpg\" class=\"elementor-animation-grow attachment-full size-full wp-image-266\" alt=\"apartamento rural rib\u00f3\" srcset=\"https:\/\/sanfeliz.es\/wp-content\/uploads\/2023\/09\/ribo.jpg 683w, https:\/\/sanfeliz.es\/wp-content\/uploads\/2023\/09\/ribo-300x264.jpg 300w\" sizes=\"(max-width: 683px) 100vw, 683px\" \/><\/figure><div class=\"elementor-image-box-content\"><h3 class=\"elementor-image-box-title\">Apartamento Rural<br>Rib\u00f3<\/h3><p class=\"elementor-image-box-description\">Apartamento con capacidad para 4 personas.<\/p><\/div><\/div>\t\t\t\t<\/div>\n\t\t\t\t<\/div>\n\t\t\t\t<\/div>\n\t\t\t\t\t<\/div>\n\t\t\t\t<\/div>\n\t\t\t\t<\/div>","protected":false},"excerpt":{"rendered":"<p>Apartamento Rural Rebochal Todos los apartamentos rurales mantienen la arquitectura t\u00edpica asturiana. Cada apartamento rural est\u00e1 construido con paredes de piedra en el exterior y acabado con madera en el interior, es a un tiempo r\u00fastico, amplio, c\u00f3modo y acogedor. Con vistas a las monta\u00f1as, tiene una capacidad id\u00f3nea para viajar en familia o en [&hellip;]<\/p>\n","protected":false},"author":1,"featured_media":0,"parent":0,"menu_order":0,"comment_status":"closed","ping_status":"closed","template":"elementor_header_footer","meta":{"footnotes":""},"class_list":["post-574","page","type-page","status-publish","hentry"],"yoast_head":"<!-- This site is optimized with the Yoast SEO plugin v27.5 - https:\/\/yoast.com\/product\/yoast-seo-wordpress\/ -->\n<title>Rebochal - Espacio Rural San Feliz<\/title>\n<meta name=\"description\" content=\"Casa rural de dos plantas con su propia terraza cubierta, donde pod\u00e9is reuniros en una comida con vistas a la Sierra del Aramo\" \/>\n<meta name=\"robots\" content=\"index, follow, max-snippet:-1, max-image-preview:large, max-video-preview:-1\" \/>\n<link rel=\"canonical\" href=\"https:\/\/sanfeliz.es\/en\/apartamento-rural-rebochal\/\" \/>\n<meta property=\"og:locale\" content=\"en_GB\" \/>\n<meta property=\"og:type\" content=\"article\" \/>\n<meta property=\"og:title\" content=\"Rebochal - Espacio Rural San Feliz\" \/>\n<meta property=\"og:description\" content=\"Casa rural de dos plantas con su propia terraza cubierta, donde pod\u00e9is reuniros en una comida con vistas a la Sierra del Aramo\" \/>\n<meta property=\"og:url\" content=\"https:\/\/sanfeliz.es\/en\/apartamento-rural-rebochal\/\" \/>\n<meta property=\"og:site_name\" content=\"Espacio Rural San Feliz\" \/>\n<meta property=\"article:modified_time\" content=\"2024-11-21T11:48:08+00:00\" \/>\n<meta property=\"og:image\" content=\"https:\/\/sanfeliz.es\/wp-content\/uploads\/2023\/09\/rebochal3-1.jpg\" \/>\n<meta name=\"twitter:card\" content=\"summary_large_image\" \/>\n<meta name=\"twitter:label1\" content=\"Estimated reading time\" \/>\n\t<meta name=\"twitter:data1\" content=\"2 minutes\" \/>\n<script type=\"application\/ld+json\" class=\"yoast-schema-graph\">{\"@context\":\"https:\\\/\\\/schema.org\",\"@graph\":[{\"@type\":\"WebPage\",\"@id\":\"https:\\\/\\\/sanfeliz.es\\\/apartamento-rural-rebochal\\\/\",\"url\":\"https:\\\/\\\/sanfeliz.es\\\/apartamento-rural-rebochal\\\/\",\"name\":\"Rebochal - Espacio Rural San Feliz\",\"isPartOf\":{\"@id\":\"https:\\\/\\\/sanfeliz.es\\\/#website\"},\"primaryImageOfPage\":{\"@id\":\"https:\\\/\\\/sanfeliz.es\\\/apartamento-rural-rebochal\\\/#primaryimage\"},\"image\":{\"@id\":\"https:\\\/\\\/sanfeliz.es\\\/apartamento-rural-rebochal\\\/#primaryimage\"},\"thumbnailUrl\":\"https:\\\/\\\/sanfeliz.es\\\/wp-content\\\/uploads\\\/2023\\\/09\\\/rebochal3-1.jpg\",\"datePublished\":\"2023-10-09T14:44:40+00:00\",\"dateModified\":\"2024-11-21T11:48:08+00:00\",\"description\":\"Casa rural de dos plantas con su propia terraza cubierta, donde pod\u00e9is reuniros en una comida con vistas a la Sierra del Aramo\",\"breadcrumb\":{\"@id\":\"https:\\\/\\\/sanfeliz.es\\\/apartamento-rural-rebochal\\\/#breadcrumb\"},\"inLanguage\":\"en-GB\",\"potentialAction\":[{\"@type\":\"ReadAction\",\"target\":[\"https:\\\/\\\/sanfeliz.es\\\/apartamento-rural-rebochal\\\/\"]}]},{\"@type\":\"ImageObject\",\"inLanguage\":\"en-GB\",\"@id\":\"https:\\\/\\\/sanfeliz.es\\\/apartamento-rural-rebochal\\\/#primaryimage\",\"url\":\"https:\\\/\\\/sanfeliz.es\\\/wp-content\\\/uploads\\\/2023\\\/09\\\/rebochal3-1.jpg\",\"contentUrl\":\"https:\\\/\\\/sanfeliz.es\\\/wp-content\\\/uploads\\\/2023\\\/09\\\/rebochal3-1.jpg\"},{\"@type\":\"BreadcrumbList\",\"@id\":\"https:\\\/\\\/sanfeliz.es\\\/apartamento-rural-rebochal\\\/#breadcrumb\",\"itemListElement\":[{\"@type\":\"ListItem\",\"position\":1,\"name\":\"Portada\",\"item\":\"https:\\\/\\\/sanfeliz.es\\\/\"},{\"@type\":\"ListItem\",\"position\":2,\"name\":\"Rebochal\"}]},{\"@type\":\"WebSite\",\"@id\":\"https:\\\/\\\/sanfeliz.es\\\/#website\",\"url\":\"https:\\\/\\\/sanfeliz.es\\\/\",\"name\":\"Espacio Rural San Feliz\",\"description\":\"Apartamentos rurales San feliz\",\"publisher\":{\"@id\":\"https:\\\/\\\/sanfeliz.es\\\/#organization\"},\"potentialAction\":[{\"@type\":\"SearchAction\",\"target\":{\"@type\":\"EntryPoint\",\"urlTemplate\":\"https:\\\/\\\/sanfeliz.es\\\/?s={search_term_string}\"},\"query-input\":{\"@type\":\"PropertyValueSpecification\",\"valueRequired\":true,\"valueName\":\"search_term_string\"}}],\"inLanguage\":\"en-GB\"},{\"@type\":\"Organization\",\"@id\":\"https:\\\/\\\/sanfeliz.es\\\/#organization\",\"name\":\"Espacio Rural San Feliz\",\"url\":\"https:\\\/\\\/sanfeliz.es\\\/\",\"logo\":{\"@type\":\"ImageObject\",\"inLanguage\":\"en-GB\",\"@id\":\"https:\\\/\\\/sanfeliz.es\\\/#\\\/schema\\\/logo\\\/image\\\/\",\"url\":\"https:\\\/\\\/sanfeliz.es\\\/wp-content\\\/uploads\\\/2023\\\/09\\\/logo-san-feliz-web.png\",\"contentUrl\":\"https:\\\/\\\/sanfeliz.es\\\/wp-content\\\/uploads\\\/2023\\\/09\\\/logo-san-feliz-web.png\",\"width\":350,\"height\":124,\"caption\":\"Espacio Rural San Feliz\"},\"image\":{\"@id\":\"https:\\\/\\\/sanfeliz.es\\\/#\\\/schema\\\/logo\\\/image\\\/\"}}]}<\/script>\n<!-- \/ Yoast SEO plugin. -->","yoast_head_json":{"title":"Rebochal - Espacio Rural San Feliz","description":"Casa rural de dos plantas con su propia terraza cubierta, donde pod\u00e9is reuniros en una comida con vistas a la Sierra del Aramo","robots":{"index":"index","follow":"follow","max-snippet":"max-snippet:-1","max-image-preview":"max-image-preview:large","max-video-preview":"max-video-preview:-1"},"canonical":"https:\/\/sanfeliz.es\/en\/apartamento-rural-rebochal\/","og_locale":"en_GB","og_type":"article","og_title":"Rebochal - Espacio Rural San Feliz","og_description":"Casa rural de dos plantas con su propia terraza cubierta, donde pod\u00e9is reuniros en una comida con vistas a la Sierra del Aramo","og_url":"https:\/\/sanfeliz.es\/en\/apartamento-rural-rebochal\/","og_site_name":"Espacio Rural San Feliz","article_modified_time":"2024-11-21T11:48:08+00:00","og_image":[{"url":"https:\/\/sanfeliz.es\/wp-content\/uploads\/2023\/09\/rebochal3-1.jpg","type":"","width":"","height":""}],"twitter_card":"summary_large_image","twitter_misc":{"Estimated reading time":"2 minutes"},"schema":{"@context":"https:\/\/schema.org","@graph":[{"@type":"WebPage","@id":"https:\/\/sanfeliz.es\/apartamento-rural-rebochal\/","url":"https:\/\/sanfeliz.es\/apartamento-rural-rebochal\/","name":"Rebochal - Espacio Rural San Feliz","isPartOf":{"@id":"https:\/\/sanfeliz.es\/#website"},"primaryImageOfPage":{"@id":"https:\/\/sanfeliz.es\/apartamento-rural-rebochal\/#primaryimage"},"image":{"@id":"https:\/\/sanfeliz.es\/apartamento-rural-rebochal\/#primaryimage"},"thumbnailUrl":"https:\/\/sanfeliz.es\/wp-content\/uploads\/2023\/09\/rebochal3-1.jpg","datePublished":"2023-10-09T14:44:40+00:00","dateModified":"2024-11-21T11:48:08+00:00","description":"Casa rural de dos plantas con su propia terraza cubierta, donde pod\u00e9is reuniros en una comida con vistas a la Sierra del Aramo","breadcrumb":{"@id":"https:\/\/sanfeliz.es\/apartamento-rural-rebochal\/#breadcrumb"},"inLanguage":"en-GB","potentialAction":[{"@type":"ReadAction","target":["https:\/\/sanfeliz.es\/apartamento-rural-rebochal\/"]}]},{"@type":"ImageObject","inLanguage":"en-GB","@id":"https:\/\/sanfeliz.es\/apartamento-rural-rebochal\/#primaryimage","url":"https:\/\/sanfeliz.es\/wp-content\/uploads\/2023\/09\/rebochal3-1.jpg","contentUrl":"https:\/\/sanfeliz.es\/wp-content\/uploads\/2023\/09\/rebochal3-1.jpg"},{"@type":"BreadcrumbList","@id":"https:\/\/sanfeliz.es\/apartamento-rural-rebochal\/#breadcrumb","itemListElement":[{"@type":"ListItem","position":1,"name":"Portada","item":"https:\/\/sanfeliz.es\/"},{"@type":"ListItem","position":2,"name":"Rebochal"}]},{"@type":"WebSite","@id":"https:\/\/sanfeliz.es\/#website","url":"https:\/\/sanfeliz.es\/","name":"Espacio Rural San Feliz","description":"Apartamentos rurales San feliz","publisher":{"@id":"https:\/\/sanfeliz.es\/#organization"},"potentialAction":[{"@type":"SearchAction","target":{"@type":"EntryPoint","urlTemplate":"https:\/\/sanfeliz.es\/?s={search_term_string}"},"query-input":{"@type":"PropertyValueSpecification","valueRequired":true,"valueName":"search_term_string"}}],"inLanguage":"en-GB"},{"@type":"Organization","@id":"https:\/\/sanfeliz.es\/#organization","name":"Espacio Rural San Feliz","url":"https:\/\/sanfeliz.es\/","logo":{"@type":"ImageObject","inLanguage":"en-GB","@id":"https:\/\/sanfeliz.es\/#\/schema\/logo\/image\/","url":"https:\/\/sanfeliz.es\/wp-content\/uploads\/2023\/09\/logo-san-feliz-web.png","contentUrl":"https:\/\/sanfeliz.es\/wp-content\/uploads\/2023\/09\/logo-san-feliz-web.png","width":350,"height":124,"caption":"Espacio Rural San Feliz"},"image":{"@id":"https:\/\/sanfeliz.es\/#\/schema\/logo\/image\/"}}]}},"_links":{"self":[{"href":"https:\/\/sanfeliz.es\/en\/wp-json\/wp\/v2\/pages\/574","targetHints":{"allow":["GET"]}}],"collection":[{"href":"https:\/\/sanfeliz.es\/en\/wp-json\/wp\/v2\/pages"}],"about":[{"href":"https:\/\/sanfeliz.es\/en\/wp-json\/wp\/v2\/types\/page"}],"author":[{"embeddable":true,"href":"https:\/\/sanfeliz.es\/en\/wp-json\/wp\/v2\/users\/1"}],"replies":[{"embeddable":true,"href":"https:\/\/sanfeliz.es\/en\/wp-json\/wp\/v2\/comments?post=574"}],"version-history":[{"count":0,"href":"https:\/\/sanfeliz.es\/en\/wp-json\/wp\/v2\/pages\/574\/revisions"}],"wp:attachment":[{"href":"https:\/\/sanfeliz.es\/en\/wp-json\/wp\/v2\/media?parent=574"}],"curies":[{"name":"wp","href":"https:\/\/api.w.org\/{rel}","templated":true}]}}